{"id":28129,"date":"2024-06-25T15:09:27","date_gmt":"2024-06-25T13:09:27","guid":{"rendered":"https:\/\/flamencogranada.com\/restaurant\/"},"modified":"2026-04-25T12:32:05","modified_gmt":"2026-04-25T10:32:05","slug":"restaurant","status":"publish","type":"page","link":"https:\/\/flamencogranada.com\/fr\/restaurant\/","title":{"rendered":"Restaurant"},"content":{"rendered":"\t\t<div data-elementor-type=\"wp-page\" data-elementor-id=\"28129\" class=\"elementor elementor-28129 elementor-17\" data-elementor-post-type=\"page\">\n\t\t\t\t<div class=\"elementor-element elementor-element-91cf7f9 e-flex e-con-boxed e-con e-parent\" data-id=\"91cf7f9\" data-element_type=\"container\" data-e-type=\"container\" data-settings=\"{&quot;background_background&quot;:&quot;classic&quot;}\">\n\t\t\t\t\t<div class=\"e-con-inner\">\n\t\t<div class=\"elementor-element elementor-element-dc3b819 e-con-full e-flex e-con e-child\" data-id=\"dc3b819\" data-element_type=\"container\" data-e-type=\"container\">\n\t\t\t\t<\/div>\n\t\t<div class=\"elementor-element elementor-element-31609d8 e-con-full e-flex e-con e-child\" data-id=\"31609d8\" data-element_type=\"container\" data-e-type=\"container\">\n\t\t\t\t<div class=\"elementor-element elementor-element-669a69b elementor-widget elementor-widget-heading\" data-id=\"669a69b\" data-element_type=\"widget\" data-e-type=\"widget\" data-widget_type=\"heading.default\">\n\t\t\t\t<div class=\"elementor-widget-container\">\n\t\t\t\t\t<h1 class=\"elementor-heading-title elementor-size-default\">D\u00ceNER AVEC SPECTACLE FLAMENCO \u00c0 GRENADE\n<\/h1>\t\t\t\t<\/div>\n\t\t\t\t<\/div>\n\t\t\t\t<div class=\"elementor-element elementor-element-7e2cc16 elementor-widget elementor-widget-text-editor\" data-id=\"7e2cc16\" data-element_type=\"widget\" data-e-type=\"widget\" data-widget_type=\"text-editor.default\">\n\t\t\t\t<div class=\"elementor-widget-container\">\n\t\t\t\t\t\t\t\t\t<p>Profite d\u2019une exp\u00e9rience de d\u00eener avec spectacle \u00e0 Grenade dans<b> l\u2019un des meilleurs restaurants de l\u2019Albaic\u00edn. <\/b> <\/p><p><b style=\"color: var( --e-global-color-9d0ec11 ); font-family: var( --e-global-typography-text-font-family ), Libre Bodoni, Sans-serif; font-size: var( --e-global-typography-text-font-size ); word-spacing: var( --e-global-typography-text-word-spacing ); text-align: var(--text-align);\">Gastronomie espagnole<\/b><span style=\"color: var( --e-global-color-9d0ec11 ); font-family: var( --e-global-typography-text-font-family ), Libre Bodoni, Sans-serif; font-size: var( --e-global-typography-text-font-size ); font-weight: var( --e-global-typography-text-font-weight ); word-spacing: var( --e-global-typography-text-word-spacing ); text-align: var(--text-align);\">, pr\u00e9par\u00e9e avec des ingr\u00e9dients de premi\u00e8re qualit\u00e9.<\/span><\/p><p><strong>10 ans en tant que lieu d\u2019excellence sur Tripadvisor<\/strong><\/p>\t\t\t\t\t\t\t\t<\/div>\n\t\t\t\t<\/div>\n\t\t\t\t<div class=\"elementor-element elementor-element-e08dce3 elementor-widget elementor-widget-image\" data-id=\"e08dce3\" data-element_type=\"widget\" data-e-type=\"widget\" data-widget_type=\"image.default\">\n\t\t\t\t<div class=\"elementor-widget-container\">\n\t\t\t\t\t\t\t\t\t\t\t\t\t\t\t<img fetchpriority=\"high\" decoding=\"async\" width=\"800\" height=\"107\" src=\"https:\/\/flamencogranada.com\/wp-content\/uploads\/2026\/04\/mejor-tablao-flamenco-en-granada-tripadvisor-1024x137.png\" class=\"attachment-large size-large wp-image-38157\" alt=\"Meilleur tablao flamenco \u00e0 Grenade Tripadvisor\" srcset=\"https:\/\/flamencogranada.com\/wp-content\/uploads\/2026\/04\/mejor-tablao-flamenco-en-granada-tripadvisor-1024x137.png 1024w, https:\/\/flamencogranada.com\/wp-content\/uploads\/2026\/04\/mejor-tablao-flamenco-en-granada-tripadvisor-300x40.png 300w, https:\/\/flamencogranada.com\/wp-content\/uploads\/2026\/04\/mejor-tablao-flamenco-en-granada-tripadvisor-768x103.png 768w, https:\/\/flamencogranada.com\/wp-content\/uploads\/2026\/04\/mejor-tablao-flamenco-en-granada-tripadvisor-1536x205.png 1536w, https:\/\/flamencogranada.com\/wp-content\/uploads\/2026\/04\/mejor-tablao-flamenco-en-granada-tripadvisor-2048x273.png 2048w\" sizes=\"(max-width: 800px) 100vw, 800px\" \/>\t\t\t\t\t\t\t\t\t\t\t\t\t\t\t<\/div>\n\t\t\t\t<\/div>\n\t\t<div class=\"elementor-element elementor-element-39b7105 e-con-full e-flex e-con e-child\" data-id=\"39b7105\" data-element_type=\"container\" data-e-type=\"container\">\n\t\t\t\t<div class=\"elementor-element elementor-element-721334e elementor-align-center elementor-mobile-align-justify elementor-widget elementor-widget-button\" data-id=\"721334e\" data-element_type=\"widget\" data-e-type=\"widget\" data-widget_type=\"button.default\">\n\t\t\t\t<div class=\"elementor-widget-container\">\n\t\t\t\t\t\t\t\t\t<div class=\"elementor-button-wrapper\">\n\t\t\t\t\t<a class=\"elementor-button elementor-button-link elementor-size-sm\" href=\"https:\/\/flamencogranada.com\/wp-content\/uploads\/2025\/06\/carta_terraza_2025LOW-2.pdf\" target=\"_blank\">\n\t\t\t\t\t\t<span class=\"elementor-button-content-wrapper\">\n\t\t\t\t\t\t<span class=\"elementor-button-icon\">\n\t\t\t\t<svg aria-hidden=\"true\" class=\"e-font-icon-svg e-fas-ticket-alt\" viewBox=\"0 0 576 512\" xmlns=\"http:\/\/www.w3.org\/2000\/svg\"><path d=\"M128 160h320v192H128V160zm400 96c0 26.51 21.49 48 48 48v96c0 26.51-21.49 48-48 48H48c-26.51 0-48-21.49-48-48v-96c26.51 0 48-21.49 48-48s-21.49-48-48-48v-96c0-26.51 21.49-48 48-48h480c26.51 0 48 21.49 48 48v96c-26.51 0-48 21.49-48 48zm-48-104c0-13.255-10.745-24-24-24H120c-13.255 0-24 10.745-24 24v208c0 13.255 10.745 24 24 24h336c13.255 0 24-10.745 24-24V152z\"><\/path><\/svg>\t\t\t<\/span>\n\t\t\t\t\t\t\t\t\t<span class=\"elementor-button-text\">Reserver<\/span>\n\t\t\t\t\t<\/span>\n\t\t\t\t\t<\/a>\n\t\t\t\t<\/div>\n\t\t\t\t\t\t\t\t<\/div>\n\t\t\t\t<\/div>\n\t\t\t\t<div class=\"elementor-element elementor-element-0d3e000 elementor-align-left elementor-mobile-align-justify elementor-widget elementor-widget-button\" data-id=\"0d3e000\" data-element_type=\"widget\" data-e-type=\"widget\" data-widget_type=\"button.default\">\n\t\t\t\t<div class=\"elementor-widget-container\">\n\t\t\t\t\t\t\t\t\t<div class=\"elementor-button-wrapper\">\n\t\t\t\t\t<a class=\"elementor-button elementor-button-link elementor-size-sm\" href=\"#menu\">\n\t\t\t\t\t\t<span class=\"elementor-button-content-wrapper\">\n\t\t\t\t\t\t\t\t\t<span class=\"elementor-button-text\">Voir la carte<\/span>\n\t\t\t\t\t<\/span>\n\t\t\t\t\t<\/a>\n\t\t\t\t<\/div>\n\t\t\t\t\t\t\t\t<\/div>\n\t\t\t\t<\/div>\n\t\t\t\t<\/div>\n\t\t\t\t<\/div>\n\t\t\t\t\t<\/div>\n\t\t\t\t<\/div>\n\t\t<div class=\"elementor-element elementor-element-edeac0e e-flex e-con-boxed e-con e-parent\" data-id=\"edeac0e\" data-element_type=\"container\" data-e-type=\"container\">\n\t\t\t\t\t<div class=\"e-con-inner\">\n\t\t<div class=\"elementor-element elementor-element-09a37fc e-con-full e-flex e-con e-child\" data-id=\"09a37fc\" data-element_type=\"container\" data-e-type=\"container\">\n\t\t\t\t<div class=\"elementor-element elementor-element-6161810 elementor-widget-mobile__width-inherit elementor-widget elementor-widget-heading\" data-id=\"6161810\" data-element_type=\"widget\" data-e-type=\"widget\" data-widget_type=\"heading.default\">\n\t\t\t\t<div class=\"elementor-widget-container\">\n\t\t\t\t\t<h3 class=\"elementor-heading-title elementor-size-default\">SPECTACLE FLAMENCO AVEC D\u00ceNER DANS UN \u00ab CARMEN \u00bb \u00c0 L\u2019ALBAIC\u00cdN<\/h3>\t\t\t\t<\/div>\n\t\t\t\t<\/div>\n\t\t\t\t<div class=\"elementor-element elementor-element-57c8a47 elementor-widget elementor-widget-text-editor\" data-id=\"57c8a47\" data-element_type=\"widget\" data-e-type=\"widget\" data-widget_type=\"text-editor.default\">\n\t\t\t\t<div class=\"elementor-widget-container\">\n\t\t\t\t\t\t\t\t\t<p><span style=\"font-weight: 400;\">Les Jardines de Zoraya est un <strong>tablao flamenco avec restaurant qui propose des d\u00eeners-spectacles, <\/strong>au sein de l\u2019une des constructions traditionnelles grenadines de l\u2019Albaic\u00edn connues sous le nom de <strong>\u00ab carmen \u00bb<\/strong>. Les c\u00e1rmenes sont des maisons typiques des quartiers historiques, caract\u00e9ris\u00e9es par un <strong>espace vert avec jardin ou potager<\/strong>, autrefois propri\u00e9t\u00e9 des Arabes grenadins de la ville.<\/span><\/p>\t\t\t\t\t\t\t\t<\/div>\n\t\t\t\t<\/div>\n\t\t\t\t<div class=\"elementor-element elementor-element-3b09d59 elementor-widget elementor-widget-video\" data-id=\"3b09d59\" data-element_type=\"widget\" data-e-type=\"widget\" data-settings=\"{&quot;youtube_url&quot;:&quot;https:\\\/\\\/www.youtube.com\\\/watch?v=8shVb6ikKkQ&amp;pp=ygUSamFyZGluZXMgZGUgem9yYXlh&quot;,&quot;autoplay&quot;:&quot;yes&quot;,&quot;loop&quot;:&quot;yes&quot;,&quot;play_on_mobile&quot;:&quot;yes&quot;,&quot;video_type&quot;:&quot;youtube&quot;}\" data-widget_type=\"video.default\">\n\t\t\t\t<div class=\"elementor-widget-container\">\n\t\t\t\t\t\t\t<div class=\"elementor-wrapper elementor-open-inline\">\n\t\t\t<div class=\"elementor-video\"><\/div>\t\t<\/div>\n\t\t\t\t\t\t<\/div>\n\t\t\t\t<\/div>\n\t\t\t\t<div class=\"elementor-element elementor-element-76eba8d elementor-align-center elementor-mobile-align-justify elementor-widget elementor-widget-button\" data-id=\"76eba8d\" data-element_type=\"widget\" data-e-type=\"widget\" data-widget_type=\"button.default\">\n\t\t\t\t<div class=\"elementor-widget-container\">\n\t\t\t\t\t\t\t\t\t<div class=\"elementor-button-wrapper\">\n\t\t\t\t\t<a class=\"elementor-button elementor-button-link elementor-size-sm\" href=\"https:\/\/flamencogranada.com\/wp-content\/uploads\/2025\/06\/carta_terraza_2025LOW-2.pdf\" target=\"_blank\">\n\t\t\t\t\t\t<span class=\"elementor-button-content-wrapper\">\n\t\t\t\t\t\t<span class=\"elementor-button-icon\">\n\t\t\t\t<svg aria-hidden=\"true\" class=\"e-font-icon-svg e-fas-ticket-alt\" viewBox=\"0 0 576 512\" xmlns=\"http:\/\/www.w3.org\/2000\/svg\"><path d=\"M128 160h320v192H128V160zm400 96c0 26.51 21.49 48 48 48v96c0 26.51-21.49 48-48 48H48c-26.51 0-48-21.49-48-48v-96c26.51 0 48-21.49 48-48s-21.49-48-48-48v-96c0-26.51 21.49-48 48-48h480c26.51 0 48 21.49 48 48v96c-26.51 0-48 21.49-48 48zm-48-104c0-13.255-10.745-24-24-24H120c-13.255 0-24 10.745-24 24v208c0 13.255 10.745 24 24 24h336c13.255 0 24-10.745 24-24V152z\"><\/path><\/svg>\t\t\t<\/span>\n\t\t\t\t\t\t\t\t\t<span class=\"elementor-button-text\">Reserver<\/span>\n\t\t\t\t\t<\/span>\n\t\t\t\t\t<\/a>\n\t\t\t\t<\/div>\n\t\t\t\t\t\t\t\t<\/div>\n\t\t\t\t<\/div>\n\t\t\t\t<\/div>\n\t\t\t\t\t<\/div>\n\t\t\t\t<\/div>\n\t\t<div class=\"elementor-element elementor-element-57ae47d e-flex e-con-boxed e-con e-parent\" data-id=\"57ae47d\" data-element_type=\"container\" data-e-type=\"container\">\n\t\t\t\t\t<div class=\"e-con-inner\">\n\t\t<div class=\"elementor-element elementor-element-91b02bb e-con-full e-flex e-con e-child\" data-id=\"91b02bb\" data-element_type=\"container\" data-e-type=\"container\">\n\t\t\t\t<div class=\"elementor-element elementor-element-5db1964 elementor-widget-mobile__width-inherit elementor-widget elementor-widget-heading\" data-id=\"5db1964\" data-element_type=\"widget\" data-e-type=\"widget\" data-widget_type=\"heading.default\">\n\t\t\t\t<div class=\"elementor-widget-container\">\n\t\t\t\t\t<h3 class=\"elementor-heading-title elementor-size-default\">R\u00c9COMPENSES DE NOTRE D\u00ceNER-SPECTACLE<\/h3>\t\t\t\t<\/div>\n\t\t\t\t<\/div>\n\t\t\t\t<div class=\"elementor-element elementor-element-a4ff9bc elementor-widget elementor-widget-text-editor\" data-id=\"a4ff9bc\" data-element_type=\"widget\" data-e-type=\"widget\" data-widget_type=\"text-editor.default\">\n\t\t\t\t<div class=\"elementor-widget-container\">\n\t\t\t\t\t\t\t\t\t<p><strong>Nous sommes le seul tablao flamenco avec d\u00eener \u00e0 avoir le label Lieu d\u2019excellence de Tripadvisor 10 ann\u00e9es cons\u00e9cutives.  <\/strong><\/p><p>Cela fait plus de 16 ans que nous servons des milliers de clients qui veulent profiter d\u2019un show flamenco avec la meilleure gastronomie andalouse de Grenade.<\/p>\t\t\t\t\t\t\t\t<\/div>\n\t\t\t\t<\/div>\n\t\t\t\t<div class=\"elementor-element elementor-element-4cfa4b9 elementor-widget elementor-widget-image\" data-id=\"4cfa4b9\" data-element_type=\"widget\" data-e-type=\"widget\" data-widget_type=\"image.default\">\n\t\t\t\t<div class=\"elementor-widget-container\">\n\t\t\t\t\t\t\t\t\t\t\t\t\t\t\t<img decoding=\"async\" width=\"800\" height=\"107\" src=\"https:\/\/flamencogranada.com\/wp-content\/uploads\/2026\/04\/mejor-tablao-flamenco-en-granada-tripadvisor-2-1024x137.png\" class=\"attachment-large size-large wp-image-38156\" alt=\"Meilleur tablao flamenco \u00e0 Grenade Tripadvisor\" srcset=\"https:\/\/flamencogranada.com\/wp-content\/uploads\/2026\/04\/mejor-tablao-flamenco-en-granada-tripadvisor-2-1024x137.png 1024w, https:\/\/flamencogranada.com\/wp-content\/uploads\/2026\/04\/mejor-tablao-flamenco-en-granada-tripadvisor-2-300x40.png 300w, https:\/\/flamencogranada.com\/wp-content\/uploads\/2026\/04\/mejor-tablao-flamenco-en-granada-tripadvisor-2-768x103.png 768w, https:\/\/flamencogranada.com\/wp-content\/uploads\/2026\/04\/mejor-tablao-flamenco-en-granada-tripadvisor-2-1536x205.png 1536w, https:\/\/flamencogranada.com\/wp-content\/uploads\/2026\/04\/mejor-tablao-flamenco-en-granada-tripadvisor-2-2048x273.png 2048w\" sizes=\"(max-width: 800px) 100vw, 800px\" \/>\t\t\t\t\t\t\t\t\t\t\t\t\t\t\t<\/div>\n\t\t\t\t<\/div>\n\t\t\t\t<div class=\"elementor-element elementor-element-984cacb elementor-widget elementor-widget-video\" data-id=\"984cacb\" data-element_type=\"widget\" data-e-type=\"widget\" data-settings=\"{&quot;youtube_url&quot;:&quot;https:\\\/\\\/www.youtube.com\\\/watch?v=NLQyVvHA40Y&amp;pp=ygUSamFyZGluZXMgZGUgem9yYXlh0gcJCcMKAYcqIYzv&quot;,&quot;autoplay&quot;:&quot;yes&quot;,&quot;loop&quot;:&quot;yes&quot;,&quot;play_on_mobile&quot;:&quot;yes&quot;,&quot;mute&quot;:&quot;yes&quot;,&quot;video_type&quot;:&quot;youtube&quot;}\" data-widget_type=\"video.default\">\n\t\t\t\t<div class=\"elementor-widget-container\">\n\t\t\t\t\t\t\t<div class=\"elementor-wrapper elementor-open-inline\">\n\t\t\t<div class=\"elementor-video\"><\/div>\t\t<\/div>\n\t\t\t\t\t\t<\/div>\n\t\t\t\t<\/div>\n\t\t\t\t<div class=\"elementor-element elementor-element-bb689d7 elementor-align-center elementor-mobile-align-justify elementor-widget elementor-widget-button\" data-id=\"bb689d7\" data-element_type=\"widget\" data-e-type=\"widget\" data-widget_type=\"button.default\">\n\t\t\t\t<div class=\"elementor-widget-container\">\n\t\t\t\t\t\t\t\t\t<div class=\"elementor-button-wrapper\">\n\t\t\t\t\t<a class=\"elementor-button elementor-button-link elementor-size-sm\" href=\"https:\/\/flamencogranada.com\/wp-content\/uploads\/2025\/06\/carta_terraza_2025LOW-2.pdf\" target=\"_blank\">\n\t\t\t\t\t\t<span class=\"elementor-button-content-wrapper\">\n\t\t\t\t\t\t<span class=\"elementor-button-icon\">\n\t\t\t\t<svg aria-hidden=\"true\" class=\"e-font-icon-svg e-fas-ticket-alt\" viewBox=\"0 0 576 512\" xmlns=\"http:\/\/www.w3.org\/2000\/svg\"><path d=\"M128 160h320v192H128V160zm400 96c0 26.51 21.49 48 48 48v96c0 26.51-21.49 48-48 48H48c-26.51 0-48-21.49-48-48v-96c26.51 0 48-21.49 48-48s-21.49-48-48-48v-96c0-26.51 21.49-48 48-48h480c26.51 0 48 21.49 48 48v96c-26.51 0-48 21.49-48 48zm-48-104c0-13.255-10.745-24-24-24H120c-13.255 0-24 10.745-24 24v208c0 13.255 10.745 24 24 24h336c13.255 0 24-10.745 24-24V152z\"><\/path><\/svg>\t\t\t<\/span>\n\t\t\t\t\t\t\t\t\t<span class=\"elementor-button-text\">Reserver<\/span>\n\t\t\t\t\t<\/span>\n\t\t\t\t\t<\/a>\n\t\t\t\t<\/div>\n\t\t\t\t\t\t\t\t<\/div>\n\t\t\t\t<\/div>\n\t\t\t\t<\/div>\n\t\t\t\t\t<\/div>\n\t\t\t\t<\/div>\n\t\t<div class=\"elementor-element elementor-element-5fb195b e-flex e-con-boxed e-con e-parent\" data-id=\"5fb195b\" data-element_type=\"container\" data-e-type=\"container\">\n\t\t\t\t\t<div class=\"e-con-inner\">\n\t\t\t\t<div class=\"elementor-element elementor-element-6a9f76b elementor-widget elementor-widget-heading\" data-id=\"6a9f76b\" data-element_type=\"widget\" data-e-type=\"widget\" id=\"menu\" data-widget_type=\"heading.default\">\n\t\t\t\t<div class=\"elementor-widget-container\">\n\t\t\t\t\t<h2 class=\"elementor-heading-title elementor-size-default\">MENU FLAMENCO POUR PROFITER DU SPECTACLE<\/h2>\t\t\t\t<\/div>\n\t\t\t\t<\/div>\n\t\t\t\t<div class=\"elementor-element elementor-element-b006258 elementor-widget elementor-widget-text-editor\" data-id=\"b006258\" data-element_type=\"widget\" data-e-type=\"widget\" data-widget_type=\"text-editor.default\">\n\t\t\t\t<div class=\"elementor-widget-container\">\n\t\t\t\t\t\t\t\t\t<p><b>D\u00e9couvre les diff\u00e9rentes exp\u00e9riences gastronomiques de notre Tablao Flamenco au c\u0153ur de l\u2019Albaic\u00edn, \u00e0 Grenade.<\/b><\/p>\t\t\t\t\t\t\t\t<\/div>\n\t\t\t\t<\/div>\n\t\t\t\t\t<\/div>\n\t\t\t\t<\/div>\n\t\t<div class=\"elementor-element elementor-element-71c6b49 e-flex e-con-boxed e-con e-parent\" data-id=\"71c6b49\" data-element_type=\"container\" data-e-type=\"container\">\n\t\t\t\t\t<div class=\"e-con-inner\">\n\t\t\t\t<div class=\"elementor-element elementor-element-c00b9a3 elementor-widget elementor-widget-button\" data-id=\"c00b9a3\" data-element_type=\"widget\" data-e-type=\"widget\" data-widget_type=\"button.default\">\n\t\t\t\t<div class=\"elementor-widget-container\">\n\t\t\t\t\t\t\t\t\t<div class=\"elementor-button-wrapper\">\n\t\t\t\t\t<a class=\"elementor-button elementor-button-link elementor-size-sm\" href=\"https:\/\/flamencogranada.com\/fr\/planches-a-partager\/\">\n\t\t\t\t\t\t<span class=\"elementor-button-content-wrapper\">\n\t\t\t\t\t\t\t\t\t<span class=\"elementor-button-text\">tables<\/span>\n\t\t\t\t\t<\/span>\n\t\t\t\t\t<\/a>\n\t\t\t\t<\/div>\n\t\t\t\t\t\t\t\t<\/div>\n\t\t\t\t<\/div>\n\t\t\t\t<div class=\"elementor-element elementor-element-b5a2766 elementor-widget elementor-widget-button\" data-id=\"b5a2766\" data-element_type=\"widget\" data-e-type=\"widget\" data-widget_type=\"button.default\">\n\t\t\t\t<div class=\"elementor-widget-container\">\n\t\t\t\t\t\t\t\t\t<div class=\"elementor-button-wrapper\">\n\t\t\t\t\t<a class=\"elementor-button elementor-button-link elementor-size-sm\" href=\"https:\/\/flamencogranada.com\/fr\/tapas-et-flamenco\/\">\n\t\t\t\t\t\t<span class=\"elementor-button-content-wrapper\">\n\t\t\t\t\t\t\t\t\t<span class=\"elementor-button-text\">rations<\/span>\n\t\t\t\t\t<\/span>\n\t\t\t\t\t<\/a>\n\t\t\t\t<\/div>\n\t\t\t\t\t\t\t\t<\/div>\n\t\t\t\t<\/div>\n\t\t\t\t<div class=\"elementor-element elementor-element-83057f9 elementor-widget elementor-widget-button\" data-id=\"83057f9\" data-element_type=\"widget\" data-e-type=\"widget\" data-widget_type=\"button.default\">\n\t\t\t\t<div class=\"elementor-widget-container\">\n\t\t\t\t\t\t\t\t\t<div class=\"elementor-button-wrapper\">\n\t\t\t\t\t<a class=\"elementor-button elementor-button-link elementor-size-sm\" href=\"https:\/\/flamencogranada.com\/fr\/carte-des-desserts\/\">\n\t\t\t\t\t\t<span class=\"elementor-button-content-wrapper\">\n\t\t\t\t\t\t\t\t\t<span class=\"elementor-button-text\">desserts<\/span>\n\t\t\t\t\t<\/span>\n\t\t\t\t\t<\/a>\n\t\t\t\t<\/div>\n\t\t\t\t\t\t\t\t<\/div>\n\t\t\t\t<\/div>\n\t\t\t\t<div class=\"elementor-element elementor-element-19700e3 elementor-widget elementor-widget-button\" data-id=\"19700e3\" data-element_type=\"widget\" data-e-type=\"widget\" data-widget_type=\"button.default\">\n\t\t\t\t<div class=\"elementor-widget-container\">\n\t\t\t\t\t\t\t\t\t<div class=\"elementor-button-wrapper\">\n\t\t\t\t\t<a class=\"elementor-button elementor-button-link elementor-size-sm\" href=\"https:\/\/flamencogranada.com\/fr\/menu-flamenco\/\">\n\t\t\t\t\t\t<span class=\"elementor-button-content-wrapper\">\n\t\t\t\t\t\t\t\t\t<span class=\"elementor-button-text\">menu flamenco<\/span>\n\t\t\t\t\t<\/span>\n\t\t\t\t\t<\/a>\n\t\t\t\t<\/div>\n\t\t\t\t\t\t\t\t<\/div>\n\t\t\t\t<\/div>\n\t\t\t\t<div class=\"elementor-element elementor-element-9f053ea elementor-widget elementor-widget-button\" data-id=\"9f053ea\" data-element_type=\"widget\" data-e-type=\"widget\" data-widget_type=\"button.default\">\n\t\t\t\t<div class=\"elementor-widget-container\">\n\t\t\t\t\t\t\t\t\t<div class=\"elementor-button-wrapper\">\n\t\t\t\t\t<a class=\"elementor-button elementor-button-link elementor-size-sm\" href=\"https:\/\/flamencogranada.com\/fr\/menu-zoraya\/\">\n\t\t\t\t\t\t<span class=\"elementor-button-content-wrapper\">\n\t\t\t\t\t\t\t\t\t<span class=\"elementor-button-text\">menu Zoraya<\/span>\n\t\t\t\t\t<\/span>\n\t\t\t\t\t<\/a>\n\t\t\t\t<\/div>\n\t\t\t\t\t\t\t\t<\/div>\n\t\t\t\t<\/div>\n\t\t\t\t<div class=\"elementor-element elementor-element-83296fd elementor-widget elementor-widget-button\" data-id=\"83296fd\" data-element_type=\"widget\" data-e-type=\"widget\" data-widget_type=\"button.default\">\n\t\t\t\t<div class=\"elementor-widget-container\">\n\t\t\t\t\t\t\t\t\t<div class=\"elementor-button-wrapper\">\n\t\t\t\t\t<a class=\"elementor-button elementor-button-link elementor-size-sm\" href=\"https:\/\/flamencogranada.com\/fr\/menu-pour-groupes\/\">\n\t\t\t\t\t\t<span class=\"elementor-button-content-wrapper\">\n\t\t\t\t\t\t\t\t\t<span class=\"elementor-button-text\">groupes de menus<\/span>\n\t\t\t\t\t<\/span>\n\t\t\t\t\t<\/a>\n\t\t\t\t<\/div>\n\t\t\t\t\t\t\t\t<\/div>\n\t\t\t\t<\/div>\n\t\t\t\t<div class=\"elementor-element elementor-element-b5e23bf elementor-widget elementor-widget-button\" data-id=\"b5e23bf\" data-element_type=\"widget\" data-e-type=\"widget\" data-widget_type=\"button.default\">\n\t\t\t\t<div class=\"elementor-widget-container\">\n\t\t\t\t\t\t\t\t\t<div class=\"elementor-button-wrapper\">\n\t\t\t\t\t<a class=\"elementor-button elementor-button-link elementor-size-sm\" href=\"https:\/\/flamencogranada.com\/fr\/carte-des-vins\/\">\n\t\t\t\t\t\t<span class=\"elementor-button-content-wrapper\">\n\t\t\t\t\t\t\t\t\t<span class=\"elementor-button-text\">le vin<\/span>\n\t\t\t\t\t<\/span>\n\t\t\t\t\t<\/a>\n\t\t\t\t<\/div>\n\t\t\t\t\t\t\t\t<\/div>\n\t\t\t\t<\/div>\n\t\t\t\t<div class=\"elementor-element elementor-element-c658255 elementor-widget elementor-widget-button\" data-id=\"c658255\" data-element_type=\"widget\" data-e-type=\"widget\" data-widget_type=\"button.default\">\n\t\t\t\t<div class=\"elementor-widget-container\">\n\t\t\t\t\t\t\t\t\t<div class=\"elementor-button-wrapper\">\n\t\t\t\t\t<a class=\"elementor-button elementor-button-link elementor-size-sm\" href=\"https:\/\/flamencogranada.com\/fr\/carte-des-boissons\/\">\n\t\t\t\t\t\t<span class=\"elementor-button-content-wrapper\">\n\t\t\t\t\t\t\t\t\t<span class=\"elementor-button-text\">boissons<\/span>\n\t\t\t\t\t<\/span>\n\t\t\t\t\t<\/a>\n\t\t\t\t<\/div>\n\t\t\t\t\t\t\t\t<\/div>\n\t\t\t\t<\/div>\n\t\t\t\t\t<\/div>\n\t\t\t\t<\/div>\n\t\t<div class=\"elementor-element elementor-element-6e3dd1b e-flex e-con-boxed e-con e-parent\" data-id=\"6e3dd1b\" data-element_type=\"container\" data-e-type=\"container\">\n\t\t\t\t\t<div class=\"e-con-inner\">\n\t\t\t\t<div class=\"elementor-element elementor-element-fdfd871 elementor-widget elementor-widget-heading\" data-id=\"fdfd871\" data-element_type=\"widget\" data-e-type=\"widget\" data-widget_type=\"heading.default\">\n\t\t\t\t<div class=\"elementor-widget-container\">\n\t\t\t\t\t<p class=\"elementor-heading-title elementor-size-default\">QUELQUES RECOMMANDATIONS DE LA MAISON<\/p>\t\t\t\t<\/div>\n\t\t\t\t<\/div>\n\t\t\t\t<div class=\"elementor-element elementor-element-30c2b0c elementor-widget elementor-widget-text-editor\" data-id=\"30c2b0c\" data-element_type=\"widget\" data-e-type=\"widget\" data-widget_type=\"text-editor.default\">\n\t\t\t\t<div class=\"elementor-widget-container\">\n\t\t\t\t\t\t\t\t\t<p><strong>Voici les plats les mieux not\u00e9s par nos clients :<\/strong><\/p>\t\t\t\t\t\t\t\t<\/div>\n\t\t\t\t<\/div>\n\t\t\t\t\t<\/div>\n\t\t\t\t<\/div>\n\t\t<div class=\"elementor-element elementor-element-c88b480 e-grid e-con-boxed e-con e-parent\" data-id=\"c88b480\" data-element_type=\"container\" data-e-type=\"container\">\n\t\t\t\t\t<div class=\"e-con-inner\">\n\t\t<div class=\"elementor-element elementor-element-e20cc37 e-con-full e-flex e-con e-child\" data-id=\"e20cc37\" data-element_type=\"container\" data-e-type=\"container\">\n\t\t<div class=\"elementor-element elementor-element-ff485fb e-con-full e-flex e-con e-child\" data-id=\"ff485fb\" data-element_type=\"container\" data-e-type=\"container\">\n\t\t\t\t<div class=\"elementor-element elementor-element-aa1a1b6 elementor-widget__width-initial elementor-widget elementor-widget-heading\" data-id=\"aa1a1b6\" data-element_type=\"widget\" data-e-type=\"widget\" data-widget_type=\"heading.default\">\n\t\t\t\t<div class=\"elementor-widget-container\">\n\t\t\t\t\t<span class=\"elementor-heading-title elementor-size-default\">GROSSE BOULETTE DE LOMO ET PIGNONS<\/span>\t\t\t\t<\/div>\n\t\t\t\t<\/div>\n\t\t\t\t<div class=\"elementor-element elementor-element-f6c5014 elementor-widget__width-initial elementor-widget elementor-widget-heading\" data-id=\"f6c5014\" data-element_type=\"widget\" data-e-type=\"widget\" data-widget_type=\"heading.default\">\n\t\t\t\t<div class=\"elementor-widget-container\">\n\t\t\t\t\t<span class=\"elementor-heading-title elementor-size-default\">12 \u20ac<\/span>\t\t\t\t<\/div>\n\t\t\t\t<\/div>\n\t\t\t\t<\/div>\n\t\t<div class=\"elementor-element elementor-element-15996c9 e-con-full e-flex e-con e-child\" data-id=\"15996c9\" data-element_type=\"container\" data-e-type=\"container\">\n\t\t\t\t<div class=\"elementor-element elementor-element-357219a elementor-widget elementor-widget-text-editor\" data-id=\"357219a\" data-element_type=\"widget\" data-e-type=\"widget\" data-widget_type=\"text-editor.default\">\n\t\t\t\t<div class=\"elementor-widget-container\">\n\t\t\t\t\t\t\t\t\t<p>Grosse boulette mijot\u00e9e dans une sauce aux amandes et pignons, avec petites pommes de terre frites<\/p>\t\t\t\t\t\t\t\t<\/div>\n\t\t\t\t<\/div>\n\t\t\t\t<\/div>\n\t\t\t\t<\/div>\n\t\t<div class=\"elementor-element elementor-element-43332ac e-con-full e-flex e-con e-child\" data-id=\"43332ac\" data-element_type=\"container\" data-e-type=\"container\">\n\t\t<div class=\"elementor-element elementor-element-aaea71b e-con-full e-flex e-con e-child\" data-id=\"aaea71b\" data-element_type=\"container\" data-e-type=\"container\">\n\t\t\t\t<div class=\"elementor-element elementor-element-06f239d elementor-widget__width-initial elementor-widget elementor-widget-heading\" data-id=\"06f239d\" data-element_type=\"widget\" data-e-type=\"widget\" data-widget_type=\"heading.default\">\n\t\t\t\t<div class=\"elementor-widget-container\">\n\t\t\t\t\t<span class=\"elementor-heading-title elementor-size-default\">presa ib\u00e9rique grill\u00e9e<\/span>\t\t\t\t<\/div>\n\t\t\t\t<\/div>\n\t\t\t\t<div class=\"elementor-element elementor-element-90ffac7 elementor-widget__width-initial elementor-widget elementor-widget-heading\" data-id=\"90ffac7\" data-element_type=\"widget\" data-e-type=\"widget\" data-widget_type=\"heading.default\">\n\t\t\t\t<div class=\"elementor-widget-container\">\n\t\t\t\t\t<span class=\"elementor-heading-title elementor-size-default\">25 \u20ac<\/span>\t\t\t\t<\/div>\n\t\t\t\t<\/div>\n\t\t\t\t<\/div>\n\t\t<div class=\"elementor-element elementor-element-80f96e2 e-con-full e-flex e-con e-child\" data-id=\"80f96e2\" data-element_type=\"container\" data-e-type=\"container\">\n\t\t\t\t<div class=\"elementor-element elementor-element-7b2438d elementor-widget elementor-widget-text-editor\" data-id=\"7b2438d\" data-element_type=\"widget\" data-e-type=\"widget\" data-widget_type=\"text-editor.default\">\n\t\t\t\t<div class=\"elementor-widget-container\">\n\t\t\t\t\t\t\t\t\t<p>Avec sauce au palo cortado et gratin d\u2019artichauts<\/p>\t\t\t\t\t\t\t\t<\/div>\n\t\t\t\t<\/div>\n\t\t\t\t<\/div>\n\t\t\t\t<\/div>\n\t\t<div class=\"elementor-element elementor-element-898cace e-con-full e-flex e-con e-child\" data-id=\"898cace\" data-element_type=\"container\" data-e-type=\"container\">\n\t\t<div class=\"elementor-element elementor-element-a7c2dca e-con-full e-flex e-con e-child\" data-id=\"a7c2dca\" data-element_type=\"container\" data-e-type=\"container\">\n\t\t\t\t<div class=\"elementor-element elementor-element-528c5af elementor-widget__width-initial elementor-widget elementor-widget-heading\" data-id=\"528c5af\" data-element_type=\"widget\" data-e-type=\"widget\" data-widget_type=\"heading.default\">\n\t\t\t\t<div class=\"elementor-widget-container\">\n\t\t\t\t\t<span class=\"elementor-heading-title elementor-size-default\">LOIN DE MORUE GRATIN\u00c9<\/span>\t\t\t\t<\/div>\n\t\t\t\t<\/div>\n\t\t\t\t<div class=\"elementor-element elementor-element-10b443c elementor-widget__width-initial elementor-widget elementor-widget-heading\" data-id=\"10b443c\" data-element_type=\"widget\" data-e-type=\"widget\" data-widget_type=\"heading.default\">\n\t\t\t\t<div class=\"elementor-widget-container\">\n\t\t\t\t\t<span class=\"elementor-heading-title elementor-size-default\">24 \u20ac<\/span>\t\t\t\t<\/div>\n\t\t\t\t<\/div>\n\t\t\t\t<\/div>\n\t\t<div class=\"elementor-element elementor-element-6a83785 e-con-full e-flex e-con e-child\" data-id=\"6a83785\" data-element_type=\"container\" data-e-type=\"container\">\n\t\t\t\t<div class=\"elementor-element elementor-element-6edab02 elementor-widget elementor-widget-text-editor\" data-id=\"6edab02\" data-element_type=\"widget\" data-e-type=\"widget\" data-widget_type=\"text-editor.default\">\n\t\t\t\t<div class=\"elementor-widget-container\">\n\t\t\t\t\t\t\t\t\t<p>Avec ali-oli au paprika et \u00e9pinards saut\u00e9s aux pois chiches.<\/p>\t\t\t\t\t\t\t\t<\/div>\n\t\t\t\t<\/div>\n\t\t\t\t<\/div>\n\t\t\t\t<\/div>\n\t\t<div class=\"elementor-element elementor-element-ba51797 e-con-full e-flex e-con e-child\" data-id=\"ba51797\" data-element_type=\"container\" data-e-type=\"container\">\n\t\t<div class=\"elementor-element elementor-element-cd3e063 e-con-full e-flex e-con e-child\" data-id=\"cd3e063\" data-element_type=\"container\" data-e-type=\"container\">\n\t\t\t\t<div class=\"elementor-element elementor-element-1c6ee0d elementor-widget__width-initial elementor-widget elementor-widget-heading\" data-id=\"1c6ee0d\" data-element_type=\"widget\" data-e-type=\"widget\" data-widget_type=\"heading.default\">\n\t\t\t\t<div class=\"elementor-widget-container\">\n\t\t\t\t\t<span class=\"elementor-heading-title elementor-size-default\">Corvina en gazpachuelo<\/span>\t\t\t\t<\/div>\n\t\t\t\t<\/div>\n\t\t\t\t<div class=\"elementor-element elementor-element-378101c elementor-widget__width-initial elementor-widget elementor-widget-heading\" data-id=\"378101c\" data-element_type=\"widget\" data-e-type=\"widget\" data-widget_type=\"heading.default\">\n\t\t\t\t<div class=\"elementor-widget-container\">\n\t\t\t\t\t<span class=\"elementor-heading-title elementor-size-default\">25 \u20ac<\/span>\t\t\t\t<\/div>\n\t\t\t\t<\/div>\n\t\t\t\t<\/div>\n\t\t<div class=\"elementor-element elementor-element-bda5872 e-con-full e-flex e-con e-child\" data-id=\"bda5872\" data-element_type=\"container\" data-e-type=\"container\">\n\t\t\t\t<div class=\"elementor-element elementor-element-b440787 elementor-widget elementor-widget-text-editor\" data-id=\"b440787\" data-element_type=\"widget\" data-e-type=\"widget\" data-widget_type=\"text-editor.default\">\n\t\t\t\t<div class=\"elementor-widget-container\">\n\t\t\t\t\t\t\t\t\t<p>Plat marin malagu\u00e8ne avec corvina r\u00f4tie, soupe gazpachuelo, pomme de terre au citron et hachis de langoustines.<\/p>\t\t\t\t\t\t\t\t<\/div>\n\t\t\t\t<\/div>\n\t\t\t\t<\/div>\n\t\t\t\t<\/div>\n\t\t<div class=\"elementor-element elementor-element-15d492e e-con-full e-flex e-con e-child\" data-id=\"15d492e\" data-element_type=\"container\" data-e-type=\"container\">\n\t\t<div class=\"elementor-element elementor-element-208e088 e-con-full e-flex e-con e-child\" data-id=\"208e088\" data-element_type=\"container\" data-e-type=\"container\">\n\t\t\t\t<div class=\"elementor-element elementor-element-8788596 elementor-widget__width-initial elementor-widget elementor-widget-heading\" data-id=\"8788596\" data-element_type=\"widget\" data-e-type=\"widget\" data-widget_type=\"heading.default\">\n\t\t\t\t<div class=\"elementor-widget-container\">\n\t\t\t\t\t<span class=\"elementor-heading-title elementor-size-default\">C\u0152URS D\u2019ARTICHAUT<\/span>\t\t\t\t<\/div>\n\t\t\t\t<\/div>\n\t\t\t\t<div class=\"elementor-element elementor-element-661cc78 elementor-widget__width-initial elementor-widget elementor-widget-heading\" data-id=\"661cc78\" data-element_type=\"widget\" data-e-type=\"widget\" data-widget_type=\"heading.default\">\n\t\t\t\t<div class=\"elementor-widget-container\">\n\t\t\t\t\t<span class=\"elementor-heading-title elementor-size-default\">16 \u20ac<\/span>\t\t\t\t<\/div>\n\t\t\t\t<\/div>\n\t\t\t\t<\/div>\n\t\t<div class=\"elementor-element elementor-element-3c9ae7b e-con-full e-flex e-con e-child\" data-id=\"3c9ae7b\" data-element_type=\"container\" data-e-type=\"container\">\n\t\t\t\t<div class=\"elementor-element elementor-element-38c280c elementor-widget elementor-widget-text-editor\" data-id=\"38c280c\" data-element_type=\"widget\" data-e-type=\"widget\" data-widget_type=\"text-editor.default\">\n\t\t\t\t<div class=\"elementor-widget-container\">\n\t\t\t\t\t\t\t\t\t<p>Fleurs d&rsquo;artichauts \u00e0 la ratatouille, pommes de terre truff\u00e9es et chapelure croustillante au paprika<\/p>\t\t\t\t\t\t\t\t<\/div>\n\t\t\t\t<\/div>\n\t\t\t\t<\/div>\n\t\t\t\t<\/div>\n\t\t\t\t\t<\/div>\n\t\t\t\t<\/div>\n\t\t<div class=\"elementor-element elementor-element-7c5a533 e-flex e-con-boxed e-con e-parent\" data-id=\"7c5a533\" data-element_type=\"container\" data-e-type=\"container\">\n\t\t\t\t\t<div class=\"e-con-inner\">\n\t\t\t\t<div class=\"elementor-element elementor-element-f82bb9e elementor-align-center elementor-mobile-align-center elementor-widget elementor-widget-button\" data-id=\"f82bb9e\" data-element_type=\"widget\" data-e-type=\"widget\" data-widget_type=\"button.default\">\n\t\t\t\t<div class=\"elementor-widget-container\">\n\t\t\t\t\t\t\t\t\t<div class=\"elementor-button-wrapper\">\n\t\t\t\t\t<a class=\"elementor-button elementor-button-link elementor-size-sm\" href=\"https:\/\/flamencogranada.com\/wp-content\/uploads\/2025\/06\/carta_terraza_2025LOW-2.pdf\" target=\"_blank\">\n\t\t\t\t\t\t<span class=\"elementor-button-content-wrapper\">\n\t\t\t\t\t\t<span class=\"elementor-button-icon\">\n\t\t\t\t<svg aria-hidden=\"true\" class=\"e-font-icon-svg e-fas-ticket-alt\" viewBox=\"0 0 576 512\" xmlns=\"http:\/\/www.w3.org\/2000\/svg\"><path d=\"M128 160h320v192H128V160zm400 96c0 26.51 21.49 48 48 48v96c0 26.51-21.49 48-48 48H48c-26.51 0-48-21.49-48-48v-96c26.51 0 48-21.49 48-48s-21.49-48-48-48v-96c0-26.51 21.49-48 48-48h480c26.51 0 48 21.49 48 48v96c-26.51 0-48 21.49-48 48zm-48-104c0-13.255-10.745-24-24-24H120c-13.255 0-24 10.745-24 24v208c0 13.255 10.745 24 24 24h336c13.255 0 24-10.745 24-24V152z\"><\/path><\/svg>\t\t\t<\/span>\n\t\t\t\t\t\t\t\t\t<span class=\"elementor-button-text\">Reserver<\/span>\n\t\t\t\t\t<\/span>\n\t\t\t\t\t<\/a>\n\t\t\t\t<\/div>\n\t\t\t\t\t\t\t\t<\/div>\n\t\t\t\t<\/div>\n\t\t\t\t\t<\/div>\n\t\t\t\t<\/div>\n\t\t<div class=\"elementor-element elementor-element-4f0903f e-flex e-con-boxed e-con e-parent\" data-id=\"4f0903f\" data-element_type=\"container\" data-e-type=\"container\" data-settings=\"{&quot;background_background&quot;:&quot;classic&quot;}\">\n\t\t\t\t\t<div class=\"e-con-inner\">\n\t\t<div class=\"elementor-element elementor-element-1a1a7c9 e-con-full e-flex e-con e-child\" data-id=\"1a1a7c9\" data-element_type=\"container\" data-e-type=\"container\">\n\t\t\t\t<div class=\"elementor-element elementor-element-7eef5d8 elementor-widget-mobile__width-inherit elementor-widget elementor-widget-heading\" data-id=\"7eef5d8\" data-element_type=\"widget\" data-e-type=\"widget\" data-widget_type=\"heading.default\">\n\t\t\t\t<div class=\"elementor-widget-container\">\n\t\t\t\t\t<h3 class=\"elementor-heading-title elementor-size-default\">LE TABLAO FLAMENCO O\u00d9 TU D\u00ceNERAS<\/h3>\t\t\t\t<\/div>\n\t\t\t\t<\/div>\n\t\t\t\t<div class=\"elementor-element elementor-element-193d16e elementor-widget elementor-widget-text-editor\" data-id=\"193d16e\" data-element_type=\"widget\" data-e-type=\"widget\" data-widget_type=\"text-editor.default\">\n\t\t\t\t<div class=\"elementor-widget-container\">\n\t\t\t\t\t\t\t\t\t<p><span style=\"font-weight: 400;\">La salle int\u00e9rieure <\/span><b>est \u00e0 la fois une salle \u00e0 manger et un tablao flamenco<\/b><span style=\"font-weight: 400;\">  en m\u00eame temps, o\u00f9 le d\u00eener est g\u00e9n\u00e9ralement servi et o\u00f9 a lieu le spectacle. Ici, l\u2019acoustique et l\u2019espace sont   <\/span><b>pr\u00e9par\u00e9s pour la mise en sc\u00e8ne<\/b><span style=\"font-weight: 400;\">  des performances musicales. Toutefois, il est aussi possible de d\u00eener ou de prendre un verre dans le jardin du \u00ab carmen \u00bb si le client le souhaite.   <\/span><\/p>\t\t\t\t\t\t\t\t<\/div>\n\t\t\t\t<\/div>\n\t\t\t\t<div class=\"elementor-element elementor-element-ef7caea elementor-align-center elementor-mobile-align-center elementor-widget elementor-widget-button\" data-id=\"ef7caea\" data-element_type=\"widget\" data-e-type=\"widget\" data-widget_type=\"button.default\">\n\t\t\t\t<div class=\"elementor-widget-container\">\n\t\t\t\t\t\t\t\t\t<div class=\"elementor-button-wrapper\">\n\t\t\t\t\t<a class=\"elementor-button elementor-button-link elementor-size-sm\" href=\"https:\/\/flamencogranada.com\/wp-content\/uploads\/2025\/06\/carta_terraza_2025LOW-2.pdf\" target=\"_blank\">\n\t\t\t\t\t\t<span class=\"elementor-button-content-wrapper\">\n\t\t\t\t\t\t<span class=\"elementor-button-icon\">\n\t\t\t\t<svg aria-hidden=\"true\" class=\"e-font-icon-svg e-fas-ticket-alt\" viewBox=\"0 0 576 512\" xmlns=\"http:\/\/www.w3.org\/2000\/svg\"><path d=\"M128 160h320v192H128V160zm400 96c0 26.51 21.49 48 48 48v96c0 26.51-21.49 48-48 48H48c-26.51 0-48-21.49-48-48v-96c26.51 0 48-21.49 48-48s-21.49-48-48-48v-96c0-26.51 21.49-48 48-48h480c26.51 0 48 21.49 48 48v96c-26.51 0-48 21.49-48 48zm-48-104c0-13.255-10.745-24-24-24H120c-13.255 0-24 10.745-24 24v208c0 13.255 10.745 24 24 24h336c13.255 0 24-10.745 24-24V152z\"><\/path><\/svg>\t\t\t<\/span>\n\t\t\t\t\t\t\t\t\t<span class=\"elementor-button-text\">Reserver<\/span>\n\t\t\t\t\t<\/span>\n\t\t\t\t\t<\/a>\n\t\t\t\t<\/div>\n\t\t\t\t\t\t\t\t<\/div>\n\t\t\t\t<\/div>\n\t\t\t\t<\/div>\n\t\t<div class=\"elementor-element elementor-element-18b1c15 e-con-full e-flex e-con e-child\" data-id=\"18b1c15\" data-element_type=\"container\" data-e-type=\"container\" data-settings=\"{&quot;background_background&quot;:&quot;classic&quot;}\">\n\t\t\t\t<\/div>\n\t\t<div class=\"elementor-element elementor-element-b562296 e-con-full e-flex e-con e-child\" data-id=\"b562296\" data-element_type=\"container\" data-e-type=\"container\" data-settings=\"{&quot;background_background&quot;:&quot;classic&quot;}\">\n\t\t\t\t<\/div>\n\t\t<div class=\"elementor-element elementor-element-b4439e3 e-con-full e-flex e-con e-child\" data-id=\"b4439e3\" data-element_type=\"container\" data-e-type=\"container\">\n\t\t\t\t<div class=\"elementor-element elementor-element-17b928d elementor-widget-mobile__width-inherit elementor-widget elementor-widget-heading\" data-id=\"17b928d\" data-element_type=\"widget\" data-e-type=\"widget\" data-widget_type=\"heading.default\">\n\t\t\t\t<div class=\"elementor-widget-container\">\n\t\t\t\t\t<span class=\"elementor-heading-title elementor-size-default\">La terrasse : un jardin\n<\/span>\t\t\t\t<\/div>\n\t\t\t\t<\/div>\n\t\t\t\t<div class=\"elementor-element elementor-element-f6be726 elementor-widget-mobile__width-inherit elementor-widget elementor-widget-heading\" data-id=\"f6be726\" data-element_type=\"widget\" data-e-type=\"widget\" data-widget_type=\"heading.default\">\n\t\t\t\t<div class=\"elementor-widget-container\">\n\t\t\t\t\t<h2 class=\"elementor-heading-title elementor-size-default\">PROFITE DU D\u00ceNER AVANT LE SPECTACLE<\/h2>\t\t\t\t<\/div>\n\t\t\t\t<\/div>\n\t\t\t\t<div class=\"elementor-element elementor-element-47cedb9 elementor-widget elementor-widget-text-editor\" data-id=\"47cedb9\" data-element_type=\"widget\" data-e-type=\"widget\" data-widget_type=\"text-editor.default\">\n\t\t\t\t<div class=\"elementor-widget-container\">\n\t\t\t\t\t\t\t\t\t<p><span style=\"font-weight: 400;\">Tu pourras te r\u00e9galer et te d\u00e9tendre sur notre terrasse chaleureuse, <\/span><b>situ\u00e9e derri\u00e8re l\u2019ancienne mosqu\u00e9e de l\u2019Albaic\u00edn<\/b><span style=\"font-weight: 400;\">, pendant le d\u00eener. Le son de l\u2019eau qui jaillit de la fontaine nasride et l\u2019odeur enivrante des plantes aromatiques cr\u00e9ent une atmosph\u00e8re magique pour passer les nuits d\u2019\u00e9t\u00e9 ou les apr\u00e8s-midis ensoleill\u00e9s d\u2019hiver.  <\/span><\/p>\t\t\t\t\t\t\t\t<\/div>\n\t\t\t\t<\/div>\n\t\t\t\t<div class=\"elementor-element elementor-element-b3831af elementor-align-center elementor-mobile-align-center elementor-widget elementor-widget-button\" data-id=\"b3831af\" data-element_type=\"widget\" data-e-type=\"widget\" data-widget_type=\"button.default\">\n\t\t\t\t<div class=\"elementor-widget-container\">\n\t\t\t\t\t\t\t\t\t<div class=\"elementor-button-wrapper\">\n\t\t\t\t\t<a class=\"elementor-button elementor-button-link elementor-size-sm\" href=\"https:\/\/flamencogranada.com\/wp-content\/uploads\/2025\/06\/carta_terraza_2025LOW-2.pdf\" target=\"_blank\">\n\t\t\t\t\t\t<span class=\"elementor-button-content-wrapper\">\n\t\t\t\t\t\t<span class=\"elementor-button-icon\">\n\t\t\t\t<svg aria-hidden=\"true\" class=\"e-font-icon-svg e-fas-ticket-alt\" viewBox=\"0 0 576 512\" xmlns=\"http:\/\/www.w3.org\/2000\/svg\"><path d=\"M128 160h320v192H128V160zm400 96c0 26.51 21.49 48 48 48v96c0 26.51-21.49 48-48 48H48c-26.51 0-48-21.49-48-48v-96c26.51 0 48-21.49 48-48s-21.49-48-48-48v-96c0-26.51 21.49-48 48-48h480c26.51 0 48 21.49 48 48v96c-26.51 0-48 21.49-48 48zm-48-104c0-13.255-10.745-24-24-24H120c-13.255 0-24 10.745-24 24v208c0 13.255 10.745 24 24 24h336c13.255 0 24-10.745 24-24V152z\"><\/path><\/svg>\t\t\t<\/span>\n\t\t\t\t\t\t\t\t\t<span class=\"elementor-button-text\">Reserver<\/span>\n\t\t\t\t\t<\/span>\n\t\t\t\t\t<\/a>\n\t\t\t\t<\/div>\n\t\t\t\t\t\t\t\t<\/div>\n\t\t\t\t<\/div>\n\t\t\t\t<\/div>\n\t\t\t\t\t<\/div>\n\t\t\t\t<\/div>\n\t\t<div class=\"elementor-element elementor-element-42a0e14 e-flex e-con-boxed e-con e-parent\" data-id=\"42a0e14\" data-element_type=\"container\" data-e-type=\"container\" data-settings=\"{&quot;background_background&quot;:&quot;classic&quot;}\">\n\t\t\t\t\t<div class=\"e-con-inner\">\n\t\t\t\t<div class=\"elementor-element elementor-element-8e1531f elementor-widget elementor-widget-heading\" data-id=\"8e1531f\" data-element_type=\"widget\" data-e-type=\"widget\" data-widget_type=\"heading.default\">\n\t\t\t\t<div class=\"elementor-widget-container\">\n\t\t\t\t\t<h2 class=\"elementor-heading-title elementor-size-default\">QUESTIONS FR\u00c9QUENTES SUR LE D\u00ceNER avec SPECTACLE \u00e0 grenade<\/h2>\t\t\t\t<\/div>\n\t\t\t\t<\/div>\n\t\t\t\t<div class=\"elementor-element elementor-element-2746bfd elementor-widget elementor-widget-toggle\" data-id=\"2746bfd\" data-element_type=\"widget\" data-e-type=\"widget\" data-widget_type=\"toggle.default\">\n\t\t\t\t<div class=\"elementor-widget-container\">\n\t\t\t\t\t\t\t<div class=\"elementor-toggle\">\n\t\t\t\t\t\t\t<div class=\"elementor-toggle-item\">\n\t\t\t\t\t<h3 id=\"elementor-tab-title-4111\" class=\"elementor-tab-title\" data-tab=\"1\" role=\"button\" aria-controls=\"elementor-tab-content-4111\" aria-expanded=\"false\">\n\t\t\t\t\t\t\t\t\t\t\t\t<span class=\"elementor-toggle-icon elementor-toggle-icon-right\" aria-hidden=\"true\">\n\t\t\t\t\t\t\t\t\t\t\t\t\t\t\t<span class=\"elementor-toggle-icon-closed\"><svg class=\"e-font-icon-svg e-fas-plus\" viewBox=\"0 0 448 512\" xmlns=\"http:\/\/www.w3.org\/2000\/svg\"><path d=\"M416 208H272V64c0-17.67-14.33-32-32-32h-32c-17.67 0-32 14.33-32 32v144H32c-17.67 0-32 14.33-32 32v32c0 17.67 14.33 32 32 32h144v144c0 17.67 14.33 32 32 32h32c17.67 0 32-14.33 32-32V304h144c17.67 0 32-14.33 32-32v-32c0-17.67-14.33-32-32-32z\"><\/path><\/svg><\/span>\n\t\t\t\t\t\t\t\t<span class=\"elementor-toggle-icon-opened\"><svg class=\"elementor-toggle-icon-opened e-font-icon-svg e-fas-minus\" viewBox=\"0 0 448 512\" xmlns=\"http:\/\/www.w3.org\/2000\/svg\"><path d=\"M416 208H32c-17.67 0-32 14.33-32 32v32c0 17.67 14.33 32 32 32h384c17.67 0 32-14.33 32-32v-32c0-17.67-14.33-32-32-32z\"><\/path><\/svg><\/span>\n\t\t\t\t\t\t\t\t\t\t\t\t\t<\/span>\n\t\t\t\t\t\t\t\t\t\t\t\t<a class=\"elementor-toggle-title\" tabindex=\"0\">Quels types de tables peuvent \u00eatre r\u00e9serv\u00e9s dans le restaurant ?<\/a>\n\t\t\t\t\t<\/h3>\n\n\t\t\t\t\t<div id=\"elementor-tab-content-4111\" class=\"elementor-tab-content elementor-clearfix\" data-tab=\"1\" role=\"region\" aria-labelledby=\"elementor-tab-title-4111\"><p>La salle \u00e0 manger et le tablao disposent de deux types de tables :<\/p>\n<ul>\n<li><strong>Tables basses :<\/strong> elles sont situ\u00e9es au centre de la salle et sont les plus proches de la sc\u00e8ne et du spectacle de flamenco.<\/li>\n<li><strong>Tables hautes :<\/strong> elles se trouvent sur les c\u00f4t\u00e9s de la salle et, m\u00eame si elles sont plus \u00e9loign\u00e9es, elles offrent une visibilit\u00e9 parfaite sur la sc\u00e8ne et le show.<\/li>\n<\/ul>\n<\/div>\n\t\t\t\t<\/div>\n\t\t\t\t\t\t\t<div class=\"elementor-toggle-item\">\n\t\t\t\t\t<h3 id=\"elementor-tab-title-4112\" class=\"elementor-tab-title\" data-tab=\"2\" role=\"button\" aria-controls=\"elementor-tab-content-4112\" aria-expanded=\"false\">\n\t\t\t\t\t\t\t\t\t\t\t\t<span class=\"elementor-toggle-icon elementor-toggle-icon-right\" aria-hidden=\"true\">\n\t\t\t\t\t\t\t\t\t\t\t\t\t\t\t<span class=\"elementor-toggle-icon-closed\"><svg class=\"e-font-icon-svg e-fas-plus\" viewBox=\"0 0 448 512\" xmlns=\"http:\/\/www.w3.org\/2000\/svg\"><path d=\"M416 208H272V64c0-17.67-14.33-32-32-32h-32c-17.67 0-32 14.33-32 32v144H32c-17.67 0-32 14.33-32 32v32c0 17.67 14.33 32 32 32h144v144c0 17.67 14.33 32 32 32h32c17.67 0 32-14.33 32-32V304h144c17.67 0 32-14.33 32-32v-32c0-17.67-14.33-32-32-32z\"><\/path><\/svg><\/span>\n\t\t\t\t\t\t\t\t<span class=\"elementor-toggle-icon-opened\"><svg class=\"elementor-toggle-icon-opened e-font-icon-svg e-fas-minus\" viewBox=\"0 0 448 512\" xmlns=\"http:\/\/www.w3.org\/2000\/svg\"><path d=\"M416 208H32c-17.67 0-32 14.33-32 32v32c0 17.67 14.33 32 32 32h384c17.67 0 32-14.33 32-32v-32c0-17.67-14.33-32-32-32z\"><\/path><\/svg><\/span>\n\t\t\t\t\t\t\t\t\t\t\t\t\t<\/span>\n\t\t\t\t\t\t\t\t\t\t\t\t<a class=\"elementor-toggle-title\" tabindex=\"0\">Est-il n\u00e9cessaire de choisir le menu avant de se rendre au restaurant ?<\/a>\n\t\t\t\t\t<\/h3>\n\n\t\t\t\t\t<div id=\"elementor-tab-content-4112\" class=\"elementor-tab-content elementor-clearfix\" data-tab=\"2\" role=\"region\" aria-labelledby=\"elementor-tab-title-4112\"><div class=\"et_pb_toggle et_pb_module et_pb_accordion_item et_pb_accordion_item_1 et_pb_toggle_open\">\n<div class=\"et_pb_toggle_content clearfix\">\n<p>Ce n&rsquo;est pas n\u00e9cessaire. Vous pouvez choisir le menu de votre choix une fois dans le restaurant. Le menu est disponible sur notre site web.<\/p>\n<\/div>\n<\/div>\n<div class=\"et_pb_toggle et_pb_module et_pb_accordion_item et_pb_accordion_item_2 et_pb_toggle_close\"> <\/div>\n<\/div>\n\t\t\t\t<\/div>\n\t\t\t\t\t\t\t<div class=\"elementor-toggle-item\">\n\t\t\t\t\t<h3 id=\"elementor-tab-title-4113\" class=\"elementor-tab-title\" data-tab=\"3\" role=\"button\" aria-controls=\"elementor-tab-content-4113\" aria-expanded=\"false\">\n\t\t\t\t\t\t\t\t\t\t\t\t<span class=\"elementor-toggle-icon elementor-toggle-icon-right\" aria-hidden=\"true\">\n\t\t\t\t\t\t\t\t\t\t\t\t\t\t\t<span class=\"elementor-toggle-icon-closed\"><svg class=\"e-font-icon-svg e-fas-plus\" viewBox=\"0 0 448 512\" xmlns=\"http:\/\/www.w3.org\/2000\/svg\"><path d=\"M416 208H272V64c0-17.67-14.33-32-32-32h-32c-17.67 0-32 14.33-32 32v144H32c-17.67 0-32 14.33-32 32v32c0 17.67 14.33 32 32 32h144v144c0 17.67 14.33 32 32 32h32c17.67 0 32-14.33 32-32V304h144c17.67 0 32-14.33 32-32v-32c0-17.67-14.33-32-32-32z\"><\/path><\/svg><\/span>\n\t\t\t\t\t\t\t\t<span class=\"elementor-toggle-icon-opened\"><svg class=\"elementor-toggle-icon-opened e-font-icon-svg e-fas-minus\" viewBox=\"0 0 448 512\" xmlns=\"http:\/\/www.w3.org\/2000\/svg\"><path d=\"M416 208H32c-17.67 0-32 14.33-32 32v32c0 17.67 14.33 32 32 32h384c17.67 0 32-14.33 32-32v-32c0-17.67-14.33-32-32-32z\"><\/path><\/svg><\/span>\n\t\t\t\t\t\t\t\t\t\t\t\t\t<\/span>\n\t\t\t\t\t\t\t\t\t\t\t\t<a class=\"elementor-toggle-title\" tabindex=\"0\">Le d\u00eener-spectacle \u00e0 Grenade est-il un endroit pour touristes ?<\/a>\n\t\t\t\t\t<\/h3>\n\n\t\t\t\t\t<div id=\"elementor-tab-content-4113\" class=\"elementor-tab-content elementor-clearfix\" data-tab=\"3\" role=\"region\" aria-labelledby=\"elementor-tab-title-4113\"><div class=\"et_pb_toggle et_pb_module et_pb_accordion_item et_pb_accordion_item_2 et_pb_toggle_open\">\n<div class=\"et_pb_toggle_content clearfix\">\n<p>Le restaurant Los Jardines de Zoraya organise depuis plus de dix ans des d\u00eeners-spectacles \u00e0 Grenade pour tous les amoureux de l\u2019art et de la culture. Notre maison est un lieu qui accueille tous ceux qui veulent d\u00e9couvrir l&rsquo;art du flamenco, combin\u00e9 \u00e0 une excellente gastronomie.<\/p>\n<\/div>\n<\/div>\n<div class=\"et_pb_toggle et_pb_module et_pb_accordion_item et_pb_accordion_item_3 et_pb_toggle_close\"> <\/div>\n<\/div>\n\t\t\t\t<\/div>\n\t\t\t\t\t\t\t<div class=\"elementor-toggle-item\">\n\t\t\t\t\t<h3 id=\"elementor-tab-title-4114\" class=\"elementor-tab-title\" data-tab=\"4\" role=\"button\" aria-controls=\"elementor-tab-content-4114\" aria-expanded=\"false\">\n\t\t\t\t\t\t\t\t\t\t\t\t<span class=\"elementor-toggle-icon elementor-toggle-icon-right\" aria-hidden=\"true\">\n\t\t\t\t\t\t\t\t\t\t\t\t\t\t\t<span class=\"elementor-toggle-icon-closed\"><svg class=\"e-font-icon-svg e-fas-plus\" viewBox=\"0 0 448 512\" xmlns=\"http:\/\/www.w3.org\/2000\/svg\"><path d=\"M416 208H272V64c0-17.67-14.33-32-32-32h-32c-17.67 0-32 14.33-32 32v144H32c-17.67 0-32 14.33-32 32v32c0 17.67 14.33 32 32 32h144v144c0 17.67 14.33 32 32 32h32c17.67 0 32-14.33 32-32V304h144c17.67 0 32-14.33 32-32v-32c0-17.67-14.33-32-32-32z\"><\/path><\/svg><\/span>\n\t\t\t\t\t\t\t\t<span class=\"elementor-toggle-icon-opened\"><svg class=\"elementor-toggle-icon-opened e-font-icon-svg e-fas-minus\" viewBox=\"0 0 448 512\" xmlns=\"http:\/\/www.w3.org\/2000\/svg\"><path d=\"M416 208H32c-17.67 0-32 14.33-32 32v32c0 17.67 14.33 32 32 32h384c17.67 0 32-14.33 32-32v-32c0-17.67-14.33-32-32-32z\"><\/path><\/svg><\/span>\n\t\t\t\t\t\t\t\t\t\t\t\t\t<\/span>\n\t\t\t\t\t\t\t\t\t\t\t\t<a class=\"elementor-toggle-title\" tabindex=\"0\">O\u00f9 ont lieu le d\u00eener et le spectacle flamenco ?<\/a>\n\t\t\t\t\t<\/h3>\n\n\t\t\t\t\t<div id=\"elementor-tab-content-4114\" class=\"elementor-tab-content elementor-clearfix\" data-tab=\"4\" role=\"region\" aria-labelledby=\"elementor-tab-title-4114\"><div class=\"et_pb_toggle et_pb_module et_pb_accordion_item et_pb_accordion_item_3 et_pb_toggle_open\">\n<div class=\"et_pb_toggle_content clearfix\">\n<p>Le spectacle a lieu dans la salle du tablao. Le d\u00eener peut \u00e9galement \u00eatre servi dans la salle \u00e0 manger ou, en \u00e9t\u00e9, sur la terrasse, si le temps le permet. <\/p>\n<\/div>\n<\/div>\n<div class=\"et_pb_toggle et_pb_module et_pb_accordion_item et_pb_accordion_item_4 et_pb_toggle_close\"> <\/div>\n<\/div>\n\t\t\t\t<\/div>\n\t\t\t\t\t\t\t<div class=\"elementor-toggle-item\">\n\t\t\t\t\t<h3 id=\"elementor-tab-title-4115\" class=\"elementor-tab-title\" data-tab=\"5\" role=\"button\" aria-controls=\"elementor-tab-content-4115\" aria-expanded=\"false\">\n\t\t\t\t\t\t\t\t\t\t\t\t<span class=\"elementor-toggle-icon elementor-toggle-icon-right\" aria-hidden=\"true\">\n\t\t\t\t\t\t\t\t\t\t\t\t\t\t\t<span class=\"elementor-toggle-icon-closed\"><svg class=\"e-font-icon-svg e-fas-plus\" viewBox=\"0 0 448 512\" xmlns=\"http:\/\/www.w3.org\/2000\/svg\"><path d=\"M416 208H272V64c0-17.67-14.33-32-32-32h-32c-17.67 0-32 14.33-32 32v144H32c-17.67 0-32 14.33-32 32v32c0 17.67 14.33 32 32 32h144v144c0 17.67 14.33 32 32 32h32c17.67 0 32-14.33 32-32V304h144c17.67 0 32-14.33 32-32v-32c0-17.67-14.33-32-32-32z\"><\/path><\/svg><\/span>\n\t\t\t\t\t\t\t\t<span class=\"elementor-toggle-icon-opened\"><svg class=\"elementor-toggle-icon-opened e-font-icon-svg e-fas-minus\" viewBox=\"0 0 448 512\" xmlns=\"http:\/\/www.w3.org\/2000\/svg\"><path d=\"M416 208H32c-17.67 0-32 14.33-32 32v32c0 17.67 14.33 32 32 32h384c17.67 0 32-14.33 32-32v-32c0-17.67-14.33-32-32-32z\"><\/path><\/svg><\/span>\n\t\t\t\t\t\t\t\t\t\t\t\t\t<\/span>\n\t\t\t\t\t\t\t\t\t\t\t\t<a class=\"elementor-toggle-title\" tabindex=\"0\">Quel est le prix du tablao flamenco ?<\/a>\n\t\t\t\t\t<\/h3>\n\n\t\t\t\t\t<div id=\"elementor-tab-content-4115\" class=\"elementor-tab-content elementor-clearfix\" data-tab=\"5\" role=\"region\" aria-labelledby=\"elementor-tab-title-4115\"><div class=\"et_pb_toggle et_pb_module et_pb_accordion_item et_pb_accordion_item_4 et_pb_toggle_open\">\n<div class=\"et_pb_toggle_content clearfix\">\n<p>L&rsquo;entr\u00e9e g\u00e9n\u00e9rale au tablao est de 25 euros par adulte et de 15 euros par personne de 7 \u00e0 12 ans. Les enfants de moins de 7 ans sont gratuits. Le d\u00eener n&rsquo;est pas inclus dans ce prix. Uniquement la repr\u00e9sentation.<\/p>\n<\/div>\n<\/div>\n<\/div>\n\t\t\t\t<\/div>\n\t\t\t\t\t\t\t<div class=\"elementor-toggle-item\">\n\t\t\t\t\t<h3 id=\"elementor-tab-title-4116\" class=\"elementor-tab-title\" data-tab=\"6\" role=\"button\" aria-controls=\"elementor-tab-content-4116\" aria-expanded=\"false\">\n\t\t\t\t\t\t\t\t\t\t\t\t<span class=\"elementor-toggle-icon elementor-toggle-icon-right\" aria-hidden=\"true\">\n\t\t\t\t\t\t\t\t\t\t\t\t\t\t\t<span class=\"elementor-toggle-icon-closed\"><svg class=\"e-font-icon-svg e-fas-plus\" viewBox=\"0 0 448 512\" xmlns=\"http:\/\/www.w3.org\/2000\/svg\"><path d=\"M416 208H272V64c0-17.67-14.33-32-32-32h-32c-17.67 0-32 14.33-32 32v144H32c-17.67 0-32 14.33-32 32v32c0 17.67 14.33 32 32 32h144v144c0 17.67 14.33 32 32 32h32c17.67 0 32-14.33 32-32V304h144c17.67 0 32-14.33 32-32v-32c0-17.67-14.33-32-32-32z\"><\/path><\/svg><\/span>\n\t\t\t\t\t\t\t\t<span class=\"elementor-toggle-icon-opened\"><svg class=\"elementor-toggle-icon-opened e-font-icon-svg e-fas-minus\" viewBox=\"0 0 448 512\" xmlns=\"http:\/\/www.w3.org\/2000\/svg\"><path d=\"M416 208H32c-17.67 0-32 14.33-32 32v32c0 17.67 14.33 32 32 32h384c17.67 0 32-14.33 32-32v-32c0-17.67-14.33-32-32-32z\"><\/path><\/svg><\/span>\n\t\t\t\t\t\t\t\t\t\t\t\t\t<\/span>\n\t\t\t\t\t\t\t\t\t\t\t\t<a class=\"elementor-toggle-title\" tabindex=\"0\">Quel est le prix du menu ?<\/a>\n\t\t\t\t\t<\/h3>\n\n\t\t\t\t\t<div id=\"elementor-tab-content-4116\" class=\"elementor-tab-content elementor-clearfix\" data-tab=\"6\" role=\"region\" aria-labelledby=\"elementor-tab-title-4116\"><div id=\"main-content\">\n<article id=\"post-14690\" class=\"post-14690 page type-page status-publish has-post-thumbnail\">\n<div class=\"entry-content\">\n<div class=\"et-l et-l--post\">\n<div class=\"et_builder_inner_content et_pb_gutters3\">\n<div id=\"seccion-faqs\" class=\"et_pb_section et_pb_section_25 et_pb_with_background et_section_regular\">\n<div class=\"et_pb_row et_pb_row_32\">\n<div class=\"et_pb_column et_pb_column_4_4 et_pb_column_48 et_pb_css_mix_blend_mode_passthrough et-last-child\">\n<div id=\"acordeon-faqs\" class=\"et_pb_module et_pb_accordion et_pb_accordion_0 pa-add-accordion-icon\">\n<div class=\"et_pb_toggle et_pb_module et_pb_accordion_item et_pb_accordion_item_5 et_pb_toggle_open\">\n<div class=\"et_pb_toggle_content clearfix\">\n<p>Diff\u00e9rents menus et prix sont disponibles. Nous vous proposons le menu \u00ab\u00a0Sabores de Andaluc\u00eda\u00a0\u00bb (Saveurs d&rsquo;Andalousie), qui comprend des plats typiques de la r\u00e9gion et co\u00fbte environ 35 euros. Cependant, nous pouvons concevoir des menus sur mesure pour les groupes afin qu&rsquo;ils profitent du meilleur d\u00eener-spectacle de Grenade.  <\/p>\n<\/div>\n<\/div>\n<\/div>\n<\/div>\n<\/div>\n<\/div>\n<\/div>\n<\/div>\n<\/div>\n<\/article>\n<\/div>\n<footer class=\"et-l et-l--footer\">\n<div class=\"et_builder_inner_content et_pb_gutters3\">\n<div class=\"et_pb_with_border et_pb_section et_pb_section_0_tb_footer et_pb_with_background et_section_regular\">\n<div class=\"et_pb_with_border et_pb_row et_pb_row_0_tb_footer\">\n<div class=\"et_pb_column et_pb_column_4_4 et_pb_column_0_tb_footer et_pb_css_mix_blend_mode_passthrough et-last-child\">\n<div class=\"et_pb_module et_pb_text et_pb_text_0_tb_footer et_pb_text_align_center et_pb_bg_layout_light\">\n<div class=\"et_pb_text_inner\"> <\/div>\n<\/div>\n<\/div>\n<\/div>\n<\/div>\n<\/div>\n<\/footer>\n<\/div>\n\t\t\t\t<\/div>\n\t\t\t\t\t\t\t\t\t\t<script type=\"application\/ld+json\">{\"@context\":\"https:\\\/\\\/schema.org\",\"@type\":\"FAQPage\",\"mainEntity\":[{\"@type\":\"Question\",\"name\":\"Quels types de tables peuvent \\u00eatre r\\u00e9serv\\u00e9s dans le restaurant ?\",\"acceptedAnswer\":{\"@type\":\"Answer\",\"text\":\"<p>La salle \\u00e0 manger et le tablao disposent de deux types de tables :<\\\/p>\\n<ul>\\n<li><strong>Tables basses :<\\\/strong> elles sont situ\\u00e9es au centre de la salle et sont les plus proches de la sc\\u00e8ne et du spectacle de flamenco.<\\\/li>\\n<li><strong>Tables hautes :<\\\/strong> elles se trouvent sur les c\\u00f4t\\u00e9s de la salle et, m\\u00eame si elles sont plus \\u00e9loign\\u00e9es, elles offrent une visibilit\\u00e9 parfaite sur la sc\\u00e8ne et le show.<\\\/li>\\n<\\\/ul>\\n\"}},{\"@type\":\"Question\",\"name\":\"Est-il n\\u00e9cessaire de choisir le menu avant de se rendre au restaurant ?\",\"acceptedAnswer\":{\"@type\":\"Answer\",\"text\":\"<div class=\\\"et_pb_toggle et_pb_module et_pb_accordion_item et_pb_accordion_item_1 et_pb_toggle_open\\\">\\n<div class=\\\"et_pb_toggle_content clearfix\\\">\\n<p>Ce n&rsquo;est pas n\\u00e9cessaire. Vous pouvez choisir le menu de votre choix une fois dans le restaurant. Le menu est disponible sur notre site web.<\\\/p>\\n<\\\/div>\\n<\\\/div>\\n<div class=\\\"et_pb_toggle et_pb_module et_pb_accordion_item et_pb_accordion_item_2 et_pb_toggle_close\\\"> <\\\/div>\\n\"}},{\"@type\":\"Question\",\"name\":\"Le d\\u00eener-spectacle \\u00e0 Grenade est-il un endroit pour touristes ?\",\"acceptedAnswer\":{\"@type\":\"Answer\",\"text\":\"<div class=\\\"et_pb_toggle et_pb_module et_pb_accordion_item et_pb_accordion_item_2 et_pb_toggle_open\\\">\\n<div class=\\\"et_pb_toggle_content clearfix\\\">\\n<p>Le restaurant Los Jardines de Zoraya organise depuis plus de dix ans des d\\u00eeners-spectacles \\u00e0 Grenade pour tous les amoureux de l\\u2019art et de la culture. Notre maison est un lieu qui accueille tous ceux qui veulent d\\u00e9couvrir l&rsquo;art du flamenco, combin\\u00e9 \\u00e0 une excellente gastronomie.<\\\/p>\\n<\\\/div>\\n<\\\/div>\\n<div class=\\\"et_pb_toggle et_pb_module et_pb_accordion_item et_pb_accordion_item_3 et_pb_toggle_close\\\"> <\\\/div>\\n\"}},{\"@type\":\"Question\",\"name\":\"O\\u00f9 ont lieu le d\\u00eener et le spectacle flamenco ?\",\"acceptedAnswer\":{\"@type\":\"Answer\",\"text\":\"<div class=\\\"et_pb_toggle et_pb_module et_pb_accordion_item et_pb_accordion_item_3 et_pb_toggle_open\\\">\\n<div class=\\\"et_pb_toggle_content clearfix\\\">\\n<p>Le spectacle a lieu dans la salle du tablao. Le d\\u00eener peut \\u00e9galement \\u00eatre servi dans la salle \\u00e0 manger ou, en \\u00e9t\\u00e9, sur la terrasse, si le temps le permet. <\\\/p>\\n<\\\/div>\\n<\\\/div>\\n<div class=\\\"et_pb_toggle et_pb_module et_pb_accordion_item et_pb_accordion_item_4 et_pb_toggle_close\\\"> <\\\/div>\\n\"}},{\"@type\":\"Question\",\"name\":\"Quel est le prix du tablao flamenco ?\",\"acceptedAnswer\":{\"@type\":\"Answer\",\"text\":\"<div class=\\\"et_pb_toggle et_pb_module et_pb_accordion_item et_pb_accordion_item_4 et_pb_toggle_open\\\">\\n<div class=\\\"et_pb_toggle_content clearfix\\\">\\n<p>L&rsquo;entr\\u00e9e g\\u00e9n\\u00e9rale au tablao est de 25 euros par adulte et de 15 euros par personne de 7 \\u00e0 12 ans. Les enfants de moins de 7 ans sont gratuits. Le d\\u00eener n&rsquo;est pas inclus dans ce prix. Uniquement la repr\\u00e9sentation.<\\\/p>\\n<\\\/div>\\n<\\\/div>\\n\"}},{\"@type\":\"Question\",\"name\":\"Quel est le prix du menu ?\",\"acceptedAnswer\":{\"@type\":\"Answer\",\"text\":\"<div id=\\\"main-content\\\">\\n<article id=\\\"post-14690\\\" class=\\\"post-14690 page type-page status-publish has-post-thumbnail\\\">\\n<div class=\\\"entry-content\\\">\\n<div class=\\\"et-l et-l--post\\\">\\n<div class=\\\"et_builder_inner_content et_pb_gutters3\\\">\\n<div id=\\\"seccion-faqs\\\" class=\\\"et_pb_section et_pb_section_25 et_pb_with_background et_section_regular\\\">\\n<div class=\\\"et_pb_row et_pb_row_32\\\">\\n<div class=\\\"et_pb_column et_pb_column_4_4 et_pb_column_48 et_pb_css_mix_blend_mode_passthrough et-last-child\\\">\\n<div id=\\\"acordeon-faqs\\\" class=\\\"et_pb_module et_pb_accordion et_pb_accordion_0 pa-add-accordion-icon\\\">\\n<div class=\\\"et_pb_toggle et_pb_module et_pb_accordion_item et_pb_accordion_item_5 et_pb_toggle_open\\\">\\n<div class=\\\"et_pb_toggle_content clearfix\\\">\\n<p>Diff\\u00e9rents menus et prix sont disponibles. Nous vous proposons le menu \\u00ab\\u00a0Sabores de Andaluc\\u00eda\\u00a0\\u00bb (Saveurs d&rsquo;Andalousie), qui comprend des plats typiques de la r\\u00e9gion et co\\u00fbte environ 35 euros. Cependant, nous pouvons concevoir des menus sur mesure pour les groupes afin qu&rsquo;ils profitent du meilleur d\\u00eener-spectacle de Grenade.  <\\\/p>\\n<\\\/div>\\n<\\\/div>\\n<\\\/div>\\n<\\\/div>\\n<\\\/div>\\n<\\\/div>\\n<\\\/div>\\n<\\\/div>\\n<\\\/div>\\n<\\\/article>\\n<\\\/div>\\n<footer class=\\\"et-l et-l--footer\\\">\\n<div class=\\\"et_builder_inner_content et_pb_gutters3\\\">\\n<div class=\\\"et_pb_with_border et_pb_section et_pb_section_0_tb_footer et_pb_with_background et_section_regular\\\">\\n<div class=\\\"et_pb_with_border et_pb_row et_pb_row_0_tb_footer\\\">\\n<div class=\\\"et_pb_column et_pb_column_4_4 et_pb_column_0_tb_footer et_pb_css_mix_blend_mode_passthrough et-last-child\\\">\\n<div class=\\\"et_pb_module et_pb_text et_pb_text_0_tb_footer et_pb_text_align_center et_pb_bg_layout_light\\\">\\n<div class=\\\"et_pb_text_inner\\\"> <\\\/div>\\n<\\\/div>\\n<\\\/div>\\n<\\\/div>\\n<\\\/div>\\n<\\\/div>\\n<\\\/footer>\\n\"}}]}<\/script>\n\t\t\t\t\t<\/div>\n\t\t\t\t\t\t<\/div>\n\t\t\t\t<\/div>\n\t\t\t\t\t<\/div>\n\t\t\t\t<\/div>\n\t\t\t\t<\/div>\n\t\t","protected":false},"excerpt":{"rendered":"<p>D\u00ceNER AVEC SPECTACLE FLAMENCO \u00c0 GRENADE Profite d\u2019une exp\u00e9rience de d\u00eener avec spectacle \u00e0 Grenade dans l\u2019un des meilleurs restaurants de l\u2019Albaic\u00edn. Gastronomie espagnole, pr\u00e9par\u00e9e avec des ingr\u00e9dients de premi\u00e8re qualit\u00e9. 10 ans en tant que lieu d\u2019excellence sur Tripadvisor Reserver Voir la carte SPECTACLE FLAMENCO AVEC D\u00ceNER DANS UN \u00ab CARMEN \u00bb \u00c0 L\u2019ALBAIC\u00cdN [&hellip;]<\/p>\n","protected":false},"author":8,"featured_media":0,"parent":0,"menu_order":0,"comment_status":"closed","ping_status":"closed","template":"","meta":{"_acf_changed":false,"footnotes":""},"class_list":["post-28129","page","type-page","status-publish","hentry"],"acf":[],"yoast_head":"<!-- This site is optimized with the Yoast SEO plugin v27.4 - https:\/\/yoast.com\/product\/yoast-seo-wordpress\/ -->\n<title>D\u00eener avec spectacle flamenco \u00e0 Grenade | Jardines de Zoraya<\/title>\n<meta name=\"description\" content=\"Aux Jardines de Zoraya, tu pourras profiter d\u2019un d\u00eener avec spectacle \u00e0 Grenade. Profite d\u2019une soir\u00e9e unique de gastronomie et de flamenco \u00e0.\" \/>\n<meta name=\"robots\" content=\"index, follow, max-snippet:-1, max-image-preview:large, max-video-preview:-1\" \/>\n<link rel=\"canonical\" href=\"https:\/\/flamencogranada.com\/fr\/restaurant\/\" \/>\n<meta property=\"og:locale\" content=\"fr_FR\" \/>\n<meta property=\"og:type\" content=\"article\" \/>\n<meta property=\"og:title\" content=\"Profite d\u2019un d\u00eener avec spectacle flamenco \u00e0 Grenade\" \/>\n<meta property=\"og:description\" content=\"Aux Jardines de Zoraya, tu pourras profiter d\u2019un d\u00eener avec spectacle \u00e0 Grenade. Profite d\u2019une soir\u00e9e unique de gastronomie et de flamenco \u00e0.\" \/>\n<meta property=\"og:url\" content=\"https:\/\/flamencogranada.com\/fr\/restaurant\/\" \/>\n<meta property=\"og:site_name\" content=\"Jardines de Zoraya\" \/>\n<meta property=\"article:publisher\" content=\"https:\/\/www.facebook.com\/RestauranteFlamencoGranada\/\" \/>\n<meta property=\"article:modified_time\" content=\"2026-04-25T10:32:05+00:00\" \/>\n<meta property=\"og:image\" content=\"https:\/\/flamencogranada.com\/wp-content\/uploads\/2026\/04\/mejor-tablao-flamenco-en-granada-tripadvisor-scaled.png?wsr\" \/>\n\t<meta property=\"og:image:width\" content=\"2560\" \/>\n\t<meta property=\"og:image:height\" content=\"342\" \/>\n\t<meta property=\"og:image:type\" content=\"image\/png\" \/>\n<meta name=\"twitter:card\" content=\"summary_large_image\" \/>\n<meta name=\"twitter:label1\" content=\"Dur\u00e9e de lecture estim\u00e9e\" \/>\n\t<meta name=\"twitter:data1\" content=\"9 minutes\" \/>\n<!-- \/ Yoast SEO plugin. -->","yoast_head_json":{"title":"D\u00eener avec spectacle flamenco \u00e0 Grenade | Jardines de Zoraya","description":"Aux Jardines de Zoraya, tu pourras profiter d\u2019un d\u00eener avec spectacle \u00e0 Grenade. Profite d\u2019une soir\u00e9e unique de gastronomie et de flamenco \u00e0.","robots":{"index":"index","follow":"follow","max-snippet":"max-snippet:-1","max-image-preview":"max-image-preview:large","max-video-preview":"max-video-preview:-1"},"canonical":"https:\/\/flamencogranada.com\/fr\/restaurant\/","og_locale":"fr_FR","og_type":"article","og_title":"Profite d\u2019un d\u00eener avec spectacle flamenco \u00e0 Grenade","og_description":"Aux Jardines de Zoraya, tu pourras profiter d\u2019un d\u00eener avec spectacle \u00e0 Grenade. Profite d\u2019une soir\u00e9e unique de gastronomie et de flamenco \u00e0.","og_url":"https:\/\/flamencogranada.com\/fr\/restaurant\/","og_site_name":"Jardines de Zoraya","article_publisher":"https:\/\/www.facebook.com\/RestauranteFlamencoGranada\/","article_modified_time":"2026-04-25T10:32:05+00:00","og_image":[{"width":2560,"height":342,"url":"https:\/\/flamencogranada.com\/wp-content\/uploads\/2026\/04\/mejor-tablao-flamenco-en-granada-tripadvisor-scaled.png?wsr","type":"image\/png"}],"twitter_card":"summary_large_image","twitter_misc":{"Dur\u00e9e de lecture estim\u00e9e":"9 minutes"},"schema":{"@context":"https:\/\/schema.org","@graph":[{"@type":"WebPage","@id":"https:\/\/flamencogranada.com\/fr\/restaurant\/","url":"https:\/\/flamencogranada.com\/fr\/restaurant\/","name":"D\u00eener avec spectacle flamenco \u00e0 Grenade | Jardines de Zoraya","isPartOf":{"@id":"https:\/\/flamencogranada.com\/fr\/#website"},"primaryImageOfPage":{"@id":"https:\/\/flamencogranada.com\/fr\/restaurant\/#primaryimage"},"image":{"@id":"https:\/\/flamencogranada.com\/fr\/restaurant\/#primaryimage"},"thumbnailUrl":"https:\/\/flamencogranada.com\/wp-content\/uploads\/2026\/04\/mejor-tablao-flamenco-en-granada-tripadvisor-1024x137.png?wsr","datePublished":"2024-06-25T13:09:27+00:00","dateModified":"2026-04-25T10:32:05+00:00","description":"Aux Jardines de Zoraya, tu pourras profiter d\u2019un d\u00eener avec spectacle \u00e0 Grenade. Profite d\u2019une soir\u00e9e unique de gastronomie et de flamenco \u00e0.","breadcrumb":{"@id":"https:\/\/flamencogranada.com\/fr\/restaurant\/#breadcrumb"},"inLanguage":"fr-FR","potentialAction":[{"@type":"ReadAction","target":["https:\/\/flamencogranada.com\/fr\/restaurant\/"]}]},{"@type":"ImageObject","inLanguage":"fr-FR","@id":"https:\/\/flamencogranada.com\/fr\/restaurant\/#primaryimage","url":"https:\/\/flamencogranada.com\/wp-content\/uploads\/2026\/04\/mejor-tablao-flamenco-en-granada-tripadvisor-1024x137.png?wsr","contentUrl":"https:\/\/flamencogranada.com\/wp-content\/uploads\/2026\/04\/mejor-tablao-flamenco-en-granada-tripadvisor-1024x137.png?wsr"},{"@type":"BreadcrumbList","@id":"https:\/\/flamencogranada.com\/fr\/restaurant\/#breadcrumb","itemListElement":[{"@type":"ListItem","position":1,"name":"Accueil","item":"https:\/\/flamencogranada.com\/fr\/"},{"@type":"ListItem","position":2,"name":"Restaurant"}]},{"@type":"WebSite","@id":"https:\/\/flamencogranada.com\/fr\/#website","url":"https:\/\/flamencogranada.com\/fr\/","name":"Jardines Zoraya","description":"Aut\u00e9ntico espect\u00e1culo flamenco en Granada para disfrutar del arte y el baile mientras degustas platos andaluces tradicionales en un tablao en el Albaic\u00edn.","publisher":{"@id":"https:\/\/flamencogranada.com\/fr\/#organization"},"alternateName":"Flamenco en Granada","potentialAction":[{"@type":"SearchAction","target":{"@type":"EntryPoint","urlTemplate":"https:\/\/flamencogranada.com\/fr\/?s={search_term_string}"},"query-input":{"@type":"PropertyValueSpecification","valueRequired":true,"valueName":"search_term_string"}}],"inLanguage":"fr-FR"},{"@type":"Organization","@id":"https:\/\/flamencogranada.com\/fr\/#organization","name":"Jardines de Zoraya Flamenco Granada","alternateName":"Jardines de Zoraya","url":"https:\/\/flamencogranada.com\/fr\/","logo":{"@type":"ImageObject","inLanguage":"fr-FR","@id":"https:\/\/flamencogranada.com\/fr\/#\/schema\/logo\/image\/","url":"https:\/\/flamencogranada.com\/wp-content\/uploads\/2024\/06\/logo-invertido.png?wsr","contentUrl":"https:\/\/flamencogranada.com\/wp-content\/uploads\/2024\/06\/logo-invertido.png?wsr","width":208,"height":102,"caption":"Jardines de Zoraya Flamenco Granada"},"image":{"@id":"https:\/\/flamencogranada.com\/fr\/#\/schema\/logo\/image\/"},"sameAs":["https:\/\/www.facebook.com\/RestauranteFlamencoGranada\/","https:\/\/www.instagram.com\/tablaojardinesdezoraya\/","https:\/\/www.tiktok.com\/@flamencogranada"]}]}},"_links":{"self":[{"href":"https:\/\/flamencogranada.com\/fr\/wp-json\/wp\/v2\/pages\/28129","targetHints":{"allow":["GET"]}}],"collection":[{"href":"https:\/\/flamencogranada.com\/fr\/wp-json\/wp\/v2\/pages"}],"about":[{"href":"https:\/\/flamencogranada.com\/fr\/wp-json\/wp\/v2\/types\/page"}],"author":[{"embeddable":true,"href":"https:\/\/flamencogranada.com\/fr\/wp-json\/wp\/v2\/users\/8"}],"replies":[{"embeddable":true,"href":"https:\/\/flamencogranada.com\/fr\/wp-json\/wp\/v2\/comments?post=28129"}],"version-history":[{"count":2,"href":"https:\/\/flamencogranada.com\/fr\/wp-json\/wp\/v2\/pages\/28129\/revisions"}],"predecessor-version":[{"id":38978,"href":"https:\/\/flamencogranada.com\/fr\/wp-json\/wp\/v2\/pages\/28129\/revisions\/38978"}],"wp:attachment":[{"href":"https:\/\/flamencogranada.com\/fr\/wp-json\/wp\/v2\/media?parent=28129"}],"curies":[{"name":"wp","href":"https:\/\/api.w.org\/{rel}","templated":true}]}}