{"id":28112,"date":"2024-06-25T15:09:40","date_gmt":"2024-06-25T13:09:40","guid":{"rendered":"https:\/\/flamencogranada.com\/evenements-de-groupe\/"},"modified":"2025-07-15T10:24:22","modified_gmt":"2025-07-15T08:24:22","slug":"evenements-de-groupe","status":"publish","type":"page","link":"https:\/\/flamencogranada.com\/fr\/evenements-de-groupe\/","title":{"rendered":"Ev\u00e9nements de groupe"},"content":{"rendered":"\t\t<div data-elementor-type=\"wp-page\" data-elementor-id=\"28112\" class=\"elementor elementor-28112 elementor-19\" data-elementor-post-type=\"page\">\n\t\t\t\t<div class=\"elementor-element elementor-element-53055e7 e-flex e-con-boxed e-con e-parent\" data-id=\"53055e7\" data-element_type=\"container\" data-e-type=\"container\" data-settings=\"{&quot;background_background&quot;:&quot;classic&quot;}\">\n\t\t\t\t\t<div class=\"e-con-inner\">\n\t\t\t\t<div class=\"elementor-element elementor-element-79995d7 elementor-widget elementor-widget-breadcrumbs\" data-id=\"79995d7\" data-element_type=\"widget\" data-e-type=\"widget\" data-widget_type=\"breadcrumbs.default\">\n\t\t\t\t<div class=\"elementor-widget-container\">\n\t\t\t\t\t<p id=\"breadcrumbs\"><span><span><a href=\"https:\/\/flamencogranada.com\/fr\/\">Accueil<\/a><\/span><\/span><\/p>\t\t\t\t<\/div>\n\t\t\t\t<\/div>\n\t\t<div class=\"elementor-element elementor-element-e4c3b1b e-con-full e-flex e-con e-child\" data-id=\"e4c3b1b\" data-element_type=\"container\" data-e-type=\"container\">\n\t\t\t\t<div class=\"elementor-element elementor-element-3385f00 elementor-widget elementor-widget-heading\" data-id=\"3385f00\" data-element_type=\"widget\" data-e-type=\"widget\" data-widget_type=\"heading.default\">\n\t\t\t\t<div class=\"elementor-widget-container\">\n\t\t\t\t\t<h1 class=\"elementor-heading-title elementor-size-default\">EVENEMENTS POUR<br>\nGROUPES<\/h1>\t\t\t\t<\/div>\n\t\t\t\t<\/div>\n\t\t\t\t<\/div>\n\t\t\t\t<div class=\"elementor-element elementor-element-b1e7ba5 elementor-widget elementor-widget-spacer\" data-id=\"b1e7ba5\" data-element_type=\"widget\" data-e-type=\"widget\" data-widget_type=\"spacer.default\">\n\t\t\t\t<div class=\"elementor-widget-container\">\n\t\t\t\t\t\t\t<div class=\"elementor-spacer\">\n\t\t\t<div class=\"elementor-spacer-inner\"><\/div>\n\t\t<\/div>\n\t\t\t\t\t\t<\/div>\n\t\t\t\t<\/div>\n\t\t\t\t\t<\/div>\n\t\t\t\t<\/div>\n\t\t<div class=\"elementor-element elementor-element-491fcca e-flex e-con-boxed e-con e-parent\" data-id=\"491fcca\" data-element_type=\"container\" data-e-type=\"container\">\n\t\t\t\t\t<div class=\"e-con-inner\">\n\t\t<div class=\"elementor-element elementor-element-33fa54d e-con-full e-flex e-con e-child\" data-id=\"33fa54d\" data-element_type=\"container\" data-e-type=\"container\">\n\t\t\t\t<div class=\"elementor-element elementor-element-666c1d5 elementor-widget elementor-widget-image-carousel\" data-id=\"666c1d5\" data-element_type=\"widget\" data-e-type=\"widget\" data-settings=\"{&quot;slides_to_show&quot;:&quot;1&quot;,&quot;navigation&quot;:&quot;none&quot;,&quot;effect&quot;:&quot;fade&quot;,&quot;autoplay&quot;:&quot;yes&quot;,&quot;pause_on_hover&quot;:&quot;yes&quot;,&quot;pause_on_interaction&quot;:&quot;yes&quot;,&quot;autoplay_speed&quot;:5000,&quot;infinite&quot;:&quot;yes&quot;,&quot;speed&quot;:500}\" data-widget_type=\"image-carousel.default\">\n\t\t\t\t<div class=\"elementor-widget-container\">\n\t\t\t\t\t\t\t<div class=\"elementor-image-carousel-wrapper swiper\" role=\"region\" aria-roledescription=\"carousel\" aria-label=\"Carrousel d\u2019images\" dir=\"ltr\">\n\t\t\t<div class=\"elementor-image-carousel swiper-wrapper swiper-image-stretch\" aria-live=\"off\">\n\t\t\t\t\t\t\t\t<div class=\"swiper-slide\" role=\"group\" aria-roledescription=\"slide\" aria-label=\"1 sur 2\"><figure class=\"swiper-slide-inner\"><img decoding=\"async\" class=\"swiper-slide-image\" src=\"https:\/\/flamencogranada.com\/wp-content\/uploads\/2024\/06\/Jardines-Zoraya5DJK4862-Grande-768x768.webp\" alt=\"Jardines-Zoraya5DJK4862-Grande\" \/><\/figure><\/div><div class=\"swiper-slide\" role=\"group\" aria-roledescription=\"slide\" aria-label=\"2 sur 2\"><figure class=\"swiper-slide-inner\"><img decoding=\"async\" class=\"swiper-slide-image\" src=\"https:\/\/flamencogranada.com\/wp-content\/uploads\/2024\/06\/Jardines-Zoraya5DJK4845-Grande-768x768.webp\" alt=\"Jardines-Zoraya5DJK4845-Grande\" \/><\/figure><\/div>\t\t\t<\/div>\n\t\t\t\t\t\t\t\n\t\t\t\t\t\t\t\t\t<\/div>\n\t\t\t\t\t\t<\/div>\n\t\t\t\t<\/div>\n\t\t\t\t<\/div>\n\t\t<div class=\"elementor-element elementor-element-b29642d e-con-full e-flex e-con e-child\" data-id=\"b29642d\" data-element_type=\"container\" data-e-type=\"container\">\n\t\t\t\t<div class=\"elementor-element elementor-element-01876a8 elementor-widget-mobile__width-inherit elementor-widget elementor-widget-heading\" data-id=\"01876a8\" data-element_type=\"widget\" data-e-type=\"widget\" data-widget_type=\"heading.default\">\n\t\t\t\t<div class=\"elementor-widget-container\">\n\t\t\t\t\t<h2 class=\"elementor-heading-title elementor-size-default\">NOTRE SALLE D'\u00c9V\u00c9NEMENTS<\/h2>\t\t\t\t<\/div>\n\t\t\t\t<\/div>\n\t\t\t\t<div class=\"elementor-element elementor-element-6ad543b elementor-widget-mobile__width-inherit elementor-widget elementor-widget-text-editor\" data-id=\"6ad543b\" data-element_type=\"widget\" data-e-type=\"widget\" data-widget_type=\"text-editor.default\">\n\t\t\t\t<div class=\"elementor-widget-container\">\n\t\t\t\t\t\t\t\t\t<p>Vos c\u00e9l\u00e9brations sous le signe du flamenco<\/p>\n\t\t\t\t\t\t\t\t<\/div>\n\t\t\t\t<\/div>\n\t\t\t\t<div class=\"elementor-element elementor-element-e8c0fb0 elementor-widget elementor-widget-text-editor\" data-id=\"e8c0fb0\" data-element_type=\"widget\" data-e-type=\"widget\" data-widget_type=\"text-editor.default\">\n\t\t\t\t<div class=\"elementor-widget-container\">\n\t\t\t\t\t\t\t\t\t<p>El Jard\u00edn de Zoraya est l&rsquo;endroit id\u00e9al pour organiser des \u00e9v\u00e9nements pour des groupes \u00e0 Grenade, qu&rsquo;il s&rsquo;agisse d&rsquo;une c\u00e9l\u00e9bration, d&rsquo;un anniversaire, d&rsquo;un d\u00eener d&rsquo;entreprise, d&rsquo;un enterrement de vie de gar\u00e7on ou de jeune fille, d&rsquo;une f\u00eate ou d&rsquo;une r\u00e9union professionnelle. Profitez d&rsquo;une exp\u00e9rience fantastique qui associe la gastronomie m\u00e9diterran\u00e9enne typique au spectacle de flamenco le plus authentique.<\/p>\n<p>Nous disposons d&rsquo;une salle d&rsquo;une capacit\u00e9 de 120 personnes et d&rsquo;un jardin ext\u00e9rieur pouvant accueillir jusqu&rsquo;\u00e0 150 invit\u00e9s. Le salon peut \u00eatre utilis\u00e9 pour des projections et dispose d&rsquo;une sc\u00e8ne avec un syst\u00e8me de sonorisation. C&rsquo;est l&rsquo;endroit id\u00e9al pour surprendre vos proches avec un d\u00e9licieux repas et des chants et des danses flamenco.<\/p>\n<p>Nous nous adaptons \u00e9galement \u00e0 vos \u00e9v\u00e9nements gr\u00e2ce \u00e0 notre service \u00e0 la carte dans les h\u00f4tels. Nous vous apportons notre tablao.<\/p>\n\t\t\t\t\t\t\t\t<\/div>\n\t\t\t\t<\/div>\n\t\t\t\t<\/div>\n\t\t\t\t\t<\/div>\n\t\t\t\t<\/div>\n\t\t<div class=\"elementor-element elementor-element-6aed639 e-flex e-con-boxed e-con e-parent\" data-id=\"6aed639\" data-element_type=\"container\" data-e-type=\"container\" data-settings=\"{&quot;background_background&quot;:&quot;classic&quot;}\">\n\t\t\t\t\t<div class=\"e-con-inner\">\n\t\t<div class=\"elementor-element elementor-element-e8a0a95 e-con-full e-flex e-con e-child\" data-id=\"e8a0a95\" data-element_type=\"container\" data-e-type=\"container\">\n\t\t<div class=\"elementor-element elementor-element-5d81a3b e-con-full e-flex e-con e-child\" data-id=\"5d81a3b\" data-element_type=\"container\" data-e-type=\"container\">\n\t\t\t\t<div class=\"elementor-element elementor-element-8f9fca7 elementor-widget elementor-widget-heading\" data-id=\"8f9fca7\" data-element_type=\"widget\" data-e-type=\"widget\" data-widget_type=\"heading.default\">\n\t\t\t\t<div class=\"elementor-widget-container\">\n\t\t\t\t\t<h2 class=\"elementor-heading-title elementor-size-default\">MENUS SUR MESURE AVEC ANIMATION<\/h2>\t\t\t\t<\/div>\n\t\t\t\t<\/div>\n\t\t\t\t<div class=\"elementor-element elementor-element-f867f25 elementor-widget elementor-widget-text-editor\" data-id=\"f867f25\" data-element_type=\"widget\" data-e-type=\"widget\" data-widget_type=\"text-editor.default\">\n\t\t\t\t<div class=\"elementor-widget-container\">\n\t\t\t\t\t\t\t\t\t<p>Cuisine m\u00e9diterran\u00e9enne<\/p>\n\t\t\t\t\t\t\t\t<\/div>\n\t\t\t\t<\/div>\n\t\t\t\t<div class=\"elementor-element elementor-element-86982de elementor-widget elementor-widget-text-editor\" data-id=\"86982de\" data-element_type=\"widget\" data-e-type=\"widget\" data-widget_type=\"text-editor.default\">\n\t\t\t\t<div class=\"elementor-widget-container\">\n\t\t\t\t\t\t\t\t\tNous organisons votre d\u00eener ou votre d\u00e9jeuner avec un menu de plats typiquement espagnols. Nous nous adaptons \u00e9galement aux besoins de nos clients en leur proposant des menus personnalis\u00e9s. Vous pouvez d\u00e9guster une excellente gastronomie locale entour\u00e9 de vos amis, de votre famille ou de vos coll\u00e8gues, tout en assistant \u00e0 un spectacle de flamenco en direct. N&rsquo;h\u00e9sitez pas \u00e0 appeler notre bureau de 10h \u00e0 18h pour plus d&rsquo;informations.\n\n\t\t\t\t\t\t\t\t<\/div>\n\t\t\t\t<\/div>\n\t\t\t\t<div class=\"elementor-element elementor-element-818a03f elementor-mobile-align-justify elementor-widget elementor-widget-button\" data-id=\"818a03f\" data-element_type=\"widget\" data-e-type=\"widget\" data-widget_type=\"button.default\">\n\t\t\t\t<div class=\"elementor-widget-container\">\n\t\t\t\t\t\t\t\t\t<div class=\"elementor-button-wrapper\">\n\t\t\t\t\t<a class=\"elementor-button elementor-button-link elementor-size-sm\" href=\"https:\/\/flamencogranada.com\/fr\/restaurant\/\">\n\t\t\t\t\t\t<span class=\"elementor-button-content-wrapper\">\n\t\t\t\t\t\t\t\t\t<span class=\"elementor-button-text\">VOIR LA CARTE DU RESTAURANT<\/span>\n\t\t\t\t\t<\/span>\n\t\t\t\t\t<\/a>\n\t\t\t\t<\/div>\n\t\t\t\t\t\t\t\t<\/div>\n\t\t\t\t<\/div>\n\t\t\t\t<\/div>\n\t\t<div class=\"elementor-element elementor-element-814a1b3 e-con-full elementor-hidden-mobile e-flex e-con e-child\" data-id=\"814a1b3\" data-element_type=\"container\" data-e-type=\"container\">\n\t\t\t\t<div class=\"elementor-element elementor-element-3b3c334 elementor-widget elementor-widget-image-carousel\" data-id=\"3b3c334\" data-element_type=\"widget\" data-e-type=\"widget\" data-settings=\"{&quot;slides_to_show&quot;:&quot;1&quot;,&quot;navigation&quot;:&quot;none&quot;,&quot;effect&quot;:&quot;fade&quot;,&quot;autoplay&quot;:&quot;yes&quot;,&quot;pause_on_hover&quot;:&quot;yes&quot;,&quot;pause_on_interaction&quot;:&quot;yes&quot;,&quot;autoplay_speed&quot;:5000,&quot;infinite&quot;:&quot;yes&quot;,&quot;speed&quot;:500}\" data-widget_type=\"image-carousel.default\">\n\t\t\t\t<div class=\"elementor-widget-container\">\n\t\t\t\t\t\t\t<div class=\"elementor-image-carousel-wrapper swiper\" role=\"region\" aria-roledescription=\"carousel\" aria-label=\"Carrousel d\u2019images\" dir=\"ltr\">\n\t\t\t<div class=\"elementor-image-carousel swiper-wrapper\" aria-live=\"off\">\n\t\t\t\t\t\t\t\t<div class=\"swiper-slide\" role=\"group\" aria-roledescription=\"slide\" aria-label=\"1 sur 5\"><figure class=\"swiper-slide-inner\"><img decoding=\"async\" class=\"swiper-slide-image\" src=\"https:\/\/flamencogranada.com\/wp-content\/uploads\/2024\/06\/flamenco-restaurante-malaga-6417.webp\" alt=\"\" \/><\/figure><\/div><div class=\"swiper-slide\" role=\"group\" aria-roledescription=\"slide\" aria-label=\"2 sur 5\"><figure class=\"swiper-slide-inner\"><img decoding=\"async\" class=\"swiper-slide-image\" src=\"https:\/\/flamencogranada.com\/wp-content\/uploads\/2024\/06\/flamenco-restaurante-malaga-6453.webp\" alt=\"\" \/><\/figure><\/div><div class=\"swiper-slide\" role=\"group\" aria-roledescription=\"slide\" aria-label=\"3 sur 5\"><figure class=\"swiper-slide-inner\"><img decoding=\"async\" class=\"swiper-slide-image\" src=\"https:\/\/flamencogranada.com\/wp-content\/uploads\/2024\/06\/flamenco-restaurante-malaga-6313.webp\" alt=\"\" \/><\/figure><\/div><div class=\"swiper-slide\" role=\"group\" aria-roledescription=\"slide\" aria-label=\"4 sur 5\"><figure class=\"swiper-slide-inner\"><img decoding=\"async\" class=\"swiper-slide-image\" src=\"https:\/\/flamencogranada.com\/wp-content\/uploads\/2024\/06\/flamenco-restaurante-malaga6428.webp\" alt=\"\" \/><\/figure><\/div><div class=\"swiper-slide\" role=\"group\" aria-roledescription=\"slide\" aria-label=\"5 sur 5\"><figure class=\"swiper-slide-inner\"><img decoding=\"async\" class=\"swiper-slide-image\" src=\"https:\/\/flamencogranada.com\/wp-content\/uploads\/2024\/06\/flamenco-restaurante-Malaga-6523.webp\" alt=\"\" \/><\/figure><\/div>\t\t\t<\/div>\n\t\t\t\t\t\t\t\n\t\t\t\t\t\t\t\t\t<\/div>\n\t\t\t\t\t\t<\/div>\n\t\t\t\t<\/div>\n\t\t\t\t<\/div>\n\t\t\t\t<\/div>\n\t\t\t\t\t<\/div>\n\t\t\t\t<\/div>\n\t\t<div class=\"elementor-element elementor-element-ac822bf e-flex e-con-boxed e-con e-parent\" data-id=\"ac822bf\" data-element_type=\"container\" data-e-type=\"container\">\n\t\t\t\t\t<div class=\"e-con-inner\">\n\t\t<div class=\"elementor-element elementor-element-b9ad4bb e-con-full elementor-hidden-mobile e-flex e-con e-child\" data-id=\"b9ad4bb\" data-element_type=\"container\" data-e-type=\"container\">\n\t\t\t\t<div class=\"elementor-element elementor-element-c97239b elementor-widget elementor-widget-image-carousel\" data-id=\"c97239b\" data-element_type=\"widget\" data-e-type=\"widget\" data-settings=\"{&quot;slides_to_show&quot;:&quot;1&quot;,&quot;navigation&quot;:&quot;none&quot;,&quot;effect&quot;:&quot;fade&quot;,&quot;autoplay&quot;:&quot;yes&quot;,&quot;pause_on_hover&quot;:&quot;yes&quot;,&quot;pause_on_interaction&quot;:&quot;yes&quot;,&quot;autoplay_speed&quot;:5000,&quot;infinite&quot;:&quot;yes&quot;,&quot;speed&quot;:500}\" data-widget_type=\"image-carousel.default\">\n\t\t\t\t<div class=\"elementor-widget-container\">\n\t\t\t\t\t\t\t<div class=\"elementor-image-carousel-wrapper swiper\" role=\"region\" aria-roledescription=\"carousel\" aria-label=\"Carrousel d\u2019images\" dir=\"ltr\">\n\t\t\t<div class=\"elementor-image-carousel swiper-wrapper\" aria-live=\"off\">\n\t\t\t\t\t\t\t\t<div class=\"swiper-slide\" role=\"group\" aria-roledescription=\"slide\" aria-label=\"1 sur 5\"><figure class=\"swiper-slide-inner\"><img decoding=\"async\" class=\"swiper-slide-image\" src=\"https:\/\/flamencogranada.com\/wp-content\/uploads\/2023\/05\/artista-marcos-palometas-2-1.jpg\" alt=\"\" \/><\/figure><\/div><div class=\"swiper-slide\" role=\"group\" aria-roledescription=\"slide\" aria-label=\"2 sur 5\"><figure class=\"swiper-slide-inner\"><img decoding=\"async\" class=\"swiper-slide-image\" src=\"https:\/\/flamencogranada.com\/wp-content\/uploads\/2023\/05\/artista-sara-jimenez-1-768x1007.jpeg\" alt=\"artista-sara-jimenez\" \/><\/figure><\/div><div class=\"swiper-slide\" role=\"group\" aria-roledescription=\"slide\" aria-label=\"3 sur 5\"><figure class=\"swiper-slide-inner\"><img decoding=\"async\" class=\"swiper-slide-image\" src=\"https:\/\/flamencogranada.com\/wp-content\/uploads\/2023\/05\/artista-ana-pastrana-scaled-1-768x1152.jpg\" alt=\"artista-ana-pastrana\" \/><\/figure><\/div><div class=\"swiper-slide\" role=\"group\" aria-roledescription=\"slide\" aria-label=\"4 sur 5\"><figure class=\"swiper-slide-inner\"><img decoding=\"async\" class=\"swiper-slide-image\" src=\"https:\/\/flamencogranada.com\/wp-content\/uploads\/2023\/05\/artista-jose-fermin-fernandez-4-1.jpg\" alt=\"\" \/><\/figure><\/div><div class=\"swiper-slide\" role=\"group\" aria-roledescription=\"slide\" aria-label=\"5 sur 5\"><figure class=\"swiper-slide-inner\"><img decoding=\"async\" class=\"swiper-slide-image\" src=\"https:\/\/flamencogranada.com\/wp-content\/uploads\/2023\/05\/artista-antonio-gonzalez-3-2.jpeg\" alt=\"Baile\" \/><\/figure><\/div>\t\t\t<\/div>\n\t\t\t\t\t\t\t\n\t\t\t\t\t\t\t\t\t<\/div>\n\t\t\t\t\t\t<\/div>\n\t\t\t\t<\/div>\n\t\t\t\t<\/div>\n\t\t<div class=\"elementor-element elementor-element-aa69a7b e-con-full e-flex e-con e-child\" data-id=\"aa69a7b\" data-element_type=\"container\" data-e-type=\"container\">\n\t\t\t\t<div class=\"elementor-element elementor-element-c95d4f5 elementor-widget-mobile__width-inherit elementor-widget elementor-widget-heading\" data-id=\"c95d4f5\" data-element_type=\"widget\" data-e-type=\"widget\" data-widget_type=\"heading.default\">\n\t\t\t\t<div class=\"elementor-widget-container\">\n\t\t\t\t\t<h2 class=\"elementor-heading-title elementor-size-default\">DES ARTISTES DE RENOMM\u00c9E NATIONALE ET INTERNATIONALE<\/h2>\t\t\t\t<\/div>\n\t\t\t\t<\/div>\n\t\t\t\t<div class=\"elementor-element elementor-element-877f2fc elementor-widget-mobile__width-inherit elementor-widget elementor-widget-text-editor\" data-id=\"877f2fc\" data-element_type=\"widget\" data-e-type=\"widget\" data-widget_type=\"text-editor.default\">\n\t\t\t\t<div class=\"elementor-widget-container\">\n\t\t\t\t\t\t\t\t\t<p>Un grand nombre de chanteurs et de danseurs de flamenco.<\/p>\n\t\t\t\t\t\t\t\t<\/div>\n\t\t\t\t<\/div>\n\t\t\t\t<div class=\"elementor-element elementor-element-c7b39f1 elementor-widget elementor-widget-text-editor\" data-id=\"c7b39f1\" data-element_type=\"widget\" data-e-type=\"widget\" data-widget_type=\"text-editor.default\">\n\t\t\t\t<div class=\"elementor-widget-container\">\n\t\t\t\t\t\t\t\t\t<p>Nous avons s\u00e9lectionn\u00e9 avec soin des artistes pour vous offrir les soir\u00e9es flamenco les plus authentiques de Grenade. Une combinaison de chant, de guitare et de danse qui captivera tous vos sens. N&rsquo;h\u00e9sitez pas \u00e0 consulter notre calendrier de spectacles et d&rsquo;artistes prestigieux pour d\u00e9couvrir les diff\u00e9rentes programmations que nous vous proposons chaque soir.<\/p>\n\t\t\t\t\t\t\t\t<\/div>\n\t\t\t\t<\/div>\n\t\t\t\t<div class=\"elementor-element elementor-element-c204d11 elementor-mobile-align-justify elementor-align-left elementor-widget elementor-widget-button\" data-id=\"c204d11\" data-element_type=\"widget\" data-e-type=\"widget\" data-widget_type=\"button.default\">\n\t\t\t\t<div class=\"elementor-widget-container\">\n\t\t\t\t\t\t\t\t\t<div class=\"elementor-button-wrapper\">\n\t\t\t\t\t<a class=\"elementor-button elementor-button-link elementor-size-sm\" href=\"https:\/\/flamencogranada.com\/fr\/artistes\/\">\n\t\t\t\t\t\t<span class=\"elementor-button-content-wrapper\">\n\t\t\t\t\t\t\t\t\t<span class=\"elementor-button-text\">VOIR LES ARTISTES<\/span>\n\t\t\t\t\t<\/span>\n\t\t\t\t\t<\/a>\n\t\t\t\t<\/div>\n\t\t\t\t\t\t\t\t<\/div>\n\t\t\t\t<\/div>\n\t\t\t\t<\/div>\n\t\t\t\t\t<\/div>\n\t\t\t\t<\/div>\n\t\t<div class=\"elementor-element elementor-element-4921f03 e-flex e-con-boxed e-con e-parent\" data-id=\"4921f03\" data-element_type=\"container\" data-e-type=\"container\" data-settings=\"{&quot;background_background&quot;:&quot;classic&quot;}\">\n\t\t\t\t\t<div class=\"e-con-inner\">\n\t\t<div class=\"elementor-element elementor-element-970d98f e-con-full e-flex e-con e-child\" data-id=\"970d98f\" data-element_type=\"container\" data-e-type=\"container\">\n\t\t\t\t<div class=\"elementor-element elementor-element-8ffcfb3 elementor-widget elementor-widget-heading\" data-id=\"8ffcfb3\" data-element_type=\"widget\" data-e-type=\"widget\" data-widget_type=\"heading.default\">\n\t\t\t\t<div class=\"elementor-widget-container\">\n\t\t\t\t\t<h3 class=\"elementor-heading-title elementor-size-default\">CONTACT ET HEURES D'OUVERTURE<\/h3>\t\t\t\t<\/div>\n\t\t\t\t<\/div>\n\t\t\t\t<div class=\"elementor-element elementor-element-1d59ad7 elementor-icon-list--layout-traditional elementor-list-item-link-full_width elementor-widget elementor-widget-icon-list\" data-id=\"1d59ad7\" data-element_type=\"widget\" data-e-type=\"widget\" data-widget_type=\"icon-list.default\">\n\t\t\t\t<div class=\"elementor-widget-container\">\n\t\t\t\t\t\t\t<ul class=\"elementor-icon-list-items\">\n\t\t\t\t\t\t\t<li class=\"elementor-icon-list-item\">\n\t\t\t\t\t\t\t\t\t\t\t<a href=\"tel:+34958206266\">\n\n\t\t\t\t\t\t\t\t\t\t\t\t<span class=\"elementor-icon-list-icon\">\n\t\t\t\t\t\t\t<svg aria-hidden=\"true\" class=\"e-font-icon-svg e-fas-phone-alt\" viewBox=\"0 0 512 512\" xmlns=\"http:\/\/www.w3.org\/2000\/svg\"><path d=\"M497.39 361.8l-112-48a24 24 0 0 0-28 6.9l-49.6 60.6A370.66 370.66 0 0 1 130.6 204.11l60.6-49.6a23.94 23.94 0 0 0 6.9-28l-48-112A24.16 24.16 0 0 0 122.6.61l-104 24A24 24 0 0 0 0 48c0 256.5 207.9 464 464 464a24 24 0 0 0 23.4-18.6l24-104a24.29 24.29 0 0 0-14.01-27.6z\"><\/path><\/svg>\t\t\t\t\t\t<\/span>\n\t\t\t\t\t\t\t\t\t\t<span class=\"elementor-icon-list-text\">Informations et r\u00e9servations <br>+34 958 206 266<\/span>\n\t\t\t\t\t\t\t\t\t\t\t<\/a>\n\t\t\t\t\t\t\t\t\t<\/li>\n\t\t\t\t\t\t\t\t<li class=\"elementor-icon-list-item\">\n\t\t\t\t\t\t\t\t\t\t\t<span class=\"elementor-icon-list-icon\">\n\t\t\t\t\t\t\t<svg aria-hidden=\"true\" class=\"e-font-icon-svg e-far-clock\" viewBox=\"0 0 512 512\" xmlns=\"http:\/\/www.w3.org\/2000\/svg\"><path d=\"M256 8C119 8 8 119 8 256s111 248 248 248 248-111 248-248S393 8 256 8zm0 448c-110.5 0-200-89.5-200-200S145.5 56 256 56s200 89.5 200 200-89.5 200-200 200zm61.8-104.4l-84.9-61.7c-3.1-2.3-4.9-5.9-4.9-9.7V116c0-6.6 5.4-12 12-12h32c6.6 0 12 5.4 12 12v141.7l66.8 48.6c5.4 3.9 6.5 11.4 2.6 16.8L334.6 349c-3.9 5.3-11.4 6.5-16.8 2.6z\"><\/path><\/svg>\t\t\t\t\t\t<\/span>\n\t\t\t\t\t\t\t\t\t\t<span class=\"elementor-icon-list-text\">Du lundi au dimanche : 15:00h - 23:00h<\/span>\n\t\t\t\t\t\t\t\t\t<\/li>\n\t\t\t\t\t\t\t\t<li class=\"elementor-icon-list-item\">\n\t\t\t\t\t\t\t\t\t\t\t<a href=\"mailto:info@jardinesdezoraya.com\">\n\n\t\t\t\t\t\t\t\t\t\t\t\t<span class=\"elementor-icon-list-icon\">\n\t\t\t\t\t\t\t<svg aria-hidden=\"true\" class=\"e-font-icon-svg e-far-envelope\" viewBox=\"0 0 512 512\" xmlns=\"http:\/\/www.w3.org\/2000\/svg\"><path d=\"M464 64H48C21.49 64 0 85.49 0 112v288c0 26.51 21.49 48 48 48h416c26.51 0 48-21.49 48-48V112c0-26.51-21.49-48-48-48zm0 48v40.805c-22.422 18.259-58.168 46.651-134.587 106.49-16.841 13.247-50.201 45.072-73.413 44.701-23.208.375-56.579-31.459-73.413-44.701C106.18 199.465 70.425 171.067 48 152.805V112h416zM48 400V214.398c22.914 18.251 55.409 43.862 104.938 82.646 21.857 17.205 60.134 55.186 103.062 54.955 42.717.231 80.509-37.199 103.053-54.947 49.528-38.783 82.032-64.401 104.947-82.653V400H48z\"><\/path><\/svg>\t\t\t\t\t\t<\/span>\n\t\t\t\t\t\t\t\t\t\t<span class=\"elementor-icon-list-text\">Courriel : info@flamencogranada.com<\/span>\n\t\t\t\t\t\t\t\t\t\t\t<\/a>\n\t\t\t\t\t\t\t\t\t<\/li>\n\t\t\t\t\t\t<\/ul>\n\t\t\t\t\t\t<\/div>\n\t\t\t\t<\/div>\n\t\t\t\t<div class=\"elementor-element elementor-element-8374f9b elementor-widget elementor-widget-heading\" data-id=\"8374f9b\" data-element_type=\"widget\" data-e-type=\"widget\" data-widget_type=\"heading.default\">\n\t\t\t\t<div class=\"elementor-widget-container\">\n\t\t\t\t\t<h3 class=\"elementor-heading-title elementor-size-default\">O\u00d9 SOMMES-NOUS ?<\/h3>\t\t\t\t<\/div>\n\t\t\t\t<\/div>\n\t\t\t\t<div class=\"elementor-element elementor-element-2baeda3 elementor-icon-list--layout-traditional elementor-list-item-link-full_width elementor-widget elementor-widget-icon-list\" data-id=\"2baeda3\" data-element_type=\"widget\" data-e-type=\"widget\" data-widget_type=\"icon-list.default\">\n\t\t\t\t<div class=\"elementor-widget-container\">\n\t\t\t\t\t\t\t<ul class=\"elementor-icon-list-items\">\n\t\t\t\t\t\t\t<li class=\"elementor-icon-list-item\">\n\t\t\t\t\t\t\t\t\t\t\t<a href=\"https:\/\/www.google.com\/maps\/place\/Jardines+de+Zoraya\/@37.182424,-3.591649,17z\/data=!4m6!3m5!1s0xd71fcc620c4000f:0x5029860442078625!8m2!3d37.182424!4d-3.591649!16s%2Fg%2F1td1lbnf?entry=ttu\" target=\"_blank\">\n\n\t\t\t\t\t\t\t\t\t\t\t\t<span class=\"elementor-icon-list-icon\">\n\t\t\t\t\t\t\t<svg aria-hidden=\"true\" class=\"e-font-icon-svg e-fas-map-marker-alt\" viewBox=\"0 0 384 512\" xmlns=\"http:\/\/www.w3.org\/2000\/svg\"><path d=\"M172.268 501.67C26.97 291.031 0 269.413 0 192 0 85.961 85.961 0 192 0s192 85.961 192 192c0 77.413-26.97 99.031-172.268 309.67-9.535 13.774-29.93 13.773-39.464 0zM192 272c44.183 0 80-35.817 80-80s-35.817-80-80-80-80 35.817-80 80 35.817 80 80 80z\"><\/path><\/svg>\t\t\t\t\t\t<\/span>\n\t\t\t\t\t\t\t\t\t\t<span class=\"elementor-icon-list-text\">Calle Panaderos, 32 18010 Granada, Espagne<\/span>\n\t\t\t\t\t\t\t\t\t\t\t<\/a>\n\t\t\t\t\t\t\t\t\t<\/li>\n\t\t\t\t\t\t<\/ul>\n\t\t\t\t\t\t<\/div>\n\t\t\t\t<\/div>\n\t\t\t\t<\/div>\n\t\t<div class=\"elementor-element elementor-element-0802cba e-con-full e-flex e-con e-child\" data-id=\"0802cba\" data-element_type=\"container\" data-e-type=\"container\">\n\t\t\t\t<div class=\"elementor-element elementor-element-5e5b9da elementor-widget elementor-widget-shortcode\" data-id=\"5e5b9da\" data-element_type=\"widget\" data-e-type=\"widget\" data-widget_type=\"shortcode.default\">\n\t\t\t\t<div class=\"elementor-widget-container\">\n\t\t\t\t\t\t\t<div class=\"elementor-shortcode\">\n<div class=\"wpcf7 no-js\" id=\"wpcf7-f28238-o1\" lang=\"fr-FR\" dir=\"ltr\" data-wpcf7-id=\"28238\">\n<div class=\"screen-reader-response\"><p role=\"status\" aria-live=\"polite\" aria-atomic=\"true\"><\/p> <ul><\/ul><\/div>\n<form action=\"\/fr\/wp-json\/wp\/v2\/pages\/28112#wpcf7-f28238-o1\" method=\"post\" class=\"wpcf7-form init\" aria-label=\"Formulaire de contact\" novalidate=\"novalidate\" data-status=\"init\">\n<fieldset class=\"hidden-fields-container\"><input type=\"hidden\" name=\"_wpcf7\" value=\"28238\" \/><input type=\"hidden\" name=\"_wpcf7_version\" value=\"6.1.5\" \/><input type=\"hidden\" name=\"_wpcf7_locale\" value=\"fr_FR\" \/><input type=\"hidden\" name=\"_wpcf7_unit_tag\" value=\"wpcf7-f28238-o1\" \/><input type=\"hidden\" name=\"_wpcf7_container_post\" value=\"0\" \/><input type=\"hidden\" name=\"_wpcf7_posted_data_hash\" value=\"\" \/>\n<\/fieldset>\n<div class=\"wpcf7-turnstile cf-turnstile\" data-sitekey=\"0x4AAAAAABcxnFO5SFvba2W5\" data-response-field-name=\"_wpcf7_turnstile_response\"><\/div>\n\n<div class=\"form-row\">\n\t<p><span class=\"wpcf7-form-control-wrap\" data-name=\"your-name\"><input size=\"40\" maxlength=\"400\" class=\"wpcf7-form-control wpcf7-text wpcf7-validates-as-required\" aria-required=\"true\" aria-invalid=\"false\" placeholder=\"Nom*\" value=\"\" type=\"text\" name=\"your-name\" \/><\/span><br \/>\n[wpmlcf7-2-text* your-persons placeholder]<br \/>\nNo. of persons* <span class=\"wpcf7-form-control-wrap\" data-name=\"your-persons\"><input size=\"40\" maxlength=\"400\" class=\"wpcf7-form-control wpcf7-text wpcf7-validates-as-required\" aria-required=\"true\" aria-invalid=\"false\" placeholder=\"No. of persons*\" value=\"\" type=\"text\" name=\"your-persons\" \/><\/span>\n\t<\/p>\n<\/div>\n<div class=\"form-row\">\n\t<p><span class=\"wpcf7-form-control-wrap\" data-name=\"your-phone\"><input size=\"40\" maxlength=\"400\" class=\"wpcf7-form-control wpcf7-tel wpcf7-validates-as-required wpcf7-text wpcf7-validates-as-tel\" aria-required=\"true\" aria-invalid=\"false\" placeholder=\"Phone*\" value=\"\" type=\"tel\" name=\"your-phone\" \/><\/span><br \/>\n[wpmlcf7-4-email* your-email placeholder]<br \/>\nEmail* <span class=\"wpcf7-form-control-wrap\" data-name=\"your-email\"><input size=\"40\" maxlength=\"400\" class=\"wpcf7-form-control wpcf7-email wpcf7-validates-as-required wpcf7-text wpcf7-validates-as-email\" aria-required=\"true\" aria-invalid=\"false\" placeholder=\"\" value=\"\" type=\"email\" name=\"your-email\" \/><\/span>\n\t<\/p>\n<\/div>\n<div class=\"form-row\">\n\t<p><span class=\"wpcf7-form-control-wrap\" data-name=\"your-location\"><input size=\"40\" maxlength=\"400\" class=\"wpcf7-form-control wpcf7-text wpcf7-validates-as-required\" aria-required=\"true\" aria-invalid=\"false\" placeholder=\"Localit\u00e9*\" value=\"\" type=\"text\" name=\"your-location\" \/><\/span><br \/>\n<span class=\"wpcf7-form-control-wrap\" data-name=\"your-type\"><select class=\"wpcf7-form-control wpcf7-select wpcf7-validates-as-required\" aria-required=\"true\" aria-invalid=\"false\" name=\"your-type\"><option value=\"\">&#8212;Veuillez choisir une option&#8212;<\/option><option value=\"Particulier\">Particulier<\/option><option value=\"Entreprise\">Entreprise<\/option><\/select><\/span>\n\t<\/p>\n<\/div>\n<div class=\"form-row\">\n\t<p><span class=\"wpcf7-form-control-wrap\" data-name=\"your-message-placeholder\"><textarea cols=\"40\" rows=\"10\" maxlength=\"2000\" class=\"wpcf7-form-control wpcf7-textarea wpcf7-validates-as-required\" aria-required=\"true\" aria-invalid=\"false\" name=\"your-message-placeholder\">Message*<\/textarea><\/span>\n\t<\/p>\n<\/div>\n<div class=\"form-row\">\n\t<p><span class=\"wpcf7-form-control-wrap\" data-name=\"acceptance-915\"><span class=\"wpcf7-form-control wpcf7-acceptance\"><span class=\"wpcf7-list-item\"><label><input type=\"checkbox\" name=\"acceptance-915\" value=\"1\" aria-invalid=\"false\" \/><span class=\"wpcf7-list-item-label\">J'ai lu et j'accepte la <a style=\"color:#000;\" href=\"https:\/\/flamencogranada.com\/fr\/politique-de-confidentialite\/\">politique de confidentialit\u00e9<\/a><\/span><\/label><\/span><\/span><\/span>\n\t<\/p>\n<\/div>\n<div class=\"form-row\">\n\t<p>[honeypot honeypot honeypot-123]\n\t<\/p>\n<\/div>\n<div class=\"form-row\">\n\t<p><input class=\"wpcf7-form-control wpcf7-submit has-spinner\" type=\"submit\" value=\"Envoyer\" \/>\n\t<\/p>\n<\/div><p style=\"display: none !important;\" class=\"akismet-fields-container\" data-prefix=\"_wpcf7_ak_\"><label>&#916;<textarea name=\"_wpcf7_ak_hp_textarea\" cols=\"45\" rows=\"8\" maxlength=\"100\"><\/textarea><\/label><input type=\"hidden\" id=\"ak_js_1\" name=\"_wpcf7_ak_js\" value=\"186\"\/><script>\ndocument.getElementById( \"ak_js_1\" ).setAttribute( \"value\", ( new Date() ).getTime() );\n<\/script>\n<\/p><div class=\"wpcf7-response-output\" aria-hidden=\"true\"><\/div>\n<\/form>\n<\/div>\n<\/div>\n\t\t\t\t\t\t<\/div>\n\t\t\t\t<\/div>\n\t\t\t\t<\/div>\n\t\t\t\t\t<\/div>\n\t\t\t\t<\/div>\n\t\t<div class=\"elementor-element elementor-element-2f31457 e-flex e-con-boxed e-con e-parent\" data-id=\"2f31457\" data-element_type=\"container\" data-e-type=\"container\" data-settings=\"{&quot;background_background&quot;:&quot;classic&quot;}\">\n\t\t\t\t\t<div class=\"e-con-inner\">\n\t\t\t\t<div class=\"elementor-element elementor-element-e6c80a7 elementor-widget elementor-widget-heading\" data-id=\"e6c80a7\" data-element_type=\"widget\" data-e-type=\"widget\" data-widget_type=\"heading.default\">\n\t\t\t\t<div class=\"elementor-widget-container\">\n\t\t\t\t\t<h2 class=\"elementor-heading-title elementor-size-default\">QUESTIONS FR\u00c9QUEMMENT POS\u00c9ES SUR LE TABLAO FLAMENCO\n<\/h2>\t\t\t\t<\/div>\n\t\t\t\t<\/div>\n\t\t\t\t<div class=\"elementor-element elementor-element-d0d2043 elementor-widget elementor-widget-toggle\" data-id=\"d0d2043\" data-element_type=\"widget\" data-e-type=\"widget\" data-widget_type=\"toggle.default\">\n\t\t\t\t<div class=\"elementor-widget-container\">\n\t\t\t\t\t\t\t<div class=\"elementor-toggle\">\n\t\t\t\t\t\t\t<div class=\"elementor-toggle-item\">\n\t\t\t\t\t<h3 id=\"elementor-tab-title-2181\" class=\"elementor-tab-title\" data-tab=\"1\" role=\"button\" aria-controls=\"elementor-tab-content-2181\" aria-expanded=\"false\">\n\t\t\t\t\t\t\t\t\t\t\t\t<span class=\"elementor-toggle-icon elementor-toggle-icon-right\" aria-hidden=\"true\">\n\t\t\t\t\t\t\t\t\t\t\t\t\t\t\t<span class=\"elementor-toggle-icon-closed\"><svg class=\"e-font-icon-svg e-fas-plus\" viewBox=\"0 0 448 512\" xmlns=\"http:\/\/www.w3.org\/2000\/svg\"><path d=\"M416 208H272V64c0-17.67-14.33-32-32-32h-32c-17.67 0-32 14.33-32 32v144H32c-17.67 0-32 14.33-32 32v32c0 17.67 14.33 32 32 32h144v144c0 17.67 14.33 32 32 32h32c17.67 0 32-14.33 32-32V304h144c17.67 0 32-14.33 32-32v-32c0-17.67-14.33-32-32-32z\"><\/path><\/svg><\/span>\n\t\t\t\t\t\t\t\t<span class=\"elementor-toggle-icon-opened\"><svg class=\"elementor-toggle-icon-opened e-font-icon-svg e-fas-minus\" viewBox=\"0 0 448 512\" xmlns=\"http:\/\/www.w3.org\/2000\/svg\"><path d=\"M416 208H32c-17.67 0-32 14.33-32 32v32c0 17.67 14.33 32 32 32h384c17.67 0 32-14.33 32-32v-32c0-17.67-14.33-32-32-32z\"><\/path><\/svg><\/span>\n\t\t\t\t\t\t\t\t\t\t\t\t\t<\/span>\n\t\t\t\t\t\t\t\t\t\t\t\t<a class=\"elementor-toggle-title\" tabindex=\"0\">Dois-je faire ma r\u00e9servation au tablao flamenco \u00e0 l'avance ?<\/a>\n\t\t\t\t\t<\/h3>\n\n\t\t\t\t\t<div id=\"elementor-tab-content-2181\" class=\"elementor-tab-content elementor-clearfix\" data-tab=\"1\" role=\"region\" aria-labelledby=\"elementor-tab-title-2181\"><p>Bien que vous ne soyez pas oblig\u00e9 de r\u00e9server \u00e0 l&rsquo;avance, les places sont attribu\u00e9es selon le principe du premier arriv\u00e9, premier servi. Il peut \u00eatre r\u00e9serv\u00e9 dans notre section d&rsquo;achat en ligne.<\/p>\n<p>Comme dans un cin\u00e9ma ou un th\u00e9\u00e2tre, les premi\u00e8res tables \u00e0 \u00eatre attribu\u00e9es sont celles de la premi\u00e8re rang\u00e9e et du premier rang, puis celles de la deuxi\u00e8me rang\u00e9e et des tables lat\u00e9rales. C&rsquo;est pourquoi Jardines de Zoraya recommande vivement de r\u00e9server \u00e0 l&rsquo;avance.<\/p>\n<\/div>\n\t\t\t\t<\/div>\n\t\t\t\t\t\t\t<div class=\"elementor-toggle-item\">\n\t\t\t\t\t<h3 id=\"elementor-tab-title-2182\" class=\"elementor-tab-title\" data-tab=\"2\" role=\"button\" aria-controls=\"elementor-tab-content-2182\" aria-expanded=\"false\">\n\t\t\t\t\t\t\t\t\t\t\t\t<span class=\"elementor-toggle-icon elementor-toggle-icon-right\" aria-hidden=\"true\">\n\t\t\t\t\t\t\t\t\t\t\t\t\t\t\t<span class=\"elementor-toggle-icon-closed\"><svg class=\"e-font-icon-svg e-fas-plus\" viewBox=\"0 0 448 512\" xmlns=\"http:\/\/www.w3.org\/2000\/svg\"><path d=\"M416 208H272V64c0-17.67-14.33-32-32-32h-32c-17.67 0-32 14.33-32 32v144H32c-17.67 0-32 14.33-32 32v32c0 17.67 14.33 32 32 32h144v144c0 17.67 14.33 32 32 32h32c17.67 0 32-14.33 32-32V304h144c17.67 0 32-14.33 32-32v-32c0-17.67-14.33-32-32-32z\"><\/path><\/svg><\/span>\n\t\t\t\t\t\t\t\t<span class=\"elementor-toggle-icon-opened\"><svg class=\"elementor-toggle-icon-opened e-font-icon-svg e-fas-minus\" viewBox=\"0 0 448 512\" xmlns=\"http:\/\/www.w3.org\/2000\/svg\"><path d=\"M416 208H32c-17.67 0-32 14.33-32 32v32c0 17.67 14.33 32 32 32h384c17.67 0 32-14.33 32-32v-32c0-17.67-14.33-32-32-32z\"><\/path><\/svg><\/span>\n\t\t\t\t\t\t\t\t\t\t\t\t\t<\/span>\n\t\t\t\t\t\t\t\t\t\t\t\t<a class=\"elementor-toggle-title\" tabindex=\"0\">Que dois-je faire si je ne peux pas r\u00e9server en ligne ?<\/a>\n\t\t\t\t\t<\/h3>\n\n\t\t\t\t\t<div id=\"elementor-tab-content-2182\" class=\"elementor-tab-content elementor-clearfix\" data-tab=\"2\" role=\"region\" aria-labelledby=\"elementor-tab-title-2182\">Si, pour une raison quelconque, vous ne pouvez pas r\u00e9server en ligne, veuillez nous contacter via notre <a href=\"https:\/\/flamencogranada.com\/fr\/contact\/\">formulaire de contact<\/a> ou \u00e0 l&rsquo;adresse info@flamencogranada.com.<\/div>\n\t\t\t\t<\/div>\n\t\t\t\t\t\t\t<div class=\"elementor-toggle-item\">\n\t\t\t\t\t<h3 id=\"elementor-tab-title-2183\" class=\"elementor-tab-title\" data-tab=\"3\" role=\"button\" aria-controls=\"elementor-tab-content-2183\" aria-expanded=\"false\">\n\t\t\t\t\t\t\t\t\t\t\t\t<span class=\"elementor-toggle-icon elementor-toggle-icon-right\" aria-hidden=\"true\">\n\t\t\t\t\t\t\t\t\t\t\t\t\t\t\t<span class=\"elementor-toggle-icon-closed\"><svg class=\"e-font-icon-svg e-fas-plus\" viewBox=\"0 0 448 512\" xmlns=\"http:\/\/www.w3.org\/2000\/svg\"><path d=\"M416 208H272V64c0-17.67-14.33-32-32-32h-32c-17.67 0-32 14.33-32 32v144H32c-17.67 0-32 14.33-32 32v32c0 17.67 14.33 32 32 32h144v144c0 17.67 14.33 32 32 32h32c17.67 0 32-14.33 32-32V304h144c17.67 0 32-14.33 32-32v-32c0-17.67-14.33-32-32-32z\"><\/path><\/svg><\/span>\n\t\t\t\t\t\t\t\t<span class=\"elementor-toggle-icon-opened\"><svg class=\"elementor-toggle-icon-opened e-font-icon-svg e-fas-minus\" viewBox=\"0 0 448 512\" xmlns=\"http:\/\/www.w3.org\/2000\/svg\"><path d=\"M416 208H32c-17.67 0-32 14.33-32 32v32c0 17.67 14.33 32 32 32h384c17.67 0 32-14.33 32-32v-32c0-17.67-14.33-32-32-32z\"><\/path><\/svg><\/span>\n\t\t\t\t\t\t\t\t\t\t\t\t\t<\/span>\n\t\t\t\t\t\t\t\t\t\t\t\t<a class=\"elementor-toggle-title\" tabindex=\"0\">Quel type de tables peut-on r\u00e9server pour assister au spectacle ?<\/a>\n\t\t\t\t\t<\/h3>\n\n\t\t\t\t\t<div id=\"elementor-tab-content-2183\" class=\"elementor-tab-content elementor-clearfix\" data-tab=\"3\" role=\"region\" aria-labelledby=\"elementor-tab-title-2183\"><p>Notre salle est compos\u00e9e de deux types de tables :<\/p>\n<ul>\n<li aria-level=\"1\">Tables basses : elles sont situ\u00e9es au centre de la salle et sont les plus proches de la sc\u00e8ne et du spectacle de flamenco.<\/li>\n<li aria-level=\"1\">Les tables hautes : elles sont situ\u00e9es sur les c\u00f4t\u00e9s de la salle et, bien qu&rsquo;elles soient plus \u00e9loign\u00e9es, elles offrent une vue parfaite sur la sc\u00e8ne et le spectacle.<\/li>\n<\/ul>\n<\/div>\n\t\t\t\t<\/div>\n\t\t\t\t\t\t\t<div class=\"elementor-toggle-item\">\n\t\t\t\t\t<h3 id=\"elementor-tab-title-2184\" class=\"elementor-tab-title\" data-tab=\"4\" role=\"button\" aria-controls=\"elementor-tab-content-2184\" aria-expanded=\"false\">\n\t\t\t\t\t\t\t\t\t\t\t\t<span class=\"elementor-toggle-icon elementor-toggle-icon-right\" aria-hidden=\"true\">\n\t\t\t\t\t\t\t\t\t\t\t\t\t\t\t<span class=\"elementor-toggle-icon-closed\"><svg class=\"e-font-icon-svg e-fas-plus\" viewBox=\"0 0 448 512\" xmlns=\"http:\/\/www.w3.org\/2000\/svg\"><path d=\"M416 208H272V64c0-17.67-14.33-32-32-32h-32c-17.67 0-32 14.33-32 32v144H32c-17.67 0-32 14.33-32 32v32c0 17.67 14.33 32 32 32h144v144c0 17.67 14.33 32 32 32h32c17.67 0 32-14.33 32-32V304h144c17.67 0 32-14.33 32-32v-32c0-17.67-14.33-32-32-32z\"><\/path><\/svg><\/span>\n\t\t\t\t\t\t\t\t<span class=\"elementor-toggle-icon-opened\"><svg class=\"elementor-toggle-icon-opened e-font-icon-svg e-fas-minus\" viewBox=\"0 0 448 512\" xmlns=\"http:\/\/www.w3.org\/2000\/svg\"><path d=\"M416 208H32c-17.67 0-32 14.33-32 32v32c0 17.67 14.33 32 32 32h384c17.67 0 32-14.33 32-32v-32c0-17.67-14.33-32-32-32z\"><\/path><\/svg><\/span>\n\t\t\t\t\t\t\t\t\t\t\t\t\t<\/span>\n\t\t\t\t\t\t\t\t\t\t\t\t<a class=\"elementor-toggle-title\" tabindex=\"0\">Dois-je choisir le menu \u00e0 r\u00e9server avant d'arriver au spectacle de flamenco ?<\/a>\n\t\t\t\t\t<\/h3>\n\n\t\t\t\t\t<div id=\"elementor-tab-content-2184\" class=\"elementor-tab-content elementor-clearfix\" data-tab=\"4\" role=\"region\" aria-labelledby=\"elementor-tab-title-2184\">Ce n&rsquo;est pas n\u00e9cessaire. Vous pouvez choisir le menu de votre choix une fois dans le restaurant. Pour plus d&rsquo;informations sur nos menus ou nos plats, vous pouvez consulter le <a href=\"https:\/\/flamencogranada.com\/fr\/restaurant\/\">menu<\/a> sur notre site web.<\/div>\n\t\t\t\t<\/div>\n\t\t\t\t\t\t\t<div class=\"elementor-toggle-item\">\n\t\t\t\t\t<h3 id=\"elementor-tab-title-2185\" class=\"elementor-tab-title\" data-tab=\"5\" role=\"button\" aria-controls=\"elementor-tab-content-2185\" aria-expanded=\"false\">\n\t\t\t\t\t\t\t\t\t\t\t\t<span class=\"elementor-toggle-icon elementor-toggle-icon-right\" aria-hidden=\"true\">\n\t\t\t\t\t\t\t\t\t\t\t\t\t\t\t<span class=\"elementor-toggle-icon-closed\"><svg class=\"e-font-icon-svg e-fas-plus\" viewBox=\"0 0 448 512\" xmlns=\"http:\/\/www.w3.org\/2000\/svg\"><path d=\"M416 208H272V64c0-17.67-14.33-32-32-32h-32c-17.67 0-32 14.33-32 32v144H32c-17.67 0-32 14.33-32 32v32c0 17.67 14.33 32 32 32h144v144c0 17.67 14.33 32 32 32h32c17.67 0 32-14.33 32-32V304h144c17.67 0 32-14.33 32-32v-32c0-17.67-14.33-32-32-32z\"><\/path><\/svg><\/span>\n\t\t\t\t\t\t\t\t<span class=\"elementor-toggle-icon-opened\"><svg class=\"elementor-toggle-icon-opened e-font-icon-svg e-fas-minus\" viewBox=\"0 0 448 512\" xmlns=\"http:\/\/www.w3.org\/2000\/svg\"><path d=\"M416 208H32c-17.67 0-32 14.33-32 32v32c0 17.67 14.33 32 32 32h384c17.67 0 32-14.33 32-32v-32c0-17.67-14.33-32-32-32z\"><\/path><\/svg><\/span>\n\t\t\t\t\t\t\t\t\t\t\t\t\t<\/span>\n\t\t\t\t\t\t\t\t\t\t\t\t<a class=\"elementor-toggle-title\" tabindex=\"0\">Le tablao est-il un lieu pour les touristes ?<\/a>\n\t\t\t\t\t<\/h3>\n\n\t\t\t\t\t<div id=\"elementor-tab-content-2185\" class=\"elementor-tab-content elementor-clearfix\" data-tab=\"5\" role=\"region\" aria-labelledby=\"elementor-tab-title-2185\"><p>Jardines de Zoraya propose depuis plus de dix ans du flamenco et de la gastronomie \u00e0 tous les amateurs d&rsquo;art et de culture. Notre maison est un espace ouvert \u00e0 tous ceux qui recherchent une exp\u00e9rience unique \u00e0 Grenade.<\/p>\n<\/div>\n\t\t\t\t<\/div>\n\t\t\t\t\t\t\t\t\t\t<script type=\"application\/ld+json\">{\"@context\":\"https:\\\/\\\/schema.org\",\"@type\":\"FAQPage\",\"mainEntity\":[{\"@type\":\"Question\",\"name\":\"Dois-je faire ma r\\u00e9servation au tablao flamenco \\u00e0 l'avance ?\",\"acceptedAnswer\":{\"@type\":\"Answer\",\"text\":\"<p>Bien que vous ne soyez pas oblig\\u00e9 de r\\u00e9server \\u00e0 l&rsquo;avance, les places sont attribu\\u00e9es selon le principe du premier arriv\\u00e9, premier servi. Il peut \\u00eatre r\\u00e9serv\\u00e9 dans notre section d&rsquo;achat en ligne.<\\\/p>\\n<p>Comme dans un cin\\u00e9ma ou un th\\u00e9\\u00e2tre, les premi\\u00e8res tables \\u00e0 \\u00eatre attribu\\u00e9es sont celles de la premi\\u00e8re rang\\u00e9e et du premier rang, puis celles de la deuxi\\u00e8me rang\\u00e9e et des tables lat\\u00e9rales. C&rsquo;est pourquoi Jardines de Zoraya recommande vivement de r\\u00e9server \\u00e0 l&rsquo;avance.<\\\/p>\\n\"}},{\"@type\":\"Question\",\"name\":\"Que dois-je faire si je ne peux pas r\\u00e9server en ligne ?\",\"acceptedAnswer\":{\"@type\":\"Answer\",\"text\":\"Si, pour une raison quelconque, vous ne pouvez pas r\\u00e9server en ligne, veuillez nous contacter via notre <a href=\\\"https:\\\/\\\/flamencogranada.com\\\/fr\\\/contact\\\/\\\">formulaire de contact<\\\/a> ou \\u00e0 l&rsquo;adresse info@flamencogranada.com.\"}},{\"@type\":\"Question\",\"name\":\"Quel type de tables peut-on r\\u00e9server pour assister au spectacle ?\",\"acceptedAnswer\":{\"@type\":\"Answer\",\"text\":\"<p>Notre salle est compos\\u00e9e de deux types de tables :<\\\/p>\\n<ul>\\n<li aria-level=\\\"1\\\">Tables basses : elles sont situ\\u00e9es au centre de la salle et sont les plus proches de la sc\\u00e8ne et du spectacle de flamenco.<\\\/li>\\n<li aria-level=\\\"1\\\">Les tables hautes : elles sont situ\\u00e9es sur les c\\u00f4t\\u00e9s de la salle et, bien qu&rsquo;elles soient plus \\u00e9loign\\u00e9es, elles offrent une vue parfaite sur la sc\\u00e8ne et le spectacle.<\\\/li>\\n<\\\/ul>\\n\"}},{\"@type\":\"Question\",\"name\":\"Dois-je choisir le menu \\u00e0 r\\u00e9server avant d'arriver au spectacle de flamenco ?\",\"acceptedAnswer\":{\"@type\":\"Answer\",\"text\":\"Ce n&rsquo;est pas n\\u00e9cessaire. Vous pouvez choisir le menu de votre choix une fois dans le restaurant. Pour plus d&rsquo;informations sur nos menus ou nos plats, vous pouvez consulter le <a href=\\\"https:\\\/\\\/flamencogranada.com\\\/fr\\\/restaurant\\\/\\\">menu<\\\/a> sur notre site web.\"}},{\"@type\":\"Question\",\"name\":\"Le tablao est-il un lieu pour les touristes ?\",\"acceptedAnswer\":{\"@type\":\"Answer\",\"text\":\"<p>Jardines de Zoraya propose depuis plus de dix ans du flamenco et de la gastronomie \\u00e0 tous les amateurs d&rsquo;art et de culture. Notre maison est un espace ouvert \\u00e0 tous ceux qui recherchent une exp\\u00e9rience unique \\u00e0 Grenade.<\\\/p>\\n\"}}]}<\/script>\n\t\t\t\t\t<\/div>\n\t\t\t\t\t\t<\/div>\n\t\t\t\t<\/div>\n\t\t\t\t\t<\/div>\n\t\t\t\t<\/div>\n\t\t\t\t<\/div>\n\t\t","protected":false},"excerpt":{"rendered":"<p>EVENEMENTS POUR GROUPES NOTRE SALLE D&rsquo;\u00c9V\u00c9NEMENTS Vos c\u00e9l\u00e9brations sous le signe du flamenco El Jard\u00edn de Zoraya est l&rsquo;endroit id\u00e9al pour organiser des \u00e9v\u00e9nements pour des groupes \u00e0 Grenade, qu&rsquo;il s&rsquo;agisse d&rsquo;une c\u00e9l\u00e9bration, d&rsquo;un anniversaire, d&rsquo;un d\u00eener d&rsquo;entreprise, d&rsquo;un enterrement de vie de gar\u00e7on ou de jeune fille, d&rsquo;une f\u00eate ou d&rsquo;une r\u00e9union professionnelle. Profitez [&hellip;]<\/p>\n","protected":false},"author":8,"featured_media":25566,"parent":0,"menu_order":0,"comment_status":"closed","ping_status":"closed","template":"","meta":{"_acf_changed":false,"footnotes":""},"class_list":["post-28112","page","type-page","status-publish","has-post-thumbnail","hentry"],"acf":[],"yoast_head":"<!-- This site is optimized with the Yoast SEO plugin v27.4 - https:\/\/yoast.com\/product\/yoast-seo-wordpress\/ -->\n<title>Flamenco pour groupes \u00e0 Grenade | Jardines de Zoraya<\/title>\n<meta name=\"description\" content=\"Venez en groupe \u00e0 l&#039;un de nos spectacles de flamenco. Contactez-nous et nous vous montrerons les options qui s&#039;offrent \u00e0 vous, nous vous attendons !\" \/>\n<meta name=\"robots\" content=\"index, follow, max-snippet:-1, max-image-preview:large, max-video-preview:-1\" \/>\n<link rel=\"canonical\" href=\"https:\/\/flamencogranada.com\/fr\/evenements-de-groupe\/\" \/>\n<meta property=\"og:locale\" content=\"fr_FR\" \/>\n<meta property=\"og:type\" content=\"article\" \/>\n<meta property=\"og:title\" content=\"Flamenco pour groupes \u00e0 Grenade | Jardines de Zoraya\" \/>\n<meta property=\"og:description\" content=\"Venez en groupe \u00e0 l&#039;un de nos spectacles de flamenco. Contactez-nous et nous vous montrerons les options qui s&#039;offrent \u00e0 vous, nous vous attendons !\" \/>\n<meta property=\"og:url\" content=\"https:\/\/flamencogranada.com\/fr\/evenements-de-groupe\/\" \/>\n<meta property=\"og:site_name\" content=\"Jardines de Zoraya\" \/>\n<meta property=\"article:publisher\" content=\"https:\/\/www.facebook.com\/RestauranteFlamencoGranada\/\" \/>\n<meta property=\"article:modified_time\" content=\"2025-07-15T08:24:22+00:00\" \/>\n<meta property=\"og:image\" content=\"https:\/\/flamencogranada.com\/wp-content\/uploads\/2024\/07\/flamenco-en-granda-evento-grupos.webp\" \/>\n\t<meta property=\"og:image:width\" content=\"300\" \/>\n\t<meta property=\"og:image:height\" content=\"200\" \/>\n\t<meta property=\"og:image:type\" content=\"image\/webp\" \/>\n<meta name=\"twitter:card\" content=\"summary_large_image\" \/>\n<meta name=\"twitter:label1\" content=\"Dur\u00e9e de lecture estim\u00e9e\" \/>\n\t<meta name=\"twitter:data1\" content=\"6 minutes\" \/>\n<!-- \/ Yoast SEO plugin. -->","yoast_head_json":{"title":"Flamenco pour groupes \u00e0 Grenade | Jardines de Zoraya","description":"Venez en groupe \u00e0 l'un de nos spectacles de flamenco. Contactez-nous et nous vous montrerons les options qui s'offrent \u00e0 vous, nous vous attendons !","robots":{"index":"index","follow":"follow","max-snippet":"max-snippet:-1","max-image-preview":"max-image-preview:large","max-video-preview":"max-video-preview:-1"},"canonical":"https:\/\/flamencogranada.com\/fr\/evenements-de-groupe\/","og_locale":"fr_FR","og_type":"article","og_title":"Flamenco pour groupes \u00e0 Grenade | Jardines de Zoraya","og_description":"Venez en groupe \u00e0 l'un de nos spectacles de flamenco. Contactez-nous et nous vous montrerons les options qui s'offrent \u00e0 vous, nous vous attendons !","og_url":"https:\/\/flamencogranada.com\/fr\/evenements-de-groupe\/","og_site_name":"Jardines de Zoraya","article_publisher":"https:\/\/www.facebook.com\/RestauranteFlamencoGranada\/","article_modified_time":"2025-07-15T08:24:22+00:00","og_image":[{"width":300,"height":200,"url":"https:\/\/flamencogranada.com\/wp-content\/uploads\/2024\/07\/flamenco-en-granda-evento-grupos.webp","type":"image\/webp"}],"twitter_card":"summary_large_image","twitter_misc":{"Dur\u00e9e de lecture estim\u00e9e":"6 minutes"},"schema":{"@context":"https:\/\/schema.org","@graph":[{"@type":"WebPage","@id":"https:\/\/flamencogranada.com\/fr\/evenements-de-groupe\/","url":"https:\/\/flamencogranada.com\/fr\/evenements-de-groupe\/","name":"Flamenco pour groupes \u00e0 Grenade | Jardines de Zoraya","isPartOf":{"@id":"https:\/\/flamencogranada.com\/fr\/#website"},"primaryImageOfPage":{"@id":"https:\/\/flamencogranada.com\/fr\/evenements-de-groupe\/#primaryimage"},"image":{"@id":"https:\/\/flamencogranada.com\/fr\/evenements-de-groupe\/#primaryimage"},"thumbnailUrl":"https:\/\/flamencogranada.com\/wp-content\/uploads\/2024\/07\/flamenco-en-granda-evento-grupos.webp?wsr","datePublished":"2024-06-25T13:09:40+00:00","dateModified":"2025-07-15T08:24:22+00:00","description":"Venez en groupe \u00e0 l'un de nos spectacles de flamenco. Contactez-nous et nous vous montrerons les options qui s'offrent \u00e0 vous, nous vous attendons !","breadcrumb":{"@id":"https:\/\/flamencogranada.com\/fr\/evenements-de-groupe\/#breadcrumb"},"inLanguage":"fr-FR","potentialAction":[{"@type":"ReadAction","target":["https:\/\/flamencogranada.com\/fr\/evenements-de-groupe\/"]}]},{"@type":"ImageObject","inLanguage":"fr-FR","@id":"https:\/\/flamencogranada.com\/fr\/evenements-de-groupe\/#primaryimage","url":"https:\/\/flamencogranada.com\/wp-content\/uploads\/2024\/07\/flamenco-en-granda-evento-grupos.webp?wsr","contentUrl":"https:\/\/flamencogranada.com\/wp-content\/uploads\/2024\/07\/flamenco-en-granda-evento-grupos.webp?wsr","width":300,"height":200},{"@type":"BreadcrumbList","@id":"https:\/\/flamencogranada.com\/fr\/evenements-de-groupe\/#breadcrumb","itemListElement":[{"@type":"ListItem","position":1,"name":"Accueil","item":"https:\/\/flamencogranada.com\/fr\/"},{"@type":"ListItem","position":2,"name":"Ev\u00e9nements de groupe"}]},{"@type":"WebSite","@id":"https:\/\/flamencogranada.com\/fr\/#website","url":"https:\/\/flamencogranada.com\/fr\/","name":"Jardines Zoraya","description":"Aut\u00e9ntico espect\u00e1culo flamenco en Granada para disfrutar del arte y el baile mientras degustas platos andaluces tradicionales en un tablao en el Albaic\u00edn.","publisher":{"@id":"https:\/\/flamencogranada.com\/fr\/#organization"},"alternateName":"Flamenco en Granada","potentialAction":[{"@type":"SearchAction","target":{"@type":"EntryPoint","urlTemplate":"https:\/\/flamencogranada.com\/fr\/?s={search_term_string}"},"query-input":{"@type":"PropertyValueSpecification","valueRequired":true,"valueName":"search_term_string"}}],"inLanguage":"fr-FR"},{"@type":"Organization","@id":"https:\/\/flamencogranada.com\/fr\/#organization","name":"Jardines de Zoraya Flamenco Granada","alternateName":"Jardines de Zoraya","url":"https:\/\/flamencogranada.com\/fr\/","logo":{"@type":"ImageObject","inLanguage":"fr-FR","@id":"https:\/\/flamencogranada.com\/fr\/#\/schema\/logo\/image\/","url":"https:\/\/flamencogranada.com\/wp-content\/uploads\/2024\/06\/logo-invertido.png?wsr","contentUrl":"https:\/\/flamencogranada.com\/wp-content\/uploads\/2024\/06\/logo-invertido.png?wsr","width":208,"height":102,"caption":"Jardines de Zoraya Flamenco Granada"},"image":{"@id":"https:\/\/flamencogranada.com\/fr\/#\/schema\/logo\/image\/"},"sameAs":["https:\/\/www.facebook.com\/RestauranteFlamencoGranada\/","https:\/\/www.instagram.com\/tablaojardinesdezoraya\/","https:\/\/www.tiktok.com\/@flamencogranada"]}]}},"_links":{"self":[{"href":"https:\/\/flamencogranada.com\/fr\/wp-json\/wp\/v2\/pages\/28112","targetHints":{"allow":["GET"]}}],"collection":[{"href":"https:\/\/flamencogranada.com\/fr\/wp-json\/wp\/v2\/pages"}],"about":[{"href":"https:\/\/flamencogranada.com\/fr\/wp-json\/wp\/v2\/types\/page"}],"author":[{"embeddable":true,"href":"https:\/\/flamencogranada.com\/fr\/wp-json\/wp\/v2\/users\/8"}],"replies":[{"embeddable":true,"href":"https:\/\/flamencogranada.com\/fr\/wp-json\/wp\/v2\/comments?post=28112"}],"version-history":[{"count":0,"href":"https:\/\/flamencogranada.com\/fr\/wp-json\/wp\/v2\/pages\/28112\/revisions"}],"wp:featuredmedia":[{"embeddable":true,"href":"https:\/\/flamencogranada.com\/fr\/wp-json\/wp\/v2\/media\/25566"}],"wp:attachment":[{"href":"https:\/\/flamencogranada.com\/fr\/wp-json\/wp\/v2\/media?parent=28112"}],"curies":[{"name":"wp","href":"https:\/\/api.w.org\/{rel}","templated":true}]}}