{"id":38948,"date":"2026-04-25T11:41:02","date_gmt":"2026-04-25T09:41:02","guid":{"rendered":"https:\/\/flamencogranada.com\/flamenco-menue\/"},"modified":"2026-04-25T11:41:07","modified_gmt":"2026-04-25T09:41:07","slug":"flamenco-menue","status":"publish","type":"page","link":"https:\/\/flamencogranada.com\/de\/flamenco-menue\/","title":{"rendered":"Flamenco-Men\u00fc"},"content":{"rendered":"\t\t<div data-elementor-type=\"wp-page\" data-elementor-id=\"38948\" class=\"elementor elementor-38948 elementor-38495\" data-elementor-post-type=\"page\">\n\t\t\t\t<div class=\"elementor-element elementor-element-7b1fa922 e-flex e-con-boxed e-con e-parent\" data-id=\"7b1fa922\" data-element_type=\"container\" data-e-type=\"container\" id=\"menu\" data-settings=\"{&quot;background_background&quot;:&quot;classic&quot;}\">\n\t\t\t\t\t<div class=\"e-con-inner\">\n\t\t<div class=\"elementor-element elementor-element-74c945bc e-con-full e-flex e-con e-child\" data-id=\"74c945bc\" data-element_type=\"container\" data-e-type=\"container\" data-settings=\"{&quot;background_background&quot;:&quot;classic&quot;}\">\n\t\t<div class=\"elementor-element elementor-element-2664ba24 e-con-full e-flex e-con e-child\" data-id=\"2664ba24\" data-element_type=\"container\" data-e-type=\"container\">\n\t\t\t\t<div class=\"elementor-element elementor-element-7dee977b elementor-widget elementor-widget-heading\" data-id=\"7dee977b\" data-element_type=\"widget\" data-e-type=\"widget\" data-widget_type=\"heading.default\">\n\t\t\t\t<div class=\"elementor-widget-container\">\n\t\t\t\t\t<h2 class=\"elementor-heading-title elementor-size-default\">AROMEN VON ANDALUSIEN MEN\u00dc<\/h2>\t\t\t\t<\/div>\n\t\t\t\t<\/div>\n\t\t<div class=\"elementor-element elementor-element-7e40f698 e-con-full e-flex e-con e-child\" data-id=\"7e40f698\" data-element_type=\"container\" data-e-type=\"container\">\n\t\t<div class=\"elementor-element elementor-element-479df7da e-con-full e-flex e-con e-child\" data-id=\"479df7da\" data-element_type=\"container\" data-e-type=\"container\">\n\t\t\t\t<div class=\"elementor-element elementor-element-444ca341 elementor-widget elementor-widget-heading\" data-id=\"444ca341\" data-element_type=\"widget\" data-e-type=\"widget\" data-widget_type=\"heading.default\">\n\t\t\t\t<div class=\"elementor-widget-container\">\n\t\t\t\t\t<p class=\"elementor-heading-title elementor-size-default\">Vorspeisen<\/p>\t\t\t\t<\/div>\n\t\t\t\t<\/div>\n\t\t<div class=\"elementor-element elementor-element-75279786 e-con-full e-flex e-con e-child\" data-id=\"75279786\" data-element_type=\"container\" data-e-type=\"container\">\n\t\t\t\t<div class=\"elementor-element elementor-element-63ed031f elementor-widget elementor-widget-text-editor\" data-id=\"63ed031f\" data-element_type=\"widget\" data-e-type=\"widget\" data-widget_type=\"text-editor.default\">\n\t\t\t\t<div class=\"elementor-widget-container\">\n\t\t\t\t\t\t\t\t\t<p>JARDINES DE ZORAYA&#8220; Platte: Gemischte Platte mit 100% iberischem Schinken und K\u00e4se aus Granada.<\/p><p>Salmorejo Cordob\u00e9s mit iberischen Schinkenw\u00fcrfeln und Oliven\u00f6l-Eiscreme<\/p><p>AXARQU\u00cdA&#8220; Salat: Salat mit Tomaten, Gurken, roten Zwiebeln, Kumquats, Avocadocreme und Mango-Vinaigrette.<\/p>\t\t\t\t\t\t\t\t<\/div>\n\t\t\t\t<\/div>\n\t\t\t\t<\/div>\n\t\t\t\t<\/div>\n\t\t<div class=\"elementor-element elementor-element-19fa1635 e-con-full e-flex e-con e-child\" data-id=\"19fa1635\" data-element_type=\"container\" data-e-type=\"container\">\n\t\t\t\t<div class=\"elementor-element elementor-element-4f19460a elementor-widget elementor-widget-heading\" data-id=\"4f19460a\" data-element_type=\"widget\" data-e-type=\"widget\" data-widget_type=\"heading.default\">\n\t\t\t\t<div class=\"elementor-widget-container\">\n\t\t\t\t\t<p class=\"elementor-heading-title elementor-size-default\">HAUPTKURS<\/p>\t\t\t\t<\/div>\n\t\t\t\t<\/div>\n\t\t<div class=\"elementor-element elementor-element-76d4f4e0 e-con-full e-flex e-con e-child\" data-id=\"76d4f4e0\" data-element_type=\"container\" data-e-type=\"container\">\n\t\t\t\t<div class=\"elementor-element elementor-element-7949b71a elementor-widget elementor-widget-text-editor\" data-id=\"7949b71a\" data-element_type=\"widget\" data-e-type=\"widget\" data-widget_type=\"text-editor.default\">\n\t\t\t\t<div class=\"elementor-widget-container\">\n\t\t\t\t\t\t\t\t\t<p>Kalbfleisch Melosos: Kalbshaxe geschmort in Montilla-Moriles-Sauce mit cremig getr\u00fcffelten Kartoffeln.<\/p><p>Corvina en Gazpachuelo: Meeresfr\u00fcchtegericht aus Malaga mit gebratenem Wolfsbarsch, Gazpacho-Suppe, Zitronenkartoffeln und gehackten Garnelen.<\/p><p>K\u00fcrbis-Lasagne mit K\u00e4sesauce und Sahnesauce aus sonnengetrockneten Tomaten<\/p>\t\t\t\t\t\t\t\t<\/div>\n\t\t\t\t<\/div>\n\t\t\t\t<\/div>\n\t\t\t\t<\/div>\n\t\t\t\t<\/div>\n\t\t<div class=\"elementor-element elementor-element-7c1758ce e-con-full e-flex e-con e-child\" data-id=\"7c1758ce\" data-element_type=\"container\" data-e-type=\"container\">\n\t\t<div class=\"elementor-element elementor-element-59b21a5c e-con-full e-flex e-con e-child\" data-id=\"59b21a5c\" data-element_type=\"container\" data-e-type=\"container\">\n\t\t\t\t<div class=\"elementor-element elementor-element-303c5b5f elementor-widget elementor-widget-heading\" data-id=\"303c5b5f\" data-element_type=\"widget\" data-e-type=\"widget\" data-widget_type=\"heading.default\">\n\t\t\t\t<div class=\"elementor-widget-container\">\n\t\t\t\t\t<p class=\"elementor-heading-title elementor-size-default\">DESSERTS<\/p>\t\t\t\t<\/div>\n\t\t\t\t<\/div>\n\t\t<div class=\"elementor-element elementor-element-1179f7a5 e-con-full e-flex e-con e-child\" data-id=\"1179f7a5\" data-element_type=\"container\" data-e-type=\"container\">\n\t\t\t\t<div class=\"elementor-element elementor-element-4e68ffe elementor-widget elementor-widget-text-editor\" data-id=\"4e68ffe\" data-element_type=\"widget\" data-e-type=\"widget\" data-widget_type=\"text-editor.default\">\n\t\t\t\t<div class=\"elementor-widget-container\">\n\t\t\t\t\t\t\t\t\t<p>Pole\u00e1, vom Haus empfohlenes Dessert. Traditionelle andalusische Nachspeise mit Anisgel und gew\u00fcrzten kalten Brotcroutons <\/p><p>Gebackener &#8222;Montefr\u00edo&#8220; K\u00e4sekuchen. Mit Feigenmarmelade und Karamellstreuseln <\/p>\t\t\t\t\t\t\t\t<\/div>\n\t\t\t\t<\/div>\n\t\t\t\t<\/div>\n\t\t\t\t<\/div>\n\t\t<div class=\"elementor-element elementor-element-9413c91 e-con-full e-flex e-con e-child\" data-id=\"9413c91\" data-element_type=\"container\" data-e-type=\"container\">\n\t\t<div class=\"elementor-element elementor-element-16117a1d e-con-full e-flex e-con e-child\" data-id=\"16117a1d\" data-element_type=\"container\" data-e-type=\"container\" data-settings=\"{&quot;background_background&quot;:&quot;classic&quot;}\">\n\t\t\t\t<div class=\"elementor-element elementor-element-4012df3f elementor-widget elementor-widget-heading\" data-id=\"4012df3f\" data-element_type=\"widget\" data-e-type=\"widget\" data-widget_type=\"heading.default\">\n\t\t\t\t<div class=\"elementor-widget-container\">\n\t\t\t\t\t<h3 class=\"elementor-heading-title elementor-size-default\">39\u20ac\/PAX<\/h3>\t\t\t\t<\/div>\n\t\t\t\t<\/div>\n\t\t\t\t<\/div>\n\t\t\t\t<\/div>\n\t\t\t\t<\/div>\n\t\t\t\t<div class=\"elementor-element elementor-element-1c080ba1 elementor-widget elementor-widget-text-editor\" data-id=\"1c080ba1\" data-element_type=\"widget\" data-e-type=\"widget\" data-widget_type=\"text-editor.default\">\n\t\t\t\t<div class=\"elementor-widget-container\">\n\t\t\t\t\t\t\t\t\t<p><strong>Serviert mit einem Glas Cava oder S\u00fc\u00dfwein zum Dessert.<\/strong><\/p><p>Flamenco-Show NICHT inbegriffen<\/p>\t\t\t\t\t\t\t\t<\/div>\n\t\t\t\t<\/div>\n\t\t\t\t<\/div>\n\t\t\t\t<\/div>\n\t\t\t\t\t<\/div>\n\t\t\t\t<\/div>\n\t\t<div class=\"elementor-element elementor-element-b2a0d27 e-flex e-con-boxed e-con e-parent\" data-id=\"b2a0d27\" data-element_type=\"container\" data-e-type=\"container\">\n\t\t\t\t\t<div class=\"e-con-inner\">\n\t\t\t\t<div class=\"elementor-element elementor-element-abfcb40 elementor-align-center elementor-mobile-align-center elementor-widget elementor-widget-button\" data-id=\"abfcb40\" data-element_type=\"widget\" data-e-type=\"widget\" data-widget_type=\"button.default\">\n\t\t\t\t<div class=\"elementor-widget-container\">\n\t\t\t\t\t\t\t\t\t<div class=\"elementor-button-wrapper\">\n\t\t\t\t\t<a class=\"elementor-button elementor-button-link elementor-size-sm\" href=\"https:\/\/show.flamencogranada.com\/es\/838-web-tablao\/4721-entrada-espectaculo-flamenco-con-opcion-a-cena\" target=\"_blank\">\n\t\t\t\t\t\t<span class=\"elementor-button-content-wrapper\">\n\t\t\t\t\t\t<span class=\"elementor-button-icon\">\n\t\t\t\t<svg aria-hidden=\"true\" class=\"e-font-icon-svg e-fas-ticket-alt\" viewBox=\"0 0 576 512\" xmlns=\"http:\/\/www.w3.org\/2000\/svg\"><path d=\"M128 160h320v192H128V160zm400 96c0 26.51 21.49 48 48 48v96c0 26.51-21.49 48-48 48H48c-26.51 0-48-21.49-48-48v-96c26.51 0 48-21.49 48-48s-21.49-48-48-48v-96c0-26.51 21.49-48 48-48h480c26.51 0 48 21.49 48 48v96c-26.51 0-48 21.49-48 48zm-48-104c0-13.255-10.745-24-24-24H120c-13.255 0-24 10.745-24 24v208c0 13.255 10.745 24 24 24h336c13.255 0 24-10.745 24-24V152z\"><\/path><\/svg>\t\t\t<\/span>\n\t\t\t\t\t\t\t\t\t<span class=\"elementor-button-text\">BUCH<\/span>\n\t\t\t\t\t<\/span>\n\t\t\t\t\t<\/a>\n\t\t\t\t<\/div>\n\t\t\t\t\t\t\t\t<\/div>\n\t\t\t\t<\/div>\n\t\t\t\t<div class=\"elementor-element elementor-element-8cd6a48 elementor-align-center elementor-mobile-align-center elementor-widget elementor-widget-button\" data-id=\"8cd6a48\" data-element_type=\"widget\" data-e-type=\"widget\" data-widget_type=\"button.default\">\n\t\t\t\t<div class=\"elementor-widget-container\">\n\t\t\t\t\t\t\t\t\t<div class=\"elementor-button-wrapper\">\n\t\t\t\t\t<a class=\"elementor-button elementor-button-link elementor-size-sm\" href=\"https:\/\/flamencogranada.com\/de\/restaurant\/\">\n\t\t\t\t\t\t<span class=\"elementor-button-content-wrapper\">\n\t\t\t\t\t\t\t\t\t<span class=\"elementor-button-text\">Zur\u00fcck zum Abendessen mit Show<\/span>\n\t\t\t\t\t<\/span>\n\t\t\t\t\t<\/a>\n\t\t\t\t<\/div>\n\t\t\t\t\t\t\t\t<\/div>\n\t\t\t\t<\/div>\n\t\t\t\t\t<\/div>\n\t\t\t\t<\/div>\n\t\t<div class=\"elementor-element elementor-element-18b5e70 e-flex e-con-boxed e-con e-parent\" data-id=\"18b5e70\" data-element_type=\"container\" data-e-type=\"container\">\n\t\t\t\t\t<div class=\"e-con-inner\">\n\t\t\t\t<div class=\"elementor-element elementor-element-18ba493 elementor-widget elementor-widget-button\" data-id=\"18ba493\" data-element_type=\"widget\" data-e-type=\"widget\" data-widget_type=\"button.default\">\n\t\t\t\t<div class=\"elementor-widget-container\">\n\t\t\t\t\t\t\t\t\t<div class=\"elementor-button-wrapper\">\n\t\t\t\t\t<a class=\"elementor-button elementor-button-link elementor-size-sm\" href=\"https:\/\/flamencogranada.com\/de\/platten-zum-teilen\/\">\n\t\t\t\t\t\t<span class=\"elementor-button-content-wrapper\">\n\t\t\t\t\t\t\t\t\t<span class=\"elementor-button-text\">Tabellen<\/span>\n\t\t\t\t\t<\/span>\n\t\t\t\t\t<\/a>\n\t\t\t\t<\/div>\n\t\t\t\t\t\t\t\t<\/div>\n\t\t\t\t<\/div>\n\t\t\t\t<div class=\"elementor-element elementor-element-6a50055 elementor-widget elementor-widget-button\" data-id=\"6a50055\" data-element_type=\"widget\" data-e-type=\"widget\" data-widget_type=\"button.default\">\n\t\t\t\t<div class=\"elementor-widget-container\">\n\t\t\t\t\t\t\t\t\t<div class=\"elementor-button-wrapper\">\n\t\t\t\t\t<a class=\"elementor-button elementor-button-link elementor-size-sm\" href=\"https:\/\/flamencogranada.com\/de\/tapas-und-flamenco\/\">\n\t\t\t\t\t\t<span class=\"elementor-button-content-wrapper\">\n\t\t\t\t\t\t\t\t\t<span class=\"elementor-button-text\">Rationen<\/span>\n\t\t\t\t\t<\/span>\n\t\t\t\t\t<\/a>\n\t\t\t\t<\/div>\n\t\t\t\t\t\t\t\t<\/div>\n\t\t\t\t<\/div>\n\t\t\t\t<div class=\"elementor-element elementor-element-9bae3c9 elementor-widget elementor-widget-button\" data-id=\"9bae3c9\" data-element_type=\"widget\" data-e-type=\"widget\" data-widget_type=\"button.default\">\n\t\t\t\t<div class=\"elementor-widget-container\">\n\t\t\t\t\t\t\t\t\t<div class=\"elementor-button-wrapper\">\n\t\t\t\t\t<a class=\"elementor-button elementor-button-link elementor-size-sm\" href=\"https:\/\/flamencogranada.com\/de\/dessertkarte\/\">\n\t\t\t\t\t\t<span class=\"elementor-button-content-wrapper\">\n\t\t\t\t\t\t\t\t\t<span class=\"elementor-button-text\">Desserts<\/span>\n\t\t\t\t\t<\/span>\n\t\t\t\t\t<\/a>\n\t\t\t\t<\/div>\n\t\t\t\t\t\t\t\t<\/div>\n\t\t\t\t<\/div>\n\t\t\t\t<div class=\"elementor-element elementor-element-381ca80 elementor-widget elementor-widget-button\" data-id=\"381ca80\" data-element_type=\"widget\" data-e-type=\"widget\" data-widget_type=\"button.default\">\n\t\t\t\t<div class=\"elementor-widget-container\">\n\t\t\t\t\t\t\t\t\t<div class=\"elementor-button-wrapper\">\n\t\t\t\t\t<a class=\"elementor-button elementor-button-link elementor-size-sm\" href=\"https:\/\/flamencogranada.com\/menu-flamenco\/\">\n\t\t\t\t\t\t<span class=\"elementor-button-content-wrapper\">\n\t\t\t\t\t\t\t\t\t<span class=\"elementor-button-text\">Flamenco-Men\u00fc<\/span>\n\t\t\t\t\t<\/span>\n\t\t\t\t\t<\/a>\n\t\t\t\t<\/div>\n\t\t\t\t\t\t\t\t<\/div>\n\t\t\t\t<\/div>\n\t\t\t\t<div class=\"elementor-element elementor-element-bdd3a3b elementor-widget elementor-widget-button\" data-id=\"bdd3a3b\" data-element_type=\"widget\" data-e-type=\"widget\" data-widget_type=\"button.default\">\n\t\t\t\t<div class=\"elementor-widget-container\">\n\t\t\t\t\t\t\t\t\t<div class=\"elementor-button-wrapper\">\n\t\t\t\t\t<a class=\"elementor-button elementor-button-link elementor-size-sm\" href=\"https:\/\/flamencogranada.com\/de\/menue-zoraya\/\">\n\t\t\t\t\t\t<span class=\"elementor-button-content-wrapper\">\n\t\t\t\t\t\t\t\t\t<span class=\"elementor-button-text\">Men\u00fc Zoraya<\/span>\n\t\t\t\t\t<\/span>\n\t\t\t\t\t<\/a>\n\t\t\t\t<\/div>\n\t\t\t\t\t\t\t\t<\/div>\n\t\t\t\t<\/div>\n\t\t\t\t<div class=\"elementor-element elementor-element-e736c43 elementor-widget elementor-widget-button\" data-id=\"e736c43\" data-element_type=\"widget\" data-e-type=\"widget\" data-widget_type=\"button.default\">\n\t\t\t\t<div class=\"elementor-widget-container\">\n\t\t\t\t\t\t\t\t\t<div class=\"elementor-button-wrapper\">\n\t\t\t\t\t<a class=\"elementor-button elementor-button-link elementor-size-sm\" href=\"https:\/\/flamencogranada.com\/de\/gruppenmenue\/\">\n\t\t\t\t\t\t<span class=\"elementor-button-content-wrapper\">\n\t\t\t\t\t\t\t\t\t<span class=\"elementor-button-text\">Men\u00fcgruppen<\/span>\n\t\t\t\t\t<\/span>\n\t\t\t\t\t<\/a>\n\t\t\t\t<\/div>\n\t\t\t\t\t\t\t\t<\/div>\n\t\t\t\t<\/div>\n\t\t\t\t<div class=\"elementor-element elementor-element-5c76bc7 elementor-widget elementor-widget-button\" data-id=\"5c76bc7\" data-element_type=\"widget\" data-e-type=\"widget\" data-widget_type=\"button.default\">\n\t\t\t\t<div class=\"elementor-widget-container\">\n\t\t\t\t\t\t\t\t\t<div class=\"elementor-button-wrapper\">\n\t\t\t\t\t<a class=\"elementor-button elementor-button-link elementor-size-sm\" href=\"https:\/\/flamencogranada.com\/de\/weinkarte\/\">\n\t\t\t\t\t\t<span class=\"elementor-button-content-wrapper\">\n\t\t\t\t\t\t\t\t\t<span class=\"elementor-button-text\">Wein<\/span>\n\t\t\t\t\t<\/span>\n\t\t\t\t\t<\/a>\n\t\t\t\t<\/div>\n\t\t\t\t\t\t\t\t<\/div>\n\t\t\t\t<\/div>\n\t\t\t\t<div class=\"elementor-element elementor-element-4c3063d elementor-widget elementor-widget-button\" data-id=\"4c3063d\" data-element_type=\"widget\" data-e-type=\"widget\" data-widget_type=\"button.default\">\n\t\t\t\t<div class=\"elementor-widget-container\">\n\t\t\t\t\t\t\t\t\t<div class=\"elementor-button-wrapper\">\n\t\t\t\t\t<a class=\"elementor-button elementor-button-link elementor-size-sm\" href=\"https:\/\/flamencogranada.com\/de\/getraenkekarte\/\">\n\t\t\t\t\t\t<span class=\"elementor-button-content-wrapper\">\n\t\t\t\t\t\t\t\t\t<span class=\"elementor-button-text\">Getr\u00e4nke<\/span>\n\t\t\t\t\t<\/span>\n\t\t\t\t\t<\/a>\n\t\t\t\t<\/div>\n\t\t\t\t\t\t\t\t<\/div>\n\t\t\t\t<\/div>\n\t\t\t\t\t<\/div>\n\t\t\t\t<\/div>\n\t\t\t\t<\/div>\n\t\t","protected":false},"excerpt":{"rendered":"<p>AROMEN VON ANDALUSIEN MEN\u00dc Vorspeisen JARDINES DE ZORAYA&#8220; Platte: Gemischte Platte mit 100% iberischem Schinken und K\u00e4se aus Granada. Salmorejo Cordob\u00e9s mit iberischen Schinkenw\u00fcrfeln und Oliven\u00f6l-Eiscreme AXARQU\u00cdA&#8220; Salat: Salat mit Tomaten, Gurken, roten Zwiebeln, Kumquats, Avocadocreme und Mango-Vinaigrette. HAUPTKURS Kalbfleisch Melosos: Kalbshaxe geschmort in Montilla-Moriles-Sauce mit cremig getr\u00fcffelten Kartoffeln. Corvina en Gazpachuelo: Meeresfr\u00fcchtegericht aus Malaga [&hellip;]<\/p>\n","protected":false},"author":11,"featured_media":0,"parent":0,"menu_order":0,"comment_status":"closed","ping_status":"closed","template":"","meta":{"_acf_changed":false,"footnotes":""},"class_list":["post-38948","page","type-page","status-publish","hentry"],"acf":[],"yoast_head":"<!-- This site is optimized with the Yoast SEO plugin v27.4 - https:\/\/yoast.com\/product\/yoast-seo-wordpress\/ -->\n<title>Flamenco-Men\u00fc | Jardines de Zoraya<\/title>\n<meta name=\"robots\" content=\"noindex, nofollow\" \/>\n<meta property=\"og:locale\" content=\"de_DE\" \/>\n<meta property=\"og:type\" content=\"article\" \/>\n<meta property=\"og:title\" content=\"Flamenco-Men\u00fc | Jardines de Zoraya\" \/>\n<meta property=\"og:description\" content=\"AROMEN VON ANDALUSIEN MEN\u00dc Vorspeisen JARDINES DE ZORAYA&#8220; Platte: Gemischte Platte mit 100% iberischem Schinken und K\u00e4se aus Granada. Salmorejo Cordob\u00e9s mit iberischen Schinkenw\u00fcrfeln und Oliven\u00f6l-Eiscreme AXARQU\u00cdA&#8220; Salat: Salat mit Tomaten, Gurken, roten Zwiebeln, Kumquats, Avocadocreme und Mango-Vinaigrette. HAUPTKURS Kalbfleisch Melosos: Kalbshaxe geschmort in Montilla-Moriles-Sauce mit cremig getr\u00fcffelten Kartoffeln. Corvina en Gazpachuelo: Meeresfr\u00fcchtegericht aus Malaga [&hellip;]\" \/>\n<meta property=\"og:url\" content=\"https:\/\/flamencogranada.com\/de\/flamenco-menue\/\" \/>\n<meta property=\"og:site_name\" content=\"Jardines de Zoraya\" \/>\n<meta property=\"article:publisher\" content=\"https:\/\/www.facebook.com\/RestauranteFlamencoGranada\/\" \/>\n<meta property=\"article:modified_time\" content=\"2026-04-25T09:41:07+00:00\" \/>\n<meta property=\"og:image\" content=\"https:\/\/flamencogranada.com\/wp-content\/uploads\/2024\/07\/Jardines_Zoraya_Show_granada_flamenco.webp?wsr\" \/>\n\t<meta property=\"og:image:width\" content=\"400\" \/>\n\t<meta property=\"og:image:height\" content=\"250\" \/>\n\t<meta property=\"og:image:type\" content=\"image\/webp\" \/>\n<meta name=\"twitter:card\" content=\"summary_large_image\" \/>\n<meta name=\"twitter:label1\" content=\"Gesch\u00e4tzte Lesezeit\" \/>\n\t<meta name=\"twitter:data1\" content=\"1\u00a0Minute\" \/>\n<!-- \/ Yoast SEO plugin. -->","yoast_head_json":{"title":"Flamenco-Men\u00fc | Jardines de Zoraya","robots":{"index":"noindex","follow":"nofollow"},"og_locale":"de_DE","og_type":"article","og_title":"Flamenco-Men\u00fc | Jardines de Zoraya","og_description":"AROMEN VON ANDALUSIEN MEN\u00dc Vorspeisen JARDINES DE ZORAYA&#8220; Platte: Gemischte Platte mit 100% iberischem Schinken und K\u00e4se aus Granada. Salmorejo Cordob\u00e9s mit iberischen Schinkenw\u00fcrfeln und Oliven\u00f6l-Eiscreme AXARQU\u00cdA&#8220; Salat: Salat mit Tomaten, Gurken, roten Zwiebeln, Kumquats, Avocadocreme und Mango-Vinaigrette. HAUPTKURS Kalbfleisch Melosos: Kalbshaxe geschmort in Montilla-Moriles-Sauce mit cremig getr\u00fcffelten Kartoffeln. Corvina en Gazpachuelo: Meeresfr\u00fcchtegericht aus Malaga [&hellip;]","og_url":"https:\/\/flamencogranada.com\/de\/flamenco-menue\/","og_site_name":"Jardines de Zoraya","article_publisher":"https:\/\/www.facebook.com\/RestauranteFlamencoGranada\/","article_modified_time":"2026-04-25T09:41:07+00:00","og_image":[{"width":400,"height":250,"url":"https:\/\/flamencogranada.com\/wp-content\/uploads\/2024\/07\/Jardines_Zoraya_Show_granada_flamenco.webp?wsr","type":"image\/webp"}],"twitter_card":"summary_large_image","twitter_misc":{"Gesch\u00e4tzte Lesezeit":"1\u00a0Minute"},"schema":{"@context":"https:\/\/schema.org","@graph":[{"@type":"WebPage","@id":"https:\/\/flamencogranada.com\/de\/flamenco-menue\/","url":"https:\/\/flamencogranada.com\/de\/flamenco-menue\/","name":"Flamenco-Men\u00fc | Jardines de Zoraya","isPartOf":{"@id":"https:\/\/flamencogranada.com\/de\/#website"},"datePublished":"2026-04-25T09:41:02+00:00","dateModified":"2026-04-25T09:41:07+00:00","breadcrumb":{"@id":"https:\/\/flamencogranada.com\/de\/flamenco-menue\/#breadcrumb"},"inLanguage":"de","potentialAction":[{"@type":"ReadAction","target":["https:\/\/flamencogranada.com\/de\/flamenco-menue\/"]}]},{"@type":"BreadcrumbList","@id":"https:\/\/flamencogranada.com\/de\/flamenco-menue\/#breadcrumb","itemListElement":[{"@type":"ListItem","position":1,"name":"Startseite","item":"https:\/\/flamencogranada.com\/de\/"},{"@type":"ListItem","position":2,"name":"Flamenco-Men\u00fc"}]},{"@type":"WebSite","@id":"https:\/\/flamencogranada.com\/de\/#website","url":"https:\/\/flamencogranada.com\/de\/","name":"Jardines Zoraya","description":"Aut\u00e9ntico espect\u00e1culo flamenco en Granada para disfrutar del arte y el baile mientras degustas platos andaluces tradicionales en un tablao en el Albaic\u00edn.","publisher":{"@id":"https:\/\/flamencogranada.com\/de\/#organization"},"alternateName":"Flamenco en Granada","potentialAction":[{"@type":"SearchAction","target":{"@type":"EntryPoint","urlTemplate":"https:\/\/flamencogranada.com\/de\/?s={search_term_string}"},"query-input":{"@type":"PropertyValueSpecification","valueRequired":true,"valueName":"search_term_string"}}],"inLanguage":"de"},{"@type":"Organization","@id":"https:\/\/flamencogranada.com\/de\/#organization","name":"Jardines de Zoraya Flamenco Granada","alternateName":"Jardines de Zoraya","url":"https:\/\/flamencogranada.com\/de\/","logo":{"@type":"ImageObject","inLanguage":"de","@id":"https:\/\/flamencogranada.com\/de\/#\/schema\/logo\/image\/","url":"https:\/\/flamencogranada.com\/wp-content\/uploads\/2024\/06\/logo-invertido.png?wsr","contentUrl":"https:\/\/flamencogranada.com\/wp-content\/uploads\/2024\/06\/logo-invertido.png?wsr","width":208,"height":102,"caption":"Jardines de Zoraya Flamenco Granada"},"image":{"@id":"https:\/\/flamencogranada.com\/de\/#\/schema\/logo\/image\/"},"sameAs":["https:\/\/www.facebook.com\/RestauranteFlamencoGranada\/","https:\/\/www.instagram.com\/tablaojardinesdezoraya\/","https:\/\/www.tiktok.com\/@flamencogranada"]}]}},"_links":{"self":[{"href":"https:\/\/flamencogranada.com\/de\/wp-json\/wp\/v2\/pages\/38948","targetHints":{"allow":["GET"]}}],"collection":[{"href":"https:\/\/flamencogranada.com\/de\/wp-json\/wp\/v2\/pages"}],"about":[{"href":"https:\/\/flamencogranada.com\/de\/wp-json\/wp\/v2\/types\/page"}],"author":[{"embeddable":true,"href":"https:\/\/flamencogranada.com\/de\/wp-json\/wp\/v2\/users\/11"}],"replies":[{"embeddable":true,"href":"https:\/\/flamencogranada.com\/de\/wp-json\/wp\/v2\/comments?post=38948"}],"version-history":[{"count":1,"href":"https:\/\/flamencogranada.com\/de\/wp-json\/wp\/v2\/pages\/38948\/revisions"}],"predecessor-version":[{"id":38952,"href":"https:\/\/flamencogranada.com\/de\/wp-json\/wp\/v2\/pages\/38948\/revisions\/38952"}],"wp:attachment":[{"href":"https:\/\/flamencogranada.com\/de\/wp-json\/wp\/v2\/media?parent=38948"}],"curies":[{"name":"wp","href":"https:\/\/api.w.org\/{rel}","templated":true}]}}