{"id":38868,"date":"2026-04-25T11:39:42","date_gmt":"2026-04-25T09:39:42","guid":{"rendered":"https:\/\/flamencogranada.com\/gruppenmenue\/"},"modified":"2026-04-25T11:40:11","modified_gmt":"2026-04-25T09:40:11","slug":"gruppenmenue","status":"publish","type":"page","link":"https:\/\/flamencogranada.com\/de\/gruppenmenue\/","title":{"rendered":"Gruppenmen\u00fc"},"content":{"rendered":"\t\t<div data-elementor-type=\"wp-page\" data-elementor-id=\"38868\" class=\"elementor elementor-38868 elementor-38525\" data-elementor-post-type=\"page\">\n\t\t\t\t<div class=\"elementor-element elementor-element-12cdd56f e-flex e-con-boxed e-con e-parent\" data-id=\"12cdd56f\" data-element_type=\"container\" data-e-type=\"container\" id=\"grupos\">\n\t\t\t\t\t<div class=\"e-con-inner\">\n\t\t\t\t<div class=\"elementor-element elementor-element-326aa9ca elementor-widget elementor-widget-heading\" data-id=\"326aa9ca\" data-element_type=\"widget\" data-e-type=\"widget\" data-widget_type=\"heading.default\">\n\t\t\t\t<div class=\"elementor-widget-container\">\n\t\t\t\t\t<h2 class=\"elementor-heading-title elementor-size-default\">MEN\u00dc F\u00dcR GRUPPEN MIT SHOW\n\n<\/h2>\t\t\t\t<\/div>\n\t\t\t\t<\/div>\n\t\t\t\t<div class=\"elementor-element elementor-element-4f7b9849 elementor-widget elementor-widget-text-editor\" data-id=\"4f7b9849\" data-element_type=\"widget\" data-e-type=\"widget\" data-widget_type=\"text-editor.default\">\n\t\t\t\t<div class=\"elementor-widget-container\">\n\t\t\t\t\t\t\t\t\t<p>Jede Art von Men\u00fc kann nach Ihrem Geschmack und Ihrem Budget zusammengestellt werden.<\/p>\t\t\t\t\t\t\t\t<\/div>\n\t\t\t\t<\/div>\n\t\t\t\t<div class=\"elementor-element elementor-element-70b05bbe elementor-widget elementor-widget-text-editor\" data-id=\"70b05bbe\" data-element_type=\"widget\" data-e-type=\"widget\" data-widget_type=\"text-editor.default\">\n\t\t\t\t<div class=\"elementor-widget-container\">\n\t\t\t\t\t\t\t\t\t<p><strong>Wichtige Informationen f\u00fcr Gruppen<\/strong><\/p>\t\t\t\t\t\t\t\t<\/div>\n\t\t\t\t<\/div>\n\t\t\t\t<div class=\"elementor-element elementor-element-45494536 elementor-widget elementor-widget-text-editor\" data-id=\"45494536\" data-element_type=\"widget\" data-e-type=\"widget\" data-widget_type=\"text-editor.default\">\n\t\t\t\t<div class=\"elementor-widget-container\">\n\t\t\t\t\t\t\t\t\t<p>Jede Art von individuellem Men\u00fc kann erstellt werden. Die Men\u00fcs k\u00f6nnen mit oder ohne Flamenco, zur Mittagszeit oder am Abend serviert werden. Es ist wichtig, dass Sie die angegebenen Ankunfts- und Abfahrtszeiten einhalten. Die Gruppe erkl\u00e4rt sich bereit, w\u00e4hrend der Flamenco-Auff\u00fchrung zu schweigen. Sobald die Reservierung bezahlt ist, k\u00f6nnen keine \u00c4nderungen mehr am Men\u00fc vorgenommen werden.    <\/p><p>Die f\u00fcr die Gruppen zust\u00e4ndige Person ist <strong>Daniela Lancini<\/strong> 958 20 62 66<\/p>\t\t\t\t\t\t\t\t<\/div>\n\t\t\t\t<\/div>\n\t\t\t\t<div class=\"elementor-element elementor-element-68851162 elementor-laptop-align-center elementor-mobile-align-justify elementor-align-center elementor-widget elementor-widget-button\" data-id=\"68851162\" data-element_type=\"widget\" data-e-type=\"widget\" data-widget_type=\"button.default\">\n\t\t\t\t<div class=\"elementor-widget-container\">\n\t\t\t\t\t\t\t\t\t<div class=\"elementor-button-wrapper\">\n\t\t\t\t\t<a class=\"elementor-button elementor-button-link elementor-size-sm\" href=\"https:\/\/flamencogranada.com\/de\/gruppenveranstaltungen\/\">\n\t\t\t\t\t\t<span class=\"elementor-button-content-wrapper\">\n\t\t\t\t\t\t<span class=\"elementor-button-icon\">\n\t\t\t\t<svg aria-hidden=\"true\" class=\"e-font-icon-svg e-far-calendar-check\" viewBox=\"0 0 448 512\" xmlns=\"http:\/\/www.w3.org\/2000\/svg\"><path d=\"M400 64h-48V12c0-6.627-5.373-12-12-12h-40c-6.627 0-12 5.373-12 12v52H160V12c0-6.627-5.373-12-12-12h-40c-6.627 0-12 5.373-12 12v52H48C21.49 64 0 85.49 0 112v352c0 26.51 21.49 48 48 48h352c26.51 0 48-21.49 48-48V112c0-26.51-21.49-48-48-48zm-6 400H54a6 6 0 0 1-6-6V160h352v298a6 6 0 0 1-6 6zm-52.849-200.65L198.842 404.519c-4.705 4.667-12.303 4.637-16.971-.068l-75.091-75.699c-4.667-4.705-4.637-12.303.068-16.971l22.719-22.536c4.705-4.667 12.303-4.637 16.97.069l44.104 44.461 111.072-110.181c4.705-4.667 12.303-4.637 16.971.068l22.536 22.718c4.667 4.705 4.636 12.303-.069 16.97z\"><\/path><\/svg>\t\t\t<\/span>\n\t\t\t\t\t\t\t\t\t<span class=\"elementor-button-text\">ORGANISIEREN SIE IHRE GRUPPENVERANSTALTUNG<\/span>\n\t\t\t\t\t<\/span>\n\t\t\t\t\t<\/a>\n\t\t\t\t<\/div>\n\t\t\t\t\t\t\t\t<\/div>\n\t\t\t\t<\/div>\n\t\t<div class=\"elementor-element elementor-element-8a25a56 e-con-full e-flex e-con e-child\" data-id=\"8a25a56\" data-element_type=\"container\" data-e-type=\"container\">\n\t\t\t\t<div class=\"elementor-element elementor-element-3da6275 elementor-align-center elementor-mobile-align-center elementor-widget elementor-widget-button\" data-id=\"3da6275\" data-element_type=\"widget\" data-e-type=\"widget\" data-widget_type=\"button.default\">\n\t\t\t\t<div class=\"elementor-widget-container\">\n\t\t\t\t\t\t\t\t\t<div class=\"elementor-button-wrapper\">\n\t\t\t\t\t<a class=\"elementor-button elementor-button-link elementor-size-sm\" href=\"https:\/\/show.flamencogranada.com\/es\/838-web-tablao\/4721-entrada-espectaculo-flamenco-con-opcion-a-cena\" target=\"_blank\">\n\t\t\t\t\t\t<span class=\"elementor-button-content-wrapper\">\n\t\t\t\t\t\t<span class=\"elementor-button-icon\">\n\t\t\t\t<svg aria-hidden=\"true\" class=\"e-font-icon-svg e-fas-ticket-alt\" viewBox=\"0 0 576 512\" xmlns=\"http:\/\/www.w3.org\/2000\/svg\"><path d=\"M128 160h320v192H128V160zm400 96c0 26.51 21.49 48 48 48v96c0 26.51-21.49 48-48 48H48c-26.51 0-48-21.49-48-48v-96c26.51 0 48-21.49 48-48s-21.49-48-48-48v-96c0-26.51 21.49-48 48-48h480c26.51 0 48 21.49 48 48v96c-26.51 0-48 21.49-48 48zm-48-104c0-13.255-10.745-24-24-24H120c-13.255 0-24 10.745-24 24v208c0 13.255 10.745 24 24 24h336c13.255 0 24-10.745 24-24V152z\"><\/path><\/svg>\t\t\t<\/span>\n\t\t\t\t\t\t\t\t\t<span class=\"elementor-button-text\">BUCH<\/span>\n\t\t\t\t\t<\/span>\n\t\t\t\t\t<\/a>\n\t\t\t\t<\/div>\n\t\t\t\t\t\t\t\t<\/div>\n\t\t\t\t<\/div>\n\t\t\t\t<div class=\"elementor-element elementor-element-4557c6e elementor-align-center elementor-mobile-align-center elementor-widget elementor-widget-button\" data-id=\"4557c6e\" data-element_type=\"widget\" data-e-type=\"widget\" data-widget_type=\"button.default\">\n\t\t\t\t<div class=\"elementor-widget-container\">\n\t\t\t\t\t\t\t\t\t<div class=\"elementor-button-wrapper\">\n\t\t\t\t\t<a class=\"elementor-button elementor-button-link elementor-size-sm\" href=\"https:\/\/flamencogranada.com\/de\/restaurant\/\">\n\t\t\t\t\t\t<span class=\"elementor-button-content-wrapper\">\n\t\t\t\t\t\t\t\t\t<span class=\"elementor-button-text\">Zur\u00fcck zur Dinner-Show<\/span>\n\t\t\t\t\t<\/span>\n\t\t\t\t\t<\/a>\n\t\t\t\t<\/div>\n\t\t\t\t\t\t\t\t<\/div>\n\t\t\t\t<\/div>\n\t\t\t\t<\/div>\n\t\t<div class=\"elementor-element elementor-element-1a89514 e-con-full e-flex e-con e-child\" data-id=\"1a89514\" data-element_type=\"container\" data-e-type=\"container\">\n\t\t\t\t<div class=\"elementor-element elementor-element-a4790f5 elementor-widget elementor-widget-button\" data-id=\"a4790f5\" data-element_type=\"widget\" data-e-type=\"widget\" data-widget_type=\"button.default\">\n\t\t\t\t<div class=\"elementor-widget-container\">\n\t\t\t\t\t\t\t\t\t<div class=\"elementor-button-wrapper\">\n\t\t\t\t\t<a class=\"elementor-button elementor-button-link elementor-size-sm\" href=\"https:\/\/flamencogranada.com\/de\/platten-zum-teilen\/\">\n\t\t\t\t\t\t<span class=\"elementor-button-content-wrapper\">\n\t\t\t\t\t\t\t\t\t<span class=\"elementor-button-text\">Tabellen<\/span>\n\t\t\t\t\t<\/span>\n\t\t\t\t\t<\/a>\n\t\t\t\t<\/div>\n\t\t\t\t\t\t\t\t<\/div>\n\t\t\t\t<\/div>\n\t\t\t\t<div class=\"elementor-element elementor-element-78e1cf9 elementor-widget elementor-widget-button\" data-id=\"78e1cf9\" data-element_type=\"widget\" data-e-type=\"widget\" data-widget_type=\"button.default\">\n\t\t\t\t<div class=\"elementor-widget-container\">\n\t\t\t\t\t\t\t\t\t<div class=\"elementor-button-wrapper\">\n\t\t\t\t\t<a class=\"elementor-button elementor-button-link elementor-size-sm\" href=\"https:\/\/flamencogranada.com\/de\/tapas-und-flamenco\/\">\n\t\t\t\t\t\t<span class=\"elementor-button-content-wrapper\">\n\t\t\t\t\t\t\t\t\t<span class=\"elementor-button-text\">Rationen<\/span>\n\t\t\t\t\t<\/span>\n\t\t\t\t\t<\/a>\n\t\t\t\t<\/div>\n\t\t\t\t\t\t\t\t<\/div>\n\t\t\t\t<\/div>\n\t\t\t\t<div class=\"elementor-element elementor-element-7419acc elementor-widget elementor-widget-button\" data-id=\"7419acc\" data-element_type=\"widget\" data-e-type=\"widget\" data-widget_type=\"button.default\">\n\t\t\t\t<div class=\"elementor-widget-container\">\n\t\t\t\t\t\t\t\t\t<div class=\"elementor-button-wrapper\">\n\t\t\t\t\t<a class=\"elementor-button elementor-button-link elementor-size-sm\" href=\"https:\/\/flamencogranada.com\/carta-de-postres\/\">\n\t\t\t\t\t\t<span class=\"elementor-button-content-wrapper\">\n\t\t\t\t\t\t\t\t\t<span class=\"elementor-button-text\">Desserts<\/span>\n\t\t\t\t\t<\/span>\n\t\t\t\t\t<\/a>\n\t\t\t\t<\/div>\n\t\t\t\t\t\t\t\t<\/div>\n\t\t\t\t<\/div>\n\t\t\t\t<div class=\"elementor-element elementor-element-e44cb01 elementor-widget elementor-widget-button\" data-id=\"e44cb01\" data-element_type=\"widget\" data-e-type=\"widget\" data-widget_type=\"button.default\">\n\t\t\t\t<div class=\"elementor-widget-container\">\n\t\t\t\t\t\t\t\t\t<div class=\"elementor-button-wrapper\">\n\t\t\t\t\t<a class=\"elementor-button elementor-button-link elementor-size-sm\" href=\"https:\/\/flamencogranada.com\/menu-flamenco\/\">\n\t\t\t\t\t\t<span class=\"elementor-button-content-wrapper\">\n\t\t\t\t\t\t\t\t\t<span class=\"elementor-button-text\">Flamenco-Men\u00fc<\/span>\n\t\t\t\t\t<\/span>\n\t\t\t\t\t<\/a>\n\t\t\t\t<\/div>\n\t\t\t\t\t\t\t\t<\/div>\n\t\t\t\t<\/div>\n\t\t\t\t<div class=\"elementor-element elementor-element-934d89c elementor-widget elementor-widget-button\" data-id=\"934d89c\" data-element_type=\"widget\" data-e-type=\"widget\" data-widget_type=\"button.default\">\n\t\t\t\t<div class=\"elementor-widget-container\">\n\t\t\t\t\t\t\t\t\t<div class=\"elementor-button-wrapper\">\n\t\t\t\t\t<a class=\"elementor-button elementor-button-link elementor-size-sm\" href=\"https:\/\/flamencogranada.com\/de\/menue-zoraya\/\">\n\t\t\t\t\t\t<span class=\"elementor-button-content-wrapper\">\n\t\t\t\t\t\t\t\t\t<span class=\"elementor-button-text\">Zoraya-Men\u00fc<\/span>\n\t\t\t\t\t<\/span>\n\t\t\t\t\t<\/a>\n\t\t\t\t<\/div>\n\t\t\t\t\t\t\t\t<\/div>\n\t\t\t\t<\/div>\n\t\t\t\t<div class=\"elementor-element elementor-element-f5b20ec elementor-widget elementor-widget-button\" data-id=\"f5b20ec\" data-element_type=\"widget\" data-e-type=\"widget\" data-widget_type=\"button.default\">\n\t\t\t\t<div class=\"elementor-widget-container\">\n\t\t\t\t\t\t\t\t\t<div class=\"elementor-button-wrapper\">\n\t\t\t\t\t<a class=\"elementor-button elementor-button-link elementor-size-sm\" href=\"https:\/\/flamencogranada.com\/menu-para-grupos\/\">\n\t\t\t\t\t\t<span class=\"elementor-button-content-wrapper\">\n\t\t\t\t\t\t\t\t\t<span class=\"elementor-button-text\">Men\u00fcgruppen<\/span>\n\t\t\t\t\t<\/span>\n\t\t\t\t\t<\/a>\n\t\t\t\t<\/div>\n\t\t\t\t\t\t\t\t<\/div>\n\t\t\t\t<\/div>\n\t\t\t\t<div class=\"elementor-element elementor-element-dc3e10f elementor-widget elementor-widget-button\" data-id=\"dc3e10f\" data-element_type=\"widget\" data-e-type=\"widget\" data-widget_type=\"button.default\">\n\t\t\t\t<div class=\"elementor-widget-container\">\n\t\t\t\t\t\t\t\t\t<div class=\"elementor-button-wrapper\">\n\t\t\t\t\t<a class=\"elementor-button elementor-button-link elementor-size-sm\" href=\"https:\/\/flamencogranada.com\/carta-de-vinos\/\">\n\t\t\t\t\t\t<span class=\"elementor-button-content-wrapper\">\n\t\t\t\t\t\t\t\t\t<span class=\"elementor-button-text\">Wein<\/span>\n\t\t\t\t\t<\/span>\n\t\t\t\t\t<\/a>\n\t\t\t\t<\/div>\n\t\t\t\t\t\t\t\t<\/div>\n\t\t\t\t<\/div>\n\t\t\t\t<div class=\"elementor-element elementor-element-9f43688 elementor-widget elementor-widget-button\" data-id=\"9f43688\" data-element_type=\"widget\" data-e-type=\"widget\" data-widget_type=\"button.default\">\n\t\t\t\t<div class=\"elementor-widget-container\">\n\t\t\t\t\t\t\t\t\t<div class=\"elementor-button-wrapper\">\n\t\t\t\t\t<a class=\"elementor-button elementor-button-link elementor-size-sm\" href=\"https:\/\/flamencogranada.com\/de\/getraenkekarte\/\">\n\t\t\t\t\t\t<span class=\"elementor-button-content-wrapper\">\n\t\t\t\t\t\t\t\t\t<span class=\"elementor-button-text\">Getr\u00e4nke<\/span>\n\t\t\t\t\t<\/span>\n\t\t\t\t\t<\/a>\n\t\t\t\t<\/div>\n\t\t\t\t\t\t\t\t<\/div>\n\t\t\t\t<\/div>\n\t\t\t\t<\/div>\n\t\t\t\t\t<\/div>\n\t\t\t\t<\/div>\n\t\t\t\t<\/div>\n\t\t","protected":false},"excerpt":{"rendered":"<p>MEN\u00dc F\u00dcR GRUPPEN MIT SHOW Jede Art von Men\u00fc kann nach Ihrem Geschmack und Ihrem Budget zusammengestellt werden. Wichtige Informationen f\u00fcr Gruppen Jede Art von individuellem Men\u00fc kann erstellt werden. Die Men\u00fcs k\u00f6nnen mit oder ohne Flamenco, zur Mittagszeit oder am Abend serviert werden. Es ist wichtig, dass Sie die angegebenen Ankunfts- und Abfahrtszeiten einhalten. [&hellip;]<\/p>\n","protected":false},"author":11,"featured_media":0,"parent":0,"menu_order":0,"comment_status":"closed","ping_status":"closed","template":"","meta":{"_acf_changed":false,"footnotes":""},"class_list":["post-38868","page","type-page","status-publish","hentry"],"acf":[],"yoast_head":"<!-- This site is optimized with the Yoast SEO plugin v27.4 - https:\/\/yoast.com\/product\/yoast-seo-wordpress\/ -->\n<title>Gruppenmen\u00fc | Jardines de Zoraya<\/title>\n<meta name=\"robots\" content=\"noindex, nofollow\" \/>\n<meta property=\"og:locale\" content=\"de_DE\" \/>\n<meta property=\"og:type\" content=\"article\" \/>\n<meta property=\"og:title\" content=\"Gruppenmen\u00fc | Jardines de Zoraya\" \/>\n<meta property=\"og:description\" content=\"MEN\u00dc F\u00dcR GRUPPEN MIT SHOW Jede Art von Men\u00fc kann nach Ihrem Geschmack und Ihrem Budget zusammengestellt werden. Wichtige Informationen f\u00fcr Gruppen Jede Art von individuellem Men\u00fc kann erstellt werden. Die Men\u00fcs k\u00f6nnen mit oder ohne Flamenco, zur Mittagszeit oder am Abend serviert werden. Es ist wichtig, dass Sie die angegebenen Ankunfts- und Abfahrtszeiten einhalten. [&hellip;]\" \/>\n<meta property=\"og:url\" content=\"https:\/\/flamencogranada.com\/de\/gruppenmenue\/\" \/>\n<meta property=\"og:site_name\" content=\"Jardines de Zoraya\" \/>\n<meta property=\"article:publisher\" content=\"https:\/\/www.facebook.com\/RestauranteFlamencoGranada\/\" \/>\n<meta property=\"article:modified_time\" content=\"2026-04-25T09:40:11+00:00\" \/>\n<meta property=\"og:image\" content=\"https:\/\/flamencogranada.com\/wp-content\/uploads\/2024\/07\/Jardines_Zoraya_Show_granada_flamenco.webp?wsr\" \/>\n\t<meta property=\"og:image:width\" content=\"400\" \/>\n\t<meta property=\"og:image:height\" content=\"250\" \/>\n\t<meta property=\"og:image:type\" content=\"image\/webp\" \/>\n<meta name=\"twitter:card\" content=\"summary_large_image\" \/>\n<meta name=\"twitter:label1\" content=\"Gesch\u00e4tzte Lesezeit\" \/>\n\t<meta name=\"twitter:data1\" content=\"1\u00a0Minute\" \/>\n<!-- \/ Yoast SEO plugin. -->","yoast_head_json":{"title":"Gruppenmen\u00fc | Jardines de Zoraya","robots":{"index":"noindex","follow":"nofollow"},"og_locale":"de_DE","og_type":"article","og_title":"Gruppenmen\u00fc | Jardines de Zoraya","og_description":"MEN\u00dc F\u00dcR GRUPPEN MIT SHOW Jede Art von Men\u00fc kann nach Ihrem Geschmack und Ihrem Budget zusammengestellt werden. Wichtige Informationen f\u00fcr Gruppen Jede Art von individuellem Men\u00fc kann erstellt werden. Die Men\u00fcs k\u00f6nnen mit oder ohne Flamenco, zur Mittagszeit oder am Abend serviert werden. Es ist wichtig, dass Sie die angegebenen Ankunfts- und Abfahrtszeiten einhalten. [&hellip;]","og_url":"https:\/\/flamencogranada.com\/de\/gruppenmenue\/","og_site_name":"Jardines de Zoraya","article_publisher":"https:\/\/www.facebook.com\/RestauranteFlamencoGranada\/","article_modified_time":"2026-04-25T09:40:11+00:00","og_image":[{"width":400,"height":250,"url":"https:\/\/flamencogranada.com\/wp-content\/uploads\/2024\/07\/Jardines_Zoraya_Show_granada_flamenco.webp?wsr","type":"image\/webp"}],"twitter_card":"summary_large_image","twitter_misc":{"Gesch\u00e4tzte Lesezeit":"1\u00a0Minute"},"schema":{"@context":"https:\/\/schema.org","@graph":[{"@type":"WebPage","@id":"https:\/\/flamencogranada.com\/de\/gruppenmenue\/","url":"https:\/\/flamencogranada.com\/de\/gruppenmenue\/","name":"Gruppenmen\u00fc | Jardines de Zoraya","isPartOf":{"@id":"https:\/\/flamencogranada.com\/de\/#website"},"datePublished":"2026-04-25T09:39:42+00:00","dateModified":"2026-04-25T09:40:11+00:00","breadcrumb":{"@id":"https:\/\/flamencogranada.com\/de\/gruppenmenue\/#breadcrumb"},"inLanguage":"de","potentialAction":[{"@type":"ReadAction","target":["https:\/\/flamencogranada.com\/de\/gruppenmenue\/"]}]},{"@type":"BreadcrumbList","@id":"https:\/\/flamencogranada.com\/de\/gruppenmenue\/#breadcrumb","itemListElement":[{"@type":"ListItem","position":1,"name":"Startseite","item":"https:\/\/flamencogranada.com\/de\/"},{"@type":"ListItem","position":2,"name":"Gruppenmen\u00fc"}]},{"@type":"WebSite","@id":"https:\/\/flamencogranada.com\/de\/#website","url":"https:\/\/flamencogranada.com\/de\/","name":"Jardines Zoraya","description":"Aut\u00e9ntico espect\u00e1culo flamenco en Granada para disfrutar del arte y el baile mientras degustas platos andaluces tradicionales en un tablao en el Albaic\u00edn.","publisher":{"@id":"https:\/\/flamencogranada.com\/de\/#organization"},"alternateName":"Flamenco en Granada","potentialAction":[{"@type":"SearchAction","target":{"@type":"EntryPoint","urlTemplate":"https:\/\/flamencogranada.com\/de\/?s={search_term_string}"},"query-input":{"@type":"PropertyValueSpecification","valueRequired":true,"valueName":"search_term_string"}}],"inLanguage":"de"},{"@type":"Organization","@id":"https:\/\/flamencogranada.com\/de\/#organization","name":"Jardines de Zoraya Flamenco Granada","alternateName":"Jardines de Zoraya","url":"https:\/\/flamencogranada.com\/de\/","logo":{"@type":"ImageObject","inLanguage":"de","@id":"https:\/\/flamencogranada.com\/de\/#\/schema\/logo\/image\/","url":"https:\/\/flamencogranada.com\/wp-content\/uploads\/2024\/06\/logo-invertido.png?wsr","contentUrl":"https:\/\/flamencogranada.com\/wp-content\/uploads\/2024\/06\/logo-invertido.png?wsr","width":208,"height":102,"caption":"Jardines de Zoraya Flamenco Granada"},"image":{"@id":"https:\/\/flamencogranada.com\/de\/#\/schema\/logo\/image\/"},"sameAs":["https:\/\/www.facebook.com\/RestauranteFlamencoGranada\/","https:\/\/www.instagram.com\/tablaojardinesdezoraya\/","https:\/\/www.tiktok.com\/@flamencogranada"]}]}},"_links":{"self":[{"href":"https:\/\/flamencogranada.com\/de\/wp-json\/wp\/v2\/pages\/38868","targetHints":{"allow":["GET"]}}],"collection":[{"href":"https:\/\/flamencogranada.com\/de\/wp-json\/wp\/v2\/pages"}],"about":[{"href":"https:\/\/flamencogranada.com\/de\/wp-json\/wp\/v2\/types\/page"}],"author":[{"embeddable":true,"href":"https:\/\/flamencogranada.com\/de\/wp-json\/wp\/v2\/users\/11"}],"replies":[{"embeddable":true,"href":"https:\/\/flamencogranada.com\/de\/wp-json\/wp\/v2\/comments?post=38868"}],"version-history":[{"count":1,"href":"https:\/\/flamencogranada.com\/de\/wp-json\/wp\/v2\/pages\/38868\/revisions"}],"predecessor-version":[{"id":38870,"href":"https:\/\/flamencogranada.com\/de\/wp-json\/wp\/v2\/pages\/38868\/revisions\/38870"}],"wp:attachment":[{"href":"https:\/\/flamencogranada.com\/de\/wp-json\/wp\/v2\/media?parent=38868"}],"curies":[{"name":"wp","href":"https:\/\/api.w.org\/{rel}","templated":true}]}}