{"id":28164,"date":"2024-06-25T15:10:12","date_gmt":"2024-06-25T13:10:12","guid":{"rendered":"https:\/\/flamencogranada.com\/fotogalerie\/"},"modified":"2024-07-12T11:36:26","modified_gmt":"2024-07-12T11:36:26","slug":"fotogalerie","status":"publish","type":"page","link":"https:\/\/flamencogranada.com\/de\/fotogalerie\/","title":{"rendered":"Fotogalerie"},"content":{"rendered":"\t\t<div data-elementor-type=\"wp-page\" data-elementor-id=\"28164\" class=\"elementor elementor-28164 elementor-21\" data-elementor-post-type=\"page\">\n\t\t\t\t<div class=\"elementor-element elementor-element-2cb3206 e-flex e-con-boxed e-con e-parent\" data-id=\"2cb3206\" data-element_type=\"container\" data-e-type=\"container\">\n\t\t\t\t\t<div class=\"e-con-inner\">\n\t\t<div class=\"elementor-element elementor-element-3c477b8 e-con-full e-flex e-con e-child\" data-id=\"3c477b8\" data-element_type=\"container\" data-e-type=\"container\">\n\t\t<div class=\"elementor-element elementor-element-40f56f7 e-con-full e-flex e-con e-child\" data-id=\"40f56f7\" data-element_type=\"container\" data-e-type=\"container\">\n\t\t\t\t<div class=\"elementor-element elementor-element-8be431e elementor-widget elementor-widget-breadcrumbs\" data-id=\"8be431e\" data-element_type=\"widget\" data-e-type=\"widget\" data-widget_type=\"breadcrumbs.default\">\n\t\t\t\t<div class=\"elementor-widget-container\">\n\t\t\t\t\t<p id=\"breadcrumbs\"><span><span><a href=\"https:\/\/flamencogranada.com\/de\/\">Startseite<\/a><\/span><\/span><\/p>\t\t\t\t<\/div>\n\t\t\t\t<\/div>\n\t\t\t\t<\/div>\n\t\t<div class=\"elementor-element elementor-element-146b89b e-con-full elementor-hidden-mobile e-flex e-con e-child\" data-id=\"146b89b\" data-element_type=\"container\" data-e-type=\"container\">\n\t\t\t\t<\/div>\n\t\t\t\t<\/div>\n\t\t<div class=\"elementor-element elementor-element-720f8bd e-con-full e-flex e-con e-child\" data-id=\"720f8bd\" data-element_type=\"container\" data-e-type=\"container\">\n\t\t<div class=\"elementor-element elementor-element-74fa5c2 e-con-full e-flex e-con e-child\" data-id=\"74fa5c2\" data-element_type=\"container\" data-e-type=\"container\">\n\t\t\t\t<div class=\"elementor-element elementor-element-26b8284 elementor-widget elementor-widget-heading\" data-id=\"26b8284\" data-element_type=\"widget\" data-e-type=\"widget\" data-widget_type=\"heading.default\">\n\t\t\t\t<div class=\"elementor-widget-container\">\n\t\t\t\t\t<h1 class=\"elementor-heading-title elementor-size-default\">GALERIE DER<br>\nIMAGES<\/h1>\t\t\t\t<\/div>\n\t\t\t\t<\/div>\n\t\t\t\t<div class=\"elementor-element elementor-element-0fb95ab elementor-widget elementor-widget-text-editor\" data-id=\"0fb95ab\" data-element_type=\"widget\" data-e-type=\"widget\" data-widget_type=\"text-editor.default\">\n\t\t\t\t<div class=\"elementor-widget-container\">\n\t\t\t\t\t\t\t\t\t<p><strong>Ein Bild sagt mehr als tausend Worte<\/strong><\/p>\n\t\t\t\t\t\t\t\t<\/div>\n\t\t\t\t<\/div>\n\t\t\t\t<\/div>\n\t\t<div class=\"elementor-element elementor-element-2f64a80 e-con-full elementor-hidden-mobile e-flex e-con e-child\" data-id=\"2f64a80\" data-element_type=\"container\" data-e-type=\"container\">\n\t\t\t\t<\/div>\n\t\t\t\t<\/div>\n\t\t<div class=\"elementor-element elementor-element-4ab4cad e-con-full e-flex e-con e-child\" data-id=\"4ab4cad\" data-element_type=\"container\" data-e-type=\"container\">\n\t\t<div class=\"elementor-element elementor-element-b350a7a e-con-full e-flex e-con e-child\" data-id=\"b350a7a\" data-element_type=\"container\" data-e-type=\"container\">\n\t\t\t\t<div class=\"elementor-element elementor-element-75f6731 elementor-widget elementor-widget-text-editor\" data-id=\"75f6731\" data-element_type=\"widget\" data-e-type=\"widget\" data-widget_type=\"text-editor.default\">\n\t\t\t\t<div class=\"elementor-widget-container\">\n\t\t\t\t\t\t\t\t\tDie Atmosph\u00e4re, die jeden Abend im Jardines de Zoraya entsteht, ist einzigartig und unbeschreiblich. Nur diejenigen, die das Gl\u00fcck haben, es erlebt zu haben, k\u00f6nnen verstehen, was wir ausdr\u00fccken wollen.\n\n\t\t\t\t\t\t\t\t<\/div>\n\t\t\t\t<\/div>\n\t\t\t\t<div class=\"elementor-element elementor-element-f297526 elementor-widget elementor-widget-text-editor\" data-id=\"f297526\" data-element_type=\"widget\" data-e-type=\"widget\" data-widget_type=\"text-editor.default\">\n\t\t\t\t<div class=\"elementor-widget-container\">\n\t\t\t\t\t\t\t\t\tEine Lounge im Innenbereich, eine Bar f\u00fcr Tapas und ein gro\u00dfer Garten im Freien hinter der alten Moschee des Albaic\u00edn, wo die Ruhe, das Rauschen des Wassers des Nasrid-Brunnens und die duftenden Pflanzen einen idyllischen Rahmen f\u00fcr einen besonderen Abend schaffen.\n\n\t\t\t\t\t\t\t\t<\/div>\n\t\t\t\t<\/div>\n\t\t\t\t<div class=\"elementor-element elementor-element-40e72ee elementor-widget elementor-widget-text-editor\" data-id=\"40e72ee\" data-element_type=\"widget\" data-e-type=\"widget\" data-widget_type=\"text-editor.default\">\n\t\t\t\t<div class=\"elementor-widget-container\">\n\t\t\t\t\t\t\t\t\t<p>Wir \u00fcberlassen Ihnen unsere Fotogalerie, damit Sie einen Vorgeschmack auf das bekommen, was Sie w\u00e4hrend der Flamenco-Show und bei den Abendessen im Restaurant genie\u00dfen k\u00f6nnen.<\/p>\n\t\t\t\t\t\t\t\t<\/div>\n\t\t\t\t<\/div>\n\t\t\t\t<\/div>\n\t\t\t\t<\/div>\n\t\t\t\t\t<\/div>\n\t\t\t\t<\/div>\n\t\t<div class=\"elementor-element elementor-element-9f64ebe e-flex e-con-boxed e-con e-parent\" data-id=\"9f64ebe\" data-element_type=\"container\" data-e-type=\"container\">\n\t\t\t\t\t<div class=\"e-con-inner\">\n\t\t\t\t<div class=\"elementor-element elementor-element-de0c4e3 gallery-spacing-custom elementor-widget elementor-widget-image-gallery\" data-id=\"de0c4e3\" data-element_type=\"widget\" data-e-type=\"widget\" data-widget_type=\"image-gallery.default\">\n\t\t\t\t<div class=\"elementor-widget-container\">\n\t\t\t\t\t\t\t<div class=\"elementor-image-gallery\">\n\t\t\t<div id='gallery-1' class='gallery galleryid-28164 gallery-columns-3 gallery-size-full'><figure class='gallery-item'>\n\t\t\t<div class='gallery-icon landscape'>\n\t\t\t\t<a data-elementor-open-lightbox=\"yes\" data-elementor-lightbox-slideshow=\"de0c4e3\" data-elementor-lightbox-title=\"img18-1.webp\" data-e-action-hash=\"#elementor-action%3Aaction%3Dlightbox%26settings%3DeyJpZCI6MzA0MTEsInVybCI6Imh0dHBzOlwvXC9mbGFtZW5jb2dyYW5hZGEuY29tXC93cC1jb250ZW50XC91cGxvYWRzXC8yMDI0XC8wN1wvaW1nMTgtMS0xLndlYnAiLCJzbGlkZXNob3ciOiJkZTBjNGUzIn0%3D\" href='https:\/\/flamencogranada.com\/wp-content\/uploads\/2024\/07\/img18-1-1.webp'><img fetchpriority=\"high\" decoding=\"async\" width=\"356\" height=\"311\" src=\"https:\/\/flamencogranada.com\/wp-content\/uploads\/2024\/07\/img18-1-1.webp\" class=\"attachment-full size-full\" alt=\"\" srcset=\"https:\/\/flamencogranada.com\/wp-content\/uploads\/2024\/07\/img18-1-1.webp 356w, https:\/\/flamencogranada.com\/wp-content\/uploads\/2024\/07\/img18-1-1-300x262.webp 300w\" sizes=\"(max-width: 356px) 100vw, 356px\" \/><\/a>\n\t\t\t<\/div><\/figure><figure class='gallery-item'>\n\t\t\t<div class='gallery-icon landscape'>\n\t\t\t\t<a data-elementor-open-lightbox=\"yes\" data-elementor-lightbox-slideshow=\"de0c4e3\" data-elementor-lightbox-title=\"img10-1.webp\" data-e-action-hash=\"#elementor-action%3Aaction%3Dlightbox%26settings%3DeyJpZCI6MzAzOTEsInVybCI6Imh0dHBzOlwvXC9mbGFtZW5jb2dyYW5hZGEuY29tXC93cC1jb250ZW50XC91cGxvYWRzXC8yMDI0XC8wN1wvaW1nMTAtMS0xLndlYnAiLCJzbGlkZXNob3ciOiJkZTBjNGUzIn0%3D\" href='https:\/\/flamencogranada.com\/wp-content\/uploads\/2024\/07\/img10-1-1.webp'><img decoding=\"async\" width=\"355\" height=\"311\" src=\"https:\/\/flamencogranada.com\/wp-content\/uploads\/2024\/07\/img10-1-1.webp\" class=\"attachment-full size-full\" alt=\"\" srcset=\"https:\/\/flamencogranada.com\/wp-content\/uploads\/2024\/07\/img10-1-1.webp 355w, https:\/\/flamencogranada.com\/wp-content\/uploads\/2024\/07\/img10-1-1-300x263.webp 300w\" sizes=\"(max-width: 355px) 100vw, 355px\" \/><\/a>\n\t\t\t<\/div><\/figure><figure class='gallery-item'>\n\t\t\t<div class='gallery-icon landscape'>\n\t\t\t\t<a data-elementor-open-lightbox=\"yes\" data-elementor-lightbox-slideshow=\"de0c4e3\" data-elementor-lightbox-title=\"img13-1.webp\" data-e-action-hash=\"#elementor-action%3Aaction%3Dlightbox%26settings%3DeyJpZCI6MzAzOTYsInVybCI6Imh0dHBzOlwvXC9mbGFtZW5jb2dyYW5hZGEuY29tXC93cC1jb250ZW50XC91cGxvYWRzXC8yMDI0XC8wN1wvaW1nMTMtMS0xLndlYnAiLCJzbGlkZXNob3ciOiJkZTBjNGUzIn0%3D\" href='https:\/\/flamencogranada.com\/wp-content\/uploads\/2024\/07\/img13-1-1.webp'><img decoding=\"async\" width=\"355\" height=\"311\" src=\"https:\/\/flamencogranada.com\/wp-content\/uploads\/2024\/07\/img13-1-1.webp\" class=\"attachment-full size-full\" alt=\"\" srcset=\"https:\/\/flamencogranada.com\/wp-content\/uploads\/2024\/07\/img13-1-1.webp 355w, https:\/\/flamencogranada.com\/wp-content\/uploads\/2024\/07\/img13-1-1-300x263.webp 300w\" sizes=\"(max-width: 355px) 100vw, 355px\" \/><\/a>\n\t\t\t<\/div><\/figure><figure class='gallery-item'>\n\t\t\t<div class='gallery-icon landscape'>\n\t\t\t\t<a data-elementor-open-lightbox=\"yes\" data-elementor-lightbox-slideshow=\"de0c4e3\" data-elementor-lightbox-title=\"jardines-zoraya-5djk2475-grande-1.webp\" data-e-action-hash=\"#elementor-action%3Aaction%3Dlightbox%26settings%3DeyJpZCI6MzA0MjEsInVybCI6Imh0dHBzOlwvXC9mbGFtZW5jb2dyYW5hZGEuY29tXC93cC1jb250ZW50XC91cGxvYWRzXC8yMDI0XC8wN1wvamFyZGluZXMtem9yYXlhLTVkamsyNDc1LWdyYW5kZS0xLTEud2VicCIsInNsaWRlc2hvdyI6ImRlMGM0ZTMifQ%3D%3D\" href='https:\/\/flamencogranada.com\/wp-content\/uploads\/2024\/07\/jardines-zoraya-5djk2475-grande-1-1.webp'><img loading=\"lazy\" decoding=\"async\" width=\"1620\" height=\"1080\" src=\"https:\/\/flamencogranada.com\/wp-content\/uploads\/2024\/07\/jardines-zoraya-5djk2475-grande-1-1.webp\" class=\"attachment-full size-full\" alt=\"\" srcset=\"https:\/\/flamencogranada.com\/wp-content\/uploads\/2024\/07\/jardines-zoraya-5djk2475-grande-1-1.webp 1620w, https:\/\/flamencogranada.com\/wp-content\/uploads\/2024\/07\/jardines-zoraya-5djk2475-grande-1-1-300x200.webp 300w, https:\/\/flamencogranada.com\/wp-content\/uploads\/2024\/07\/jardines-zoraya-5djk2475-grande-1-1-1024x683.webp 1024w, https:\/\/flamencogranada.com\/wp-content\/uploads\/2024\/07\/jardines-zoraya-5djk2475-grande-1-1-768x512.webp 768w, https:\/\/flamencogranada.com\/wp-content\/uploads\/2024\/07\/jardines-zoraya-5djk2475-grande-1-1-1536x1024.webp 1536w\" sizes=\"(max-width: 1620px) 100vw, 1620px\" \/><\/a>\n\t\t\t<\/div><\/figure><figure class='gallery-item'>\n\t\t\t<div class='gallery-icon landscape'>\n\t\t\t\t<a data-elementor-open-lightbox=\"yes\" data-elementor-lightbox-slideshow=\"de0c4e3\" data-elementor-lightbox-title=\"Jardines-Zoraya5DJK4840-Grande-1.webp\" data-e-action-hash=\"#elementor-action%3Aaction%3Dlightbox%26settings%3DeyJpZCI6MzA0NDEsInVybCI6Imh0dHBzOlwvXC9mbGFtZW5jb2dyYW5hZGEuY29tXC93cC1jb250ZW50XC91cGxvYWRzXC8yMDI0XC8wN1wvSmFyZGluZXMtWm9yYXlhNURKSzQ4NDAtR3JhbmRlLTEtMS53ZWJwIiwic2xpZGVzaG93IjoiZGUwYzRlMyJ9\" href='https:\/\/flamencogranada.com\/wp-content\/uploads\/2024\/07\/Jardines-Zoraya5DJK4840-Grande-1-1.webp'><img loading=\"lazy\" decoding=\"async\" width=\"1080\" height=\"1080\" src=\"https:\/\/flamencogranada.com\/wp-content\/uploads\/2024\/07\/Jardines-Zoraya5DJK4840-Grande-1-1.webp\" class=\"attachment-full size-full\" alt=\"\" srcset=\"https:\/\/flamencogranada.com\/wp-content\/uploads\/2024\/07\/Jardines-Zoraya5DJK4840-Grande-1-1.webp 1080w, https:\/\/flamencogranada.com\/wp-content\/uploads\/2024\/07\/Jardines-Zoraya5DJK4840-Grande-1-1-300x300.webp 300w, https:\/\/flamencogranada.com\/wp-content\/uploads\/2024\/07\/Jardines-Zoraya5DJK4840-Grande-1-1-1024x1024.webp 1024w, https:\/\/flamencogranada.com\/wp-content\/uploads\/2024\/07\/Jardines-Zoraya5DJK4840-Grande-1-1-150x150.webp 150w, https:\/\/flamencogranada.com\/wp-content\/uploads\/2024\/07\/Jardines-Zoraya5DJK4840-Grande-1-1-768x768.webp 768w\" sizes=\"(max-width: 1080px) 100vw, 1080px\" \/><\/a>\n\t\t\t<\/div><\/figure><figure class='gallery-item'>\n\t\t\t<div class='gallery-icon landscape'>\n\t\t\t\t<a data-elementor-open-lightbox=\"yes\" data-elementor-lightbox-slideshow=\"de0c4e3\" data-elementor-lightbox-title=\"img2-1.webp\" data-e-action-hash=\"#elementor-action%3Aaction%3Dlightbox%26settings%3DeyJpZCI6MzAzNTYsInVybCI6Imh0dHBzOlwvXC9mbGFtZW5jb2dyYW5hZGEuY29tXC93cC1jb250ZW50XC91cGxvYWRzXC8yMDI0XC8wN1wvaW1nMi0xLTEud2VicCIsInNsaWRlc2hvdyI6ImRlMGM0ZTMifQ%3D%3D\" href='https:\/\/flamencogranada.com\/wp-content\/uploads\/2024\/07\/img2-1-1.webp'><img loading=\"lazy\" decoding=\"async\" width=\"355\" height=\"311\" src=\"https:\/\/flamencogranada.com\/wp-content\/uploads\/2024\/07\/img2-1-1.webp\" class=\"attachment-full size-full\" alt=\"\" srcset=\"https:\/\/flamencogranada.com\/wp-content\/uploads\/2024\/07\/img2-1-1.webp 355w, https:\/\/flamencogranada.com\/wp-content\/uploads\/2024\/07\/img2-1-1-300x263.webp 300w\" sizes=\"(max-width: 355px) 100vw, 355px\" \/><\/a>\n\t\t\t<\/div><\/figure><figure class='gallery-item'>\n\t\t\t<div class='gallery-icon landscape'>\n\t\t\t\t<a data-elementor-open-lightbox=\"yes\" data-elementor-lightbox-slideshow=\"de0c4e3\" data-elementor-lightbox-title=\"jardin_5-1-1.jpg\" data-e-action-hash=\"#elementor-action%3Aaction%3Dlightbox%26settings%3DeyJpZCI6MzA0NTYsInVybCI6Imh0dHBzOlwvXC9mbGFtZW5jb2dyYW5hZGEuY29tXC93cC1jb250ZW50XC91cGxvYWRzXC8yMDI0XC8wN1wvamFyZGluXzUtMS0xLTEuanBnIiwic2xpZGVzaG93IjoiZGUwYzRlMyJ9\" href='https:\/\/flamencogranada.com\/wp-content\/uploads\/2024\/07\/jardin_5-1-1-1.jpg'><img loading=\"lazy\" decoding=\"async\" width=\"2400\" height=\"1600\" src=\"https:\/\/flamencogranada.com\/wp-content\/uploads\/2024\/07\/jardin_5-1-1-1.jpg\" class=\"attachment-full size-full\" alt=\"\" srcset=\"https:\/\/flamencogranada.com\/wp-content\/uploads\/2024\/07\/jardin_5-1-1-1.jpg 2400w, https:\/\/flamencogranada.com\/wp-content\/uploads\/2024\/07\/jardin_5-1-1-1-300x200.jpg 300w, https:\/\/flamencogranada.com\/wp-content\/uploads\/2024\/07\/jardin_5-1-1-1-1024x683.jpg 1024w, https:\/\/flamencogranada.com\/wp-content\/uploads\/2024\/07\/jardin_5-1-1-1-768x512.jpg 768w, https:\/\/flamencogranada.com\/wp-content\/uploads\/2024\/07\/jardin_5-1-1-1-1536x1024.jpg 1536w, https:\/\/flamencogranada.com\/wp-content\/uploads\/2024\/07\/jardin_5-1-1-1-2048x1365.jpg 2048w\" sizes=\"(max-width: 2400px) 100vw, 2400px\" \/><\/a>\n\t\t\t<\/div><\/figure><figure class='gallery-item'>\n\t\t\t<div class='gallery-icon landscape'>\n\t\t\t\t<a data-elementor-open-lightbox=\"yes\" data-elementor-lightbox-slideshow=\"de0c4e3\" data-elementor-lightbox-title=\"jardin_13-1-1.jpg\" data-e-action-hash=\"#elementor-action%3Aaction%3Dlightbox%26settings%3DeyJpZCI6MzA0OTEsInVybCI6Imh0dHBzOlwvXC9mbGFtZW5jb2dyYW5hZGEuY29tXC93cC1jb250ZW50XC91cGxvYWRzXC8yMDI0XC8wN1wvamFyZGluXzEzLTEtMS0xLmpwZyIsInNsaWRlc2hvdyI6ImRlMGM0ZTMifQ%3D%3D\" href='https:\/\/flamencogranada.com\/wp-content\/uploads\/2024\/07\/jardin_13-1-1-1.jpg'><img loading=\"lazy\" decoding=\"async\" width=\"2400\" height=\"1600\" src=\"https:\/\/flamencogranada.com\/wp-content\/uploads\/2024\/07\/jardin_13-1-1-1.jpg\" class=\"attachment-full size-full\" alt=\"\" srcset=\"https:\/\/flamencogranada.com\/wp-content\/uploads\/2024\/07\/jardin_13-1-1-1.jpg 2400w, https:\/\/flamencogranada.com\/wp-content\/uploads\/2024\/07\/jardin_13-1-1-1-300x200.jpg 300w, https:\/\/flamencogranada.com\/wp-content\/uploads\/2024\/07\/jardin_13-1-1-1-1024x683.jpg 1024w, https:\/\/flamencogranada.com\/wp-content\/uploads\/2024\/07\/jardin_13-1-1-1-768x512.jpg 768w, https:\/\/flamencogranada.com\/wp-content\/uploads\/2024\/07\/jardin_13-1-1-1-1536x1024.jpg 1536w, https:\/\/flamencogranada.com\/wp-content\/uploads\/2024\/07\/jardin_13-1-1-1-2048x1365.jpg 2048w\" sizes=\"(max-width: 2400px) 100vw, 2400px\" \/><\/a>\n\t\t\t<\/div><\/figure><figure class='gallery-item'>\n\t\t\t<div class='gallery-icon landscape'>\n\t\t\t\t<a data-elementor-open-lightbox=\"yes\" data-elementor-lightbox-slideshow=\"de0c4e3\" data-elementor-lightbox-title=\"jardin_34-1-1.jpg\" data-e-action-hash=\"#elementor-action%3Aaction%3Dlightbox%26settings%3DeyJpZCI6MzA1MDEsInVybCI6Imh0dHBzOlwvXC9mbGFtZW5jb2dyYW5hZGEuY29tXC93cC1jb250ZW50XC91cGxvYWRzXC8yMDI0XC8wN1wvamFyZGluXzM0LTEtMS0xLmpwZyIsInNsaWRlc2hvdyI6ImRlMGM0ZTMifQ%3D%3D\" href='https:\/\/flamencogranada.com\/wp-content\/uploads\/2024\/07\/jardin_34-1-1-1.jpg'><img loading=\"lazy\" decoding=\"async\" width=\"2399\" height=\"1600\" src=\"https:\/\/flamencogranada.com\/wp-content\/uploads\/2024\/07\/jardin_34-1-1-1.jpg\" class=\"attachment-full size-full\" alt=\"\" srcset=\"https:\/\/flamencogranada.com\/wp-content\/uploads\/2024\/07\/jardin_34-1-1-1.jpg 2399w, https:\/\/flamencogranada.com\/wp-content\/uploads\/2024\/07\/jardin_34-1-1-1-300x200.jpg 300w, https:\/\/flamencogranada.com\/wp-content\/uploads\/2024\/07\/jardin_34-1-1-1-1024x683.jpg 1024w, https:\/\/flamencogranada.com\/wp-content\/uploads\/2024\/07\/jardin_34-1-1-1-768x512.jpg 768w, https:\/\/flamencogranada.com\/wp-content\/uploads\/2024\/07\/jardin_34-1-1-1-1536x1024.jpg 1536w, https:\/\/flamencogranada.com\/wp-content\/uploads\/2024\/07\/jardin_34-1-1-1-2048x1366.jpg 2048w\" sizes=\"(max-width: 2399px) 100vw, 2399px\" \/><\/a>\n\t\t\t<\/div><\/figure><figure class='gallery-item'>\n\t\t\t<div class='gallery-icon landscape'>\n\t\t\t\t<a data-elementor-open-lightbox=\"yes\" data-elementor-lightbox-slideshow=\"de0c4e3\" data-elementor-lightbox-title=\"img16-1.webp\" data-e-action-hash=\"#elementor-action%3Aaction%3Dlightbox%26settings%3DeyJpZCI6MzA0MDEsInVybCI6Imh0dHBzOlwvXC9mbGFtZW5jb2dyYW5hZGEuY29tXC93cC1jb250ZW50XC91cGxvYWRzXC8yMDI0XC8wN1wvaW1nMTYtMS0xLndlYnAiLCJzbGlkZXNob3ciOiJkZTBjNGUzIn0%3D\" href='https:\/\/flamencogranada.com\/wp-content\/uploads\/2024\/07\/img16-1-1.webp'><img loading=\"lazy\" decoding=\"async\" width=\"355\" height=\"310\" src=\"https:\/\/flamencogranada.com\/wp-content\/uploads\/2024\/07\/img16-1-1.webp\" class=\"attachment-full size-full\" alt=\"\" srcset=\"https:\/\/flamencogranada.com\/wp-content\/uploads\/2024\/07\/img16-1-1.webp 355w, https:\/\/flamencogranada.com\/wp-content\/uploads\/2024\/07\/img16-1-1-300x262.webp 300w\" sizes=\"(max-width: 355px) 100vw, 355px\" \/><\/a>\n\t\t\t<\/div><\/figure><figure class='gallery-item'>\n\t\t\t<div class='gallery-icon landscape'>\n\t\t\t\t<a data-elementor-open-lightbox=\"yes\" data-elementor-lightbox-slideshow=\"de0c4e3\" data-elementor-lightbox-title=\"img7-1.webp\" data-e-action-hash=\"#elementor-action%3Aaction%3Dlightbox%26settings%3DeyJpZCI6MzAzODEsInVybCI6Imh0dHBzOlwvXC9mbGFtZW5jb2dyYW5hZGEuY29tXC93cC1jb250ZW50XC91cGxvYWRzXC8yMDI0XC8wN1wvaW1nNy0xLTEud2VicCIsInNsaWRlc2hvdyI6ImRlMGM0ZTMifQ%3D%3D\" href='https:\/\/flamencogranada.com\/wp-content\/uploads\/2024\/07\/img7-1-1.webp'><img loading=\"lazy\" decoding=\"async\" width=\"355\" height=\"310\" src=\"https:\/\/flamencogranada.com\/wp-content\/uploads\/2024\/07\/img7-1-1.webp\" class=\"attachment-full size-full\" alt=\"\" srcset=\"https:\/\/flamencogranada.com\/wp-content\/uploads\/2024\/07\/img7-1-1.webp 355w, https:\/\/flamencogranada.com\/wp-content\/uploads\/2024\/07\/img7-1-1-300x262.webp 300w\" sizes=\"(max-width: 355px) 100vw, 355px\" \/><\/a>\n\t\t\t<\/div><\/figure><figure class='gallery-item'>\n\t\t\t<div class='gallery-icon landscape'>\n\t\t\t\t<a data-elementor-open-lightbox=\"yes\" data-elementor-lightbox-slideshow=\"de0c4e3\" data-elementor-lightbox-title=\"jardin_28-1-1.jpg\" data-e-action-hash=\"#elementor-action%3Aaction%3Dlightbox%26settings%3DeyJpZCI6MzA1MTEsInVybCI6Imh0dHBzOlwvXC9mbGFtZW5jb2dyYW5hZGEuY29tXC93cC1jb250ZW50XC91cGxvYWRzXC8yMDI0XC8wN1wvamFyZGluXzI4LTEtMS0xLmpwZyIsInNsaWRlc2hvdyI6ImRlMGM0ZTMifQ%3D%3D\" data-elementor-lightbox-description=\"Giardino esterno\" href='https:\/\/flamencogranada.com\/wp-content\/uploads\/2024\/07\/jardin_28-1-1-1.jpg'><img loading=\"lazy\" decoding=\"async\" width=\"2400\" height=\"1600\" src=\"https:\/\/flamencogranada.com\/wp-content\/uploads\/2024\/07\/jardin_28-1-1-1.jpg\" class=\"attachment-full size-full\" alt=\"Giardino esterno\" srcset=\"https:\/\/flamencogranada.com\/wp-content\/uploads\/2024\/07\/jardin_28-1-1-1.jpg 2400w, https:\/\/flamencogranada.com\/wp-content\/uploads\/2024\/07\/jardin_28-1-1-1-300x200.jpg 300w, https:\/\/flamencogranada.com\/wp-content\/uploads\/2024\/07\/jardin_28-1-1-1-1024x683.jpg 1024w, https:\/\/flamencogranada.com\/wp-content\/uploads\/2024\/07\/jardin_28-1-1-1-768x512.jpg 768w, https:\/\/flamencogranada.com\/wp-content\/uploads\/2024\/07\/jardin_28-1-1-1-1536x1024.jpg 1536w, https:\/\/flamencogranada.com\/wp-content\/uploads\/2024\/07\/jardin_28-1-1-1-2048x1365.jpg 2048w\" sizes=\"(max-width: 2400px) 100vw, 2400px\" \/><\/a>\n\t\t\t<\/div><\/figure><figure class='gallery-item'>\n\t\t\t<div class='gallery-icon landscape'>\n\t\t\t\t<a data-elementor-open-lightbox=\"yes\" data-elementor-lightbox-slideshow=\"de0c4e3\" data-elementor-lightbox-title=\"img6-1.webp\" data-e-action-hash=\"#elementor-action%3Aaction%3Dlightbox%26settings%3DeyJpZCI6MzAzNzYsInVybCI6Imh0dHBzOlwvXC9mbGFtZW5jb2dyYW5hZGEuY29tXC93cC1jb250ZW50XC91cGxvYWRzXC8yMDI0XC8wN1wvaW1nNi0xLTEud2VicCIsInNsaWRlc2hvdyI6ImRlMGM0ZTMifQ%3D%3D\" data-elementor-lightbox-description=\"Giardino esterno\" href='https:\/\/flamencogranada.com\/wp-content\/uploads\/2024\/07\/img6-1-1.webp'><img loading=\"lazy\" decoding=\"async\" width=\"356\" height=\"310\" src=\"https:\/\/flamencogranada.com\/wp-content\/uploads\/2024\/07\/img6-1-1.webp\" class=\"attachment-full size-full\" alt=\"\" srcset=\"https:\/\/flamencogranada.com\/wp-content\/uploads\/2024\/07\/img6-1-1.webp 356w, https:\/\/flamencogranada.com\/wp-content\/uploads\/2024\/07\/img6-1-1-300x261.webp 300w\" sizes=\"(max-width: 356px) 100vw, 356px\" \/><\/a>\n\t\t\t<\/div><\/figure><figure class='gallery-item'>\n\t\t\t<div class='gallery-icon landscape'>\n\t\t\t\t<a data-elementor-open-lightbox=\"yes\" data-elementor-lightbox-slideshow=\"de0c4e3\" data-elementor-lightbox-title=\"jardines-zoraya-5djk3241-grande-1.webp\" data-e-action-hash=\"#elementor-action%3Aaction%3Dlightbox%26settings%3DeyJpZCI6MzA0MjYsInVybCI6Imh0dHBzOlwvXC9mbGFtZW5jb2dyYW5hZGEuY29tXC93cC1jb250ZW50XC91cGxvYWRzXC8yMDI0XC8wN1wvamFyZGluZXMtem9yYXlhLTVkamszMjQxLWdyYW5kZS0xLTEud2VicCIsInNsaWRlc2hvdyI6ImRlMGM0ZTMifQ%3D%3D\" data-elementor-lightbox-description=\"Giardino esterno\" href='https:\/\/flamencogranada.com\/wp-content\/uploads\/2024\/07\/jardines-zoraya-5djk3241-grande-1-1.webp'><img loading=\"lazy\" decoding=\"async\" width=\"1620\" height=\"1080\" src=\"https:\/\/flamencogranada.com\/wp-content\/uploads\/2024\/07\/jardines-zoraya-5djk3241-grande-1-1.webp\" class=\"attachment-full size-full\" alt=\"\" srcset=\"https:\/\/flamencogranada.com\/wp-content\/uploads\/2024\/07\/jardines-zoraya-5djk3241-grande-1-1.webp 1620w, https:\/\/flamencogranada.com\/wp-content\/uploads\/2024\/07\/jardines-zoraya-5djk3241-grande-1-1-300x200.webp 300w, https:\/\/flamencogranada.com\/wp-content\/uploads\/2024\/07\/jardines-zoraya-5djk3241-grande-1-1-1024x683.webp 1024w, https:\/\/flamencogranada.com\/wp-content\/uploads\/2024\/07\/jardines-zoraya-5djk3241-grande-1-1-768x512.webp 768w, https:\/\/flamencogranada.com\/wp-content\/uploads\/2024\/07\/jardines-zoraya-5djk3241-grande-1-1-1536x1024.webp 1536w\" sizes=\"(max-width: 1620px) 100vw, 1620px\" \/><\/a>\n\t\t\t<\/div><\/figure><figure class='gallery-item'>\n\t\t\t<div class='gallery-icon landscape'>\n\t\t\t\t<a data-elementor-open-lightbox=\"yes\" data-elementor-lightbox-slideshow=\"de0c4e3\" data-elementor-lightbox-title=\"jardin_50-1.jpg\" data-e-action-hash=\"#elementor-action%3Aaction%3Dlightbox%26settings%3DeyJpZCI6MzA1NTEsInVybCI6Imh0dHBzOlwvXC9mbGFtZW5jb2dyYW5hZGEuY29tXC93cC1jb250ZW50XC91cGxvYWRzXC8yMDI0XC8wN1wvamFyZGluXzUwLTEtMS5qcGciLCJzbGlkZXNob3ciOiJkZTBjNGUzIn0%3D\" data-elementor-lightbox-description=\"Giardino esterno\" href='https:\/\/flamencogranada.com\/wp-content\/uploads\/2024\/07\/jardin_50-1-1.jpg'><img loading=\"lazy\" decoding=\"async\" width=\"2400\" height=\"1600\" src=\"https:\/\/flamencogranada.com\/wp-content\/uploads\/2024\/07\/jardin_50-1-1.jpg\" class=\"attachment-full size-full\" alt=\"\" srcset=\"https:\/\/flamencogranada.com\/wp-content\/uploads\/2024\/07\/jardin_50-1-1.jpg 2400w, https:\/\/flamencogranada.com\/wp-content\/uploads\/2024\/07\/jardin_50-1-1-300x200.jpg 300w, https:\/\/flamencogranada.com\/wp-content\/uploads\/2024\/07\/jardin_50-1-1-1024x683.jpg 1024w, https:\/\/flamencogranada.com\/wp-content\/uploads\/2024\/07\/jardin_50-1-1-768x512.jpg 768w, https:\/\/flamencogranada.com\/wp-content\/uploads\/2024\/07\/jardin_50-1-1-1536x1024.jpg 1536w, https:\/\/flamencogranada.com\/wp-content\/uploads\/2024\/07\/jardin_50-1-1-2048x1365.jpg 2048w\" sizes=\"(max-width: 2400px) 100vw, 2400px\" \/><\/a>\n\t\t\t<\/div><\/figure><figure class='gallery-item'>\n\t\t\t<div class='gallery-icon landscape'>\n\t\t\t\t<a data-elementor-open-lightbox=\"yes\" data-elementor-lightbox-slideshow=\"de0c4e3\" data-elementor-lightbox-title=\"img5-1.webp\" data-e-action-hash=\"#elementor-action%3Aaction%3Dlightbox%26settings%3DeyJpZCI6MzAzNzEsInVybCI6Imh0dHBzOlwvXC9mbGFtZW5jb2dyYW5hZGEuY29tXC93cC1jb250ZW50XC91cGxvYWRzXC8yMDI0XC8wN1wvaW1nNS0xLTEud2VicCIsInNsaWRlc2hvdyI6ImRlMGM0ZTMifQ%3D%3D\" data-elementor-lightbox-description=\"Giardino esterno\" href='https:\/\/flamencogranada.com\/wp-content\/uploads\/2024\/07\/img5-1-1.webp'><img loading=\"lazy\" decoding=\"async\" width=\"355\" height=\"310\" src=\"https:\/\/flamencogranada.com\/wp-content\/uploads\/2024\/07\/img5-1-1.webp\" class=\"attachment-full size-full\" alt=\"\" srcset=\"https:\/\/flamencogranada.com\/wp-content\/uploads\/2024\/07\/img5-1-1.webp 355w, https:\/\/flamencogranada.com\/wp-content\/uploads\/2024\/07\/img5-1-1-300x262.webp 300w\" sizes=\"(max-width: 355px) 100vw, 355px\" \/><\/a>\n\t\t\t<\/div><\/figure><figure class='gallery-item'>\n\t\t\t<div class='gallery-icon landscape'>\n\t\t\t\t<a data-elementor-open-lightbox=\"yes\" data-elementor-lightbox-slideshow=\"de0c4e3\" data-elementor-lightbox-title=\"img17-1.webp\" data-e-action-hash=\"#elementor-action%3Aaction%3Dlightbox%26settings%3DeyJpZCI6MzA0MDYsInVybCI6Imh0dHBzOlwvXC9mbGFtZW5jb2dyYW5hZGEuY29tXC93cC1jb250ZW50XC91cGxvYWRzXC8yMDI0XC8wN1wvaW1nMTctMS0xLndlYnAiLCJzbGlkZXNob3ciOiJkZTBjNGUzIn0%3D\" data-elementor-lightbox-description=\"Giardino esterno\" href='https:\/\/flamencogranada.com\/wp-content\/uploads\/2024\/07\/img17-1-1.webp'><img loading=\"lazy\" decoding=\"async\" width=\"355\" height=\"311\" src=\"https:\/\/flamencogranada.com\/wp-content\/uploads\/2024\/07\/img17-1-1.webp\" class=\"attachment-full size-full\" alt=\"\" srcset=\"https:\/\/flamencogranada.com\/wp-content\/uploads\/2024\/07\/img17-1-1.webp 355w, https:\/\/flamencogranada.com\/wp-content\/uploads\/2024\/07\/img17-1-1-300x263.webp 300w\" sizes=\"(max-width: 355px) 100vw, 355px\" \/><\/a>\n\t\t\t<\/div><\/figure><figure class='gallery-item'>\n\t\t\t<div class='gallery-icon landscape'>\n\t\t\t\t<a data-elementor-open-lightbox=\"yes\" data-elementor-lightbox-slideshow=\"de0c4e3\" data-elementor-lightbox-title=\"jardin_7-1-1.jpg\" data-e-action-hash=\"#elementor-action%3Aaction%3Dlightbox%26settings%3DeyJpZCI6MzA0NDYsInVybCI6Imh0dHBzOlwvXC9mbGFtZW5jb2dyYW5hZGEuY29tXC93cC1jb250ZW50XC91cGxvYWRzXC8yMDI0XC8wN1wvamFyZGluXzctMS0xLTEuanBnIiwic2xpZGVzaG93IjoiZGUwYzRlMyJ9\" data-elementor-lightbox-description=\"Giardino esterno\" href='https:\/\/flamencogranada.com\/wp-content\/uploads\/2024\/07\/jardin_7-1-1-1.jpg'><img loading=\"lazy\" decoding=\"async\" width=\"2400\" height=\"1600\" src=\"https:\/\/flamencogranada.com\/wp-content\/uploads\/2024\/07\/jardin_7-1-1-1.jpg\" class=\"attachment-full size-full\" alt=\"\" srcset=\"https:\/\/flamencogranada.com\/wp-content\/uploads\/2024\/07\/jardin_7-1-1-1.jpg 2400w, https:\/\/flamencogranada.com\/wp-content\/uploads\/2024\/07\/jardin_7-1-1-1-300x200.jpg 300w, https:\/\/flamencogranada.com\/wp-content\/uploads\/2024\/07\/jardin_7-1-1-1-1024x683.jpg 1024w, https:\/\/flamencogranada.com\/wp-content\/uploads\/2024\/07\/jardin_7-1-1-1-768x512.jpg 768w, https:\/\/flamencogranada.com\/wp-content\/uploads\/2024\/07\/jardin_7-1-1-1-1536x1024.jpg 1536w, https:\/\/flamencogranada.com\/wp-content\/uploads\/2024\/07\/jardin_7-1-1-1-2048x1365.jpg 2048w\" sizes=\"(max-width: 2400px) 100vw, 2400px\" \/><\/a>\n\t\t\t<\/div><\/figure><figure class='gallery-item'>\n\t\t\t<div class='gallery-icon landscape'>\n\t\t\t\t<a data-elementor-open-lightbox=\"yes\" data-elementor-lightbox-slideshow=\"de0c4e3\" data-elementor-lightbox-title=\"jardin_25-1-1.jpg\" data-e-action-hash=\"#elementor-action%3Aaction%3Dlightbox%26settings%3DeyJpZCI6MzA0NTEsInVybCI6Imh0dHBzOlwvXC9mbGFtZW5jb2dyYW5hZGEuY29tXC93cC1jb250ZW50XC91cGxvYWRzXC8yMDI0XC8wN1wvamFyZGluXzI1LTEtMS0xLmpwZyIsInNsaWRlc2hvdyI6ImRlMGM0ZTMifQ%3D%3D\" data-elementor-lightbox-description=\"Giardino esterno\" href='https:\/\/flamencogranada.com\/wp-content\/uploads\/2024\/07\/jardin_25-1-1-1.jpg'><img loading=\"lazy\" decoding=\"async\" width=\"2400\" height=\"1600\" src=\"https:\/\/flamencogranada.com\/wp-content\/uploads\/2024\/07\/jardin_25-1-1-1.jpg\" class=\"attachment-full size-full\" alt=\"\" srcset=\"https:\/\/flamencogranada.com\/wp-content\/uploads\/2024\/07\/jardin_25-1-1-1.jpg 2400w, https:\/\/flamencogranada.com\/wp-content\/uploads\/2024\/07\/jardin_25-1-1-1-300x200.jpg 300w, https:\/\/flamencogranada.com\/wp-content\/uploads\/2024\/07\/jardin_25-1-1-1-1024x683.jpg 1024w, https:\/\/flamencogranada.com\/wp-content\/uploads\/2024\/07\/jardin_25-1-1-1-768x512.jpg 768w, https:\/\/flamencogranada.com\/wp-content\/uploads\/2024\/07\/jardin_25-1-1-1-1536x1024.jpg 1536w, https:\/\/flamencogranada.com\/wp-content\/uploads\/2024\/07\/jardin_25-1-1-1-2048x1365.jpg 2048w\" sizes=\"(max-width: 2400px) 100vw, 2400px\" \/><\/a>\n\t\t\t<\/div><\/figure><figure class='gallery-item'>\n\t\t\t<div class='gallery-icon landscape'>\n\t\t\t\t<a data-elementor-open-lightbox=\"yes\" data-elementor-lightbox-slideshow=\"de0c4e3\" data-elementor-lightbox-title=\"img19-1.webp\" data-e-action-hash=\"#elementor-action%3Aaction%3Dlightbox%26settings%3DeyJpZCI6MzA0MTYsInVybCI6Imh0dHBzOlwvXC9mbGFtZW5jb2dyYW5hZGEuY29tXC93cC1jb250ZW50XC91cGxvYWRzXC8yMDI0XC8wN1wvaW1nMTktMS0xLndlYnAiLCJzbGlkZXNob3ciOiJkZTBjNGUzIn0%3D\" data-elementor-lightbox-description=\"Giardino esterno\" href='https:\/\/flamencogranada.com\/wp-content\/uploads\/2024\/07\/img19-1-1.webp'><img loading=\"lazy\" decoding=\"async\" width=\"355\" height=\"311\" src=\"https:\/\/flamencogranada.com\/wp-content\/uploads\/2024\/07\/img19-1-1.webp\" class=\"attachment-full size-full\" alt=\"\" srcset=\"https:\/\/flamencogranada.com\/wp-content\/uploads\/2024\/07\/img19-1-1.webp 355w, https:\/\/flamencogranada.com\/wp-content\/uploads\/2024\/07\/img19-1-1-300x263.webp 300w\" sizes=\"(max-width: 355px) 100vw, 355px\" \/><\/a>\n\t\t\t<\/div><\/figure><figure class='gallery-item'>\n\t\t\t<div class='gallery-icon landscape'>\n\t\t\t\t<a data-elementor-open-lightbox=\"yes\" data-elementor-lightbox-slideshow=\"de0c4e3\" data-elementor-lightbox-title=\"jardin_4-1-1.jpg\" data-e-action-hash=\"#elementor-action%3Aaction%3Dlightbox%26settings%3DeyJpZCI6MzA0NzEsInVybCI6Imh0dHBzOlwvXC9mbGFtZW5jb2dyYW5hZGEuY29tXC93cC1jb250ZW50XC91cGxvYWRzXC8yMDI0XC8wN1wvamFyZGluXzQtMS0xLTEuanBnIiwic2xpZGVzaG93IjoiZGUwYzRlMyJ9\" data-elementor-lightbox-description=\"Giardino esterno\" href='https:\/\/flamencogranada.com\/wp-content\/uploads\/2024\/07\/jardin_4-1-1-1.jpg'><img loading=\"lazy\" decoding=\"async\" width=\"2400\" height=\"1600\" src=\"https:\/\/flamencogranada.com\/wp-content\/uploads\/2024\/07\/jardin_4-1-1-1.jpg\" class=\"attachment-full size-full\" alt=\"\" srcset=\"https:\/\/flamencogranada.com\/wp-content\/uploads\/2024\/07\/jardin_4-1-1-1.jpg 2400w, https:\/\/flamencogranada.com\/wp-content\/uploads\/2024\/07\/jardin_4-1-1-1-300x200.jpg 300w, https:\/\/flamencogranada.com\/wp-content\/uploads\/2024\/07\/jardin_4-1-1-1-1024x683.jpg 1024w, https:\/\/flamencogranada.com\/wp-content\/uploads\/2024\/07\/jardin_4-1-1-1-768x512.jpg 768w, https:\/\/flamencogranada.com\/wp-content\/uploads\/2024\/07\/jardin_4-1-1-1-1536x1024.jpg 1536w, https:\/\/flamencogranada.com\/wp-content\/uploads\/2024\/07\/jardin_4-1-1-1-2048x1365.jpg 2048w\" sizes=\"(max-width: 2400px) 100vw, 2400px\" \/><\/a>\n\t\t\t<\/div><\/figure><figure class='gallery-item'>\n\t\t\t<div class='gallery-icon landscape'>\n\t\t\t\t<a data-elementor-open-lightbox=\"yes\" data-elementor-lightbox-slideshow=\"de0c4e3\" data-elementor-lightbox-title=\"img9-1.webp\" data-e-action-hash=\"#elementor-action%3Aaction%3Dlightbox%26settings%3DeyJpZCI6MzAzODYsInVybCI6Imh0dHBzOlwvXC9mbGFtZW5jb2dyYW5hZGEuY29tXC93cC1jb250ZW50XC91cGxvYWRzXC8yMDI0XC8wN1wvaW1nOS0xLTEud2VicCIsInNsaWRlc2hvdyI6ImRlMGM0ZTMifQ%3D%3D\" data-elementor-lightbox-description=\"Giardino esterno\" href='https:\/\/flamencogranada.com\/wp-content\/uploads\/2024\/07\/img9-1-1.webp'><img loading=\"lazy\" decoding=\"async\" width=\"356\" height=\"311\" src=\"https:\/\/flamencogranada.com\/wp-content\/uploads\/2024\/07\/img9-1-1.webp\" class=\"attachment-full size-full\" alt=\"\" srcset=\"https:\/\/flamencogranada.com\/wp-content\/uploads\/2024\/07\/img9-1-1.webp 356w, https:\/\/flamencogranada.com\/wp-content\/uploads\/2024\/07\/img9-1-1-300x262.webp 300w\" sizes=\"(max-width: 356px) 100vw, 356px\" \/><\/a>\n\t\t\t<\/div><\/figure><figure class='gallery-item'>\n\t\t\t<div class='gallery-icon landscape'>\n\t\t\t\t<a data-elementor-open-lightbox=\"yes\" data-elementor-lightbox-slideshow=\"de0c4e3\" data-elementor-lightbox-title=\"jardin_45-1-1.jpg\" data-e-action-hash=\"#elementor-action%3Aaction%3Dlightbox%26settings%3DeyJpZCI6MzA1MjEsInVybCI6Imh0dHBzOlwvXC9mbGFtZW5jb2dyYW5hZGEuY29tXC93cC1jb250ZW50XC91cGxvYWRzXC8yMDI0XC8wN1wvamFyZGluXzQ1LTEtMS0xLmpwZyIsInNsaWRlc2hvdyI6ImRlMGM0ZTMifQ%3D%3D\" data-elementor-lightbox-description=\"Giardino esterno\" href='https:\/\/flamencogranada.com\/wp-content\/uploads\/2024\/07\/jardin_45-1-1-1.jpg'><img loading=\"lazy\" decoding=\"async\" width=\"2400\" height=\"1600\" src=\"https:\/\/flamencogranada.com\/wp-content\/uploads\/2024\/07\/jardin_45-1-1-1.jpg\" class=\"attachment-full size-full\" alt=\"\" srcset=\"https:\/\/flamencogranada.com\/wp-content\/uploads\/2024\/07\/jardin_45-1-1-1.jpg 2400w, https:\/\/flamencogranada.com\/wp-content\/uploads\/2024\/07\/jardin_45-1-1-1-300x200.jpg 300w, https:\/\/flamencogranada.com\/wp-content\/uploads\/2024\/07\/jardin_45-1-1-1-1024x683.jpg 1024w, https:\/\/flamencogranada.com\/wp-content\/uploads\/2024\/07\/jardin_45-1-1-1-768x512.jpg 768w, https:\/\/flamencogranada.com\/wp-content\/uploads\/2024\/07\/jardin_45-1-1-1-1536x1024.jpg 1536w, https:\/\/flamencogranada.com\/wp-content\/uploads\/2024\/07\/jardin_45-1-1-1-2048x1365.jpg 2048w\" sizes=\"(max-width: 2400px) 100vw, 2400px\" \/><\/a>\n\t\t\t<\/div><\/figure><figure class='gallery-item'>\n\t\t\t<div class='gallery-icon landscape'>\n\t\t\t\t<a data-elementor-open-lightbox=\"yes\" data-elementor-lightbox-slideshow=\"de0c4e3\" data-elementor-lightbox-title=\"jardin_1-1-1.jpg\" data-e-action-hash=\"#elementor-action%3Aaction%3Dlightbox%26settings%3DeyJpZCI6MzA0NjEsInVybCI6Imh0dHBzOlwvXC9mbGFtZW5jb2dyYW5hZGEuY29tXC93cC1jb250ZW50XC91cGxvYWRzXC8yMDI0XC8wN1wvamFyZGluXzEtMS0xLTEuanBnIiwic2xpZGVzaG93IjoiZGUwYzRlMyJ9\" data-elementor-lightbox-description=\"Giardino esterno\" href='https:\/\/flamencogranada.com\/wp-content\/uploads\/2024\/07\/jardin_1-1-1-1.jpg'><img loading=\"lazy\" decoding=\"async\" width=\"2400\" height=\"1600\" src=\"https:\/\/flamencogranada.com\/wp-content\/uploads\/2024\/07\/jardin_1-1-1-1.jpg\" class=\"attachment-full size-full\" alt=\"\" srcset=\"https:\/\/flamencogranada.com\/wp-content\/uploads\/2024\/07\/jardin_1-1-1-1.jpg 2400w, https:\/\/flamencogranada.com\/wp-content\/uploads\/2024\/07\/jardin_1-1-1-1-300x200.jpg 300w, https:\/\/flamencogranada.com\/wp-content\/uploads\/2024\/07\/jardin_1-1-1-1-1024x683.jpg 1024w, https:\/\/flamencogranada.com\/wp-content\/uploads\/2024\/07\/jardin_1-1-1-1-768x512.jpg 768w, https:\/\/flamencogranada.com\/wp-content\/uploads\/2024\/07\/jardin_1-1-1-1-1536x1024.jpg 1536w, https:\/\/flamencogranada.com\/wp-content\/uploads\/2024\/07\/jardin_1-1-1-1-2048x1365.jpg 2048w\" sizes=\"(max-width: 2400px) 100vw, 2400px\" \/><\/a>\n\t\t\t<\/div><\/figure><figure class='gallery-item'>\n\t\t\t<div class='gallery-icon landscape'>\n\t\t\t\t<a data-elementor-open-lightbox=\"yes\" data-elementor-lightbox-slideshow=\"de0c4e3\" data-elementor-lightbox-title=\"Jardines-Zoraya5DJK4862-Grande-1-1.webp\" data-e-action-hash=\"#elementor-action%3Aaction%3Dlightbox%26settings%3DeyJpZCI6MzA0ODEsInVybCI6Imh0dHBzOlwvXC9mbGFtZW5jb2dyYW5hZGEuY29tXC93cC1jb250ZW50XC91cGxvYWRzXC8yMDI0XC8wN1wvSmFyZGluZXMtWm9yYXlhNURKSzQ4NjItR3JhbmRlLTEtMS0xLndlYnAiLCJzbGlkZXNob3ciOiJkZTBjNGUzIn0%3D\" data-elementor-lightbox-description=\"Giardino esterno\" href='https:\/\/flamencogranada.com\/wp-content\/uploads\/2024\/07\/Jardines-Zoraya5DJK4862-Grande-1-1-1.webp'><img loading=\"lazy\" decoding=\"async\" width=\"1080\" height=\"1080\" src=\"https:\/\/flamencogranada.com\/wp-content\/uploads\/2024\/07\/Jardines-Zoraya5DJK4862-Grande-1-1-1.webp\" class=\"attachment-full size-full\" alt=\"\" srcset=\"https:\/\/flamencogranada.com\/wp-content\/uploads\/2024\/07\/Jardines-Zoraya5DJK4862-Grande-1-1-1.webp 1080w, https:\/\/flamencogranada.com\/wp-content\/uploads\/2024\/07\/Jardines-Zoraya5DJK4862-Grande-1-1-1-300x300.webp 300w, https:\/\/flamencogranada.com\/wp-content\/uploads\/2024\/07\/Jardines-Zoraya5DJK4862-Grande-1-1-1-1024x1024.webp 1024w, https:\/\/flamencogranada.com\/wp-content\/uploads\/2024\/07\/Jardines-Zoraya5DJK4862-Grande-1-1-1-150x150.webp 150w, https:\/\/flamencogranada.com\/wp-content\/uploads\/2024\/07\/Jardines-Zoraya5DJK4862-Grande-1-1-1-768x768.webp 768w\" sizes=\"(max-width: 1080px) 100vw, 1080px\" \/><\/a>\n\t\t\t<\/div><\/figure><figure class='gallery-item'>\n\t\t\t<div class='gallery-icon landscape'>\n\t\t\t\t<a data-elementor-open-lightbox=\"yes\" data-elementor-lightbox-slideshow=\"de0c4e3\" data-elementor-lightbox-title=\"jardines-zoraya-5djk27391-grande-1.webp\" data-e-action-hash=\"#elementor-action%3Aaction%3Dlightbox%26settings%3DeyJpZCI6MzA0MzEsInVybCI6Imh0dHBzOlwvXC9mbGFtZW5jb2dyYW5hZGEuY29tXC93cC1jb250ZW50XC91cGxvYWRzXC8yMDI0XC8wN1wvamFyZGluZXMtem9yYXlhLTVkamsyNzM5MS1ncmFuZGUtMS0xLndlYnAiLCJzbGlkZXNob3ciOiJkZTBjNGUzIn0%3D\" data-elementor-lightbox-description=\"Giardino esterno\" href='https:\/\/flamencogranada.com\/wp-content\/uploads\/2024\/07\/jardines-zoraya-5djk27391-grande-1-1.webp'><img loading=\"lazy\" decoding=\"async\" width=\"1620\" height=\"1080\" src=\"https:\/\/flamencogranada.com\/wp-content\/uploads\/2024\/07\/jardines-zoraya-5djk27391-grande-1-1.webp\" class=\"attachment-full size-full\" alt=\"\" srcset=\"https:\/\/flamencogranada.com\/wp-content\/uploads\/2024\/07\/jardines-zoraya-5djk27391-grande-1-1.webp 1620w, https:\/\/flamencogranada.com\/wp-content\/uploads\/2024\/07\/jardines-zoraya-5djk27391-grande-1-1-300x200.webp 300w, https:\/\/flamencogranada.com\/wp-content\/uploads\/2024\/07\/jardines-zoraya-5djk27391-grande-1-1-1024x683.webp 1024w, https:\/\/flamencogranada.com\/wp-content\/uploads\/2024\/07\/jardines-zoraya-5djk27391-grande-1-1-768x512.webp 768w, https:\/\/flamencogranada.com\/wp-content\/uploads\/2024\/07\/jardines-zoraya-5djk27391-grande-1-1-1536x1024.webp 1536w\" sizes=\"(max-width: 1620px) 100vw, 1620px\" \/><\/a>\n\t\t\t<\/div><\/figure><figure class='gallery-item'>\n\t\t\t<div class='gallery-icon landscape'>\n\t\t\t\t<a data-elementor-open-lightbox=\"yes\" data-elementor-lightbox-slideshow=\"de0c4e3\" data-elementor-lightbox-title=\"img3-1.webp\" data-e-action-hash=\"#elementor-action%3Aaction%3Dlightbox%26settings%3DeyJpZCI6MzAzNjEsInVybCI6Imh0dHBzOlwvXC9mbGFtZW5jb2dyYW5hZGEuY29tXC93cC1jb250ZW50XC91cGxvYWRzXC8yMDI0XC8wN1wvaW1nMy0xLTEud2VicCIsInNsaWRlc2hvdyI6ImRlMGM0ZTMifQ%3D%3D\" data-elementor-lightbox-description=\"Giardino esterno\" href='https:\/\/flamencogranada.com\/wp-content\/uploads\/2024\/07\/img3-1-1.webp'><img loading=\"lazy\" decoding=\"async\" width=\"356\" height=\"311\" src=\"https:\/\/flamencogranada.com\/wp-content\/uploads\/2024\/07\/img3-1-1.webp\" class=\"attachment-full size-full\" alt=\"\" srcset=\"https:\/\/flamencogranada.com\/wp-content\/uploads\/2024\/07\/img3-1-1.webp 356w, https:\/\/flamencogranada.com\/wp-content\/uploads\/2024\/07\/img3-1-1-300x262.webp 300w\" sizes=\"(max-width: 356px) 100vw, 356px\" \/><\/a>\n\t\t\t<\/div><\/figure><figure class='gallery-item'>\n\t\t\t<div class='gallery-icon landscape'>\n\t\t\t\t<a data-elementor-open-lightbox=\"yes\" data-elementor-lightbox-slideshow=\"de0c4e3\" data-elementor-lightbox-title=\"Jardines-Zoraya5DJK4419-Grande-1.webp\" data-e-action-hash=\"#elementor-action%3Aaction%3Dlightbox%26settings%3DeyJpZCI6MzA0MzYsInVybCI6Imh0dHBzOlwvXC9mbGFtZW5jb2dyYW5hZGEuY29tXC93cC1jb250ZW50XC91cGxvYWRzXC8yMDI0XC8wN1wvSmFyZGluZXMtWm9yYXlhNURKSzQ0MTktR3JhbmRlLTEtMS53ZWJwIiwic2xpZGVzaG93IjoiZGUwYzRlMyJ9\" data-elementor-lightbox-description=\"Giardino esterno\" href='https:\/\/flamencogranada.com\/wp-content\/uploads\/2024\/07\/Jardines-Zoraya5DJK4419-Grande-1-1.webp'><img loading=\"lazy\" decoding=\"async\" width=\"1080\" height=\"1080\" src=\"https:\/\/flamencogranada.com\/wp-content\/uploads\/2024\/07\/Jardines-Zoraya5DJK4419-Grande-1-1.webp\" class=\"attachment-full size-full\" alt=\"\" srcset=\"https:\/\/flamencogranada.com\/wp-content\/uploads\/2024\/07\/Jardines-Zoraya5DJK4419-Grande-1-1.webp 1080w, https:\/\/flamencogranada.com\/wp-content\/uploads\/2024\/07\/Jardines-Zoraya5DJK4419-Grande-1-1-300x300.webp 300w, https:\/\/flamencogranada.com\/wp-content\/uploads\/2024\/07\/Jardines-Zoraya5DJK4419-Grande-1-1-1024x1024.webp 1024w, https:\/\/flamencogranada.com\/wp-content\/uploads\/2024\/07\/Jardines-Zoraya5DJK4419-Grande-1-1-150x150.webp 150w, https:\/\/flamencogranada.com\/wp-content\/uploads\/2024\/07\/Jardines-Zoraya5DJK4419-Grande-1-1-768x768.webp 768w\" sizes=\"(max-width: 1080px) 100vw, 1080px\" \/><\/a>\n\t\t\t<\/div><\/figure><figure class='gallery-item'>\n\t\t\t<div class='gallery-icon landscape'>\n\t\t\t\t<a data-elementor-open-lightbox=\"yes\" data-elementor-lightbox-slideshow=\"de0c4e3\" data-elementor-lightbox-title=\"jardin_41-1.jpg\" data-e-action-hash=\"#elementor-action%3Aaction%3Dlightbox%26settings%3DeyJpZCI6MzA1MzYsInVybCI6Imh0dHBzOlwvXC9mbGFtZW5jb2dyYW5hZGEuY29tXC93cC1jb250ZW50XC91cGxvYWRzXC8yMDI0XC8wN1wvamFyZGluXzQxLTEtMS5qcGciLCJzbGlkZXNob3ciOiJkZTBjNGUzIn0%3D\" data-elementor-lightbox-description=\"Giardino esterno\" href='https:\/\/flamencogranada.com\/wp-content\/uploads\/2024\/07\/jardin_41-1-1.jpg'><img loading=\"lazy\" decoding=\"async\" width=\"2400\" height=\"1600\" src=\"https:\/\/flamencogranada.com\/wp-content\/uploads\/2024\/07\/jardin_41-1-1.jpg\" class=\"attachment-full size-full\" alt=\"\" srcset=\"https:\/\/flamencogranada.com\/wp-content\/uploads\/2024\/07\/jardin_41-1-1.jpg 2400w, https:\/\/flamencogranada.com\/wp-content\/uploads\/2024\/07\/jardin_41-1-1-300x200.jpg 300w, https:\/\/flamencogranada.com\/wp-content\/uploads\/2024\/07\/jardin_41-1-1-1024x683.jpg 1024w, https:\/\/flamencogranada.com\/wp-content\/uploads\/2024\/07\/jardin_41-1-1-768x512.jpg 768w, https:\/\/flamencogranada.com\/wp-content\/uploads\/2024\/07\/jardin_41-1-1-1536x1024.jpg 1536w, https:\/\/flamencogranada.com\/wp-content\/uploads\/2024\/07\/jardin_41-1-1-2048x1365.jpg 2048w\" sizes=\"(max-width: 2400px) 100vw, 2400px\" \/><\/a>\n\t\t\t<\/div><\/figure><figure class='gallery-item'>\n\t\t\t<div class='gallery-icon landscape'>\n\t\t\t\t<a data-elementor-open-lightbox=\"yes\" data-elementor-lightbox-slideshow=\"de0c4e3\" data-elementor-lightbox-title=\"img4-1.webp\" data-e-action-hash=\"#elementor-action%3Aaction%3Dlightbox%26settings%3DeyJpZCI6MzAzNjYsInVybCI6Imh0dHBzOlwvXC9mbGFtZW5jb2dyYW5hZGEuY29tXC93cC1jb250ZW50XC91cGxvYWRzXC8yMDI0XC8wN1wvaW1nNC0xLTEud2VicCIsInNsaWRlc2hvdyI6ImRlMGM0ZTMifQ%3D%3D\" data-elementor-lightbox-description=\"Giardino esterno\" href='https:\/\/flamencogranada.com\/wp-content\/uploads\/2024\/07\/img4-1-1.webp'><img loading=\"lazy\" decoding=\"async\" width=\"355\" height=\"311\" src=\"https:\/\/flamencogranada.com\/wp-content\/uploads\/2024\/07\/img4-1-1.webp\" class=\"attachment-full size-full\" alt=\"\" srcset=\"https:\/\/flamencogranada.com\/wp-content\/uploads\/2024\/07\/img4-1-1.webp 355w, https:\/\/flamencogranada.com\/wp-content\/uploads\/2024\/07\/img4-1-1-300x263.webp 300w\" sizes=\"(max-width: 355px) 100vw, 355px\" \/><\/a>\n\t\t\t<\/div><\/figure>\n\t\t<\/div>\n\t\t<\/div>\n\t\t\t\t\t\t<\/div>\n\t\t\t\t<\/div>\n\t\t\t\t\t<\/div>\n\t\t\t\t<\/div>\n\t\t\t\t<\/div>\n\t\t","protected":false},"excerpt":{"rendered":"<p>GALERIE DER IMAGES Ein Bild sagt mehr als tausend Worte Die Atmosph\u00e4re, die jeden Abend im Jardines de Zoraya entsteht, ist einzigartig und unbeschreiblich. Nur diejenigen, die das Gl\u00fcck haben, es erlebt zu haben, k\u00f6nnen verstehen, was wir ausdr\u00fccken wollen. Eine Lounge im Innenbereich, eine Bar f\u00fcr Tapas und ein gro\u00dfer Garten im Freien hinter [&hellip;]<\/p>\n","protected":false},"author":8,"featured_media":0,"parent":0,"menu_order":0,"comment_status":"closed","ping_status":"closed","template":"","meta":{"_acf_changed":false,"footnotes":""},"class_list":["post-28164","page","type-page","status-publish","hentry"],"acf":[],"yoast_head":"<!-- This site is optimized with the Yoast SEO plugin v27.4 - https:\/\/yoast.com\/product\/yoast-seo-wordpress\/ -->\n<title>Fotogalerie | Jardines de Zoraya<\/title>\n<meta name=\"description\" content=\"Genie\u00dfen Sie alle Bilder unserer Live-Flamenco-Shows. Erleben Sie den Flamenco mit diesen Bildern. Alle Informationen, die Sie brauchen, finden Sie hier!\" \/>\n<meta name=\"robots\" content=\"index, follow, max-snippet:-1, max-image-preview:large, max-video-preview:-1\" \/>\n<link rel=\"canonical\" href=\"https:\/\/flamencogranada.com\/de\/fotogalerie\/\" \/>\n<meta property=\"og:locale\" content=\"de_DE\" \/>\n<meta property=\"og:type\" content=\"article\" \/>\n<meta property=\"og:title\" content=\"Fotogalerie | Jardines de Zoraya\" \/>\n<meta property=\"og:description\" content=\"Genie\u00dfen Sie alle Bilder unserer Live-Flamenco-Shows. Erleben Sie den Flamenco mit diesen Bildern. Alle Informationen, die Sie brauchen, finden Sie hier!\" \/>\n<meta property=\"og:url\" content=\"https:\/\/flamencogranada.com\/de\/fotogalerie\/\" \/>\n<meta property=\"og:site_name\" content=\"Jardines de Zoraya\" \/>\n<meta property=\"article:publisher\" content=\"https:\/\/www.facebook.com\/RestauranteFlamencoGranada\/\" \/>\n<meta property=\"article:modified_time\" content=\"2024-07-12T11:36:26+00:00\" \/>\n<meta property=\"og:image\" content=\"https:\/\/flamencogranada.com\/wp-content\/uploads\/2024\/07\/jardin_28-1-1-1.jpg\" \/>\n<meta name=\"twitter:card\" content=\"summary_large_image\" \/>\n<meta name=\"twitter:label1\" content=\"Gesch\u00e4tzte Lesezeit\" \/>\n\t<meta name=\"twitter:data1\" content=\"7 Minuten\" \/>\n<!-- \/ Yoast SEO plugin. -->","yoast_head_json":{"title":"Fotogalerie | Jardines de Zoraya","description":"Genie\u00dfen Sie alle Bilder unserer Live-Flamenco-Shows. Erleben Sie den Flamenco mit diesen Bildern. Alle Informationen, die Sie brauchen, finden Sie hier!","robots":{"index":"index","follow":"follow","max-snippet":"max-snippet:-1","max-image-preview":"max-image-preview:large","max-video-preview":"max-video-preview:-1"},"canonical":"https:\/\/flamencogranada.com\/de\/fotogalerie\/","og_locale":"de_DE","og_type":"article","og_title":"Fotogalerie | Jardines de Zoraya","og_description":"Genie\u00dfen Sie alle Bilder unserer Live-Flamenco-Shows. Erleben Sie den Flamenco mit diesen Bildern. Alle Informationen, die Sie brauchen, finden Sie hier!","og_url":"https:\/\/flamencogranada.com\/de\/fotogalerie\/","og_site_name":"Jardines de Zoraya","article_publisher":"https:\/\/www.facebook.com\/RestauranteFlamencoGranada\/","article_modified_time":"2024-07-12T11:36:26+00:00","og_image":[{"url":"https:\/\/flamencogranada.com\/wp-content\/uploads\/2024\/07\/jardin_28-1-1-1.jpg","type":"","width":"","height":""}],"twitter_card":"summary_large_image","twitter_misc":{"Gesch\u00e4tzte Lesezeit":"7 Minuten"},"schema":{"@context":"https:\/\/schema.org","@graph":[{"@type":"WebPage","@id":"https:\/\/flamencogranada.com\/de\/fotogalerie\/","url":"https:\/\/flamencogranada.com\/de\/fotogalerie\/","name":"Fotogalerie | Jardines de Zoraya","isPartOf":{"@id":"https:\/\/flamencogranada.com\/de\/#website"},"primaryImageOfPage":{"@id":"https:\/\/flamencogranada.com\/de\/fotogalerie\/#primaryimage"},"image":{"@id":"https:\/\/flamencogranada.com\/de\/fotogalerie\/#primaryimage"},"thumbnailUrl":"https:\/\/flamencogranada.com\/wp-content\/uploads\/2024\/07\/jardin_28-1-1-1.jpg","datePublished":"2024-06-25T13:10:12+00:00","dateModified":"2024-07-12T11:36:26+00:00","description":"Genie\u00dfen Sie alle Bilder unserer Live-Flamenco-Shows. Erleben Sie den Flamenco mit diesen Bildern. Alle Informationen, die Sie brauchen, finden Sie hier!","breadcrumb":{"@id":"https:\/\/flamencogranada.com\/de\/fotogalerie\/#breadcrumb"},"inLanguage":"de","potentialAction":[{"@type":"ReadAction","target":["https:\/\/flamencogranada.com\/de\/fotogalerie\/"]}]},{"@type":"ImageObject","inLanguage":"de","@id":"https:\/\/flamencogranada.com\/de\/fotogalerie\/#primaryimage","url":"https:\/\/flamencogranada.com\/wp-content\/uploads\/2024\/07\/jardin_28-1-1-1.jpg","contentUrl":"https:\/\/flamencogranada.com\/wp-content\/uploads\/2024\/07\/jardin_28-1-1-1.jpg"},{"@type":"BreadcrumbList","@id":"https:\/\/flamencogranada.com\/de\/fotogalerie\/#breadcrumb","itemListElement":[{"@type":"ListItem","position":1,"name":"Startseite","item":"https:\/\/flamencogranada.com\/de\/"},{"@type":"ListItem","position":2,"name":"Fotogalerie"}]},{"@type":"WebSite","@id":"https:\/\/flamencogranada.com\/de\/#website","url":"https:\/\/flamencogranada.com\/de\/","name":"Jardines Zoraya","description":"Aut\u00e9ntico espect\u00e1culo flamenco en Granada para disfrutar del arte y el baile mientras degustas platos andaluces tradicionales en un tablao en el Albaic\u00edn.","publisher":{"@id":"https:\/\/flamencogranada.com\/de\/#organization"},"alternateName":"Flamenco en Granada","potentialAction":[{"@type":"SearchAction","target":{"@type":"EntryPoint","urlTemplate":"https:\/\/flamencogranada.com\/de\/?s={search_term_string}"},"query-input":{"@type":"PropertyValueSpecification","valueRequired":true,"valueName":"search_term_string"}}],"inLanguage":"de"},{"@type":"Organization","@id":"https:\/\/flamencogranada.com\/de\/#organization","name":"Jardines de Zoraya Flamenco Granada","alternateName":"Jardines de Zoraya","url":"https:\/\/flamencogranada.com\/de\/","logo":{"@type":"ImageObject","inLanguage":"de","@id":"https:\/\/flamencogranada.com\/de\/#\/schema\/logo\/image\/","url":"https:\/\/flamencogranada.com\/wp-content\/uploads\/2024\/06\/logo-invertido.png?wsr","contentUrl":"https:\/\/flamencogranada.com\/wp-content\/uploads\/2024\/06\/logo-invertido.png?wsr","width":208,"height":102,"caption":"Jardines de Zoraya Flamenco Granada"},"image":{"@id":"https:\/\/flamencogranada.com\/de\/#\/schema\/logo\/image\/"},"sameAs":["https:\/\/www.facebook.com\/RestauranteFlamencoGranada\/","https:\/\/www.instagram.com\/tablaojardinesdezoraya\/","https:\/\/www.tiktok.com\/@flamencogranada"]}]}},"_links":{"self":[{"href":"https:\/\/flamencogranada.com\/de\/wp-json\/wp\/v2\/pages\/28164","targetHints":{"allow":["GET"]}}],"collection":[{"href":"https:\/\/flamencogranada.com\/de\/wp-json\/wp\/v2\/pages"}],"about":[{"href":"https:\/\/flamencogranada.com\/de\/wp-json\/wp\/v2\/types\/page"}],"author":[{"embeddable":true,"href":"https:\/\/flamencogranada.com\/de\/wp-json\/wp\/v2\/users\/8"}],"replies":[{"embeddable":true,"href":"https:\/\/flamencogranada.com\/de\/wp-json\/wp\/v2\/comments?post=28164"}],"version-history":[{"count":0,"href":"https:\/\/flamencogranada.com\/de\/wp-json\/wp\/v2\/pages\/28164\/revisions"}],"wp:attachment":[{"href":"https:\/\/flamencogranada.com\/de\/wp-json\/wp\/v2\/media?parent=28164"}],"curies":[{"name":"wp","href":"https:\/\/api.w.org\/{rel}","templated":true}]}}